{"id":3190,"date":"2016-07-19T11:16:52","date_gmt":"2016-07-19T11:16:52","guid":{"rendered":"https:\/\/lafloracio.cat\/rutes\/"},"modified":"2026-02-17T10:22:42","modified_gmt":"2026-02-17T09:22:42","slug":"rutes","status":"publish","type":"page","link":"https:\/\/lafloracio.cat\/fr\/rutes\/","title":{"rendered":"Rutes"},"content":{"rendered":"<section class=\"wpb-content-wrapper\"><p>[vc_row css_animation=\u00a0\u00bb\u00a0\u00bb row_type=\u00a0\u00bbrow\u00a0\u00bb use_row_as_full_screen_section=\u00a0\u00bbno\u00a0\u00bb type=\u00a0\u00bbgrid\u00a0\u00bb angled_section=\u00a0\u00bbno\u00a0\u00bb text_align=\u00a0\u00bbcenter\u00a0\u00bb background_image_as_pattern=\u00a0\u00bbwithout_pattern\u00a0\u00bb css=\u00a0\u00bb.vc_custom_1468928392486{padding-top: 100px !important;padding-bottom: 65px !important;}\u00a0\u00bb][vc_column][qode_elements_holder number_of_columns=\u00a0\u00bbtwo_columns\u00a0\u00bb][qode_elements_holder_item vertical_alignment=\u00a0\u00bbmiddle\u00a0\u00bb advanced_animations=\u00a0\u00bbno\u00a0\u00bb item_padding=\u00a0\u00bb0 5%\u00a0\u00bb item_padding_1024_1280=\u00a0\u00bb0 0 0 0&Prime; item_padding_768_1024=\u00a0\u00bb0 0 0 0&Prime; item_padding_600_768=\u00a0\u00bb0 0 60px 0&Prime; item_padding_480_600=\u00a0\u00bb0 0 60px 0&Prime; item_padding_480=\u00a0\u00bb0 0 60px 0&Prime;][vc_column_text]<\/p>\n<h2>Ruta de la flor rosa del presseguer<\/h2>\n<p>[\/vc_column_text][vc_column_text]<\/p>\n<h3><strong>Aitona<\/strong><\/h3>\n<p>[\/vc_column_text][vc_empty_space height=\u00a0\u00bb46px\u00a0\u00bb][vc_column_text]Gaudirem dels \u00a0camps en flor, amb el seu color rosa intens que ens transporta a un indret singular ple de vida. On la bellesa es fa palesa, la bellesa de la natura.[\/vc_column_text][vc_empty_space height=\u00a0\u00bb49px\u00a0\u00bb]<a  itemprop=\"url\" href=\"https:\/\/lafloracio.cat\/aitona\/\" target=\"_self\"  class=\"qbutton  default\" style=\"\">veure ruta<\/a>[\/qode_elements_holder_item][qode_elements_holder_item vertical_alignment=\u00a0\u00bbmiddle\u00a0\u00bb advanced_animations=\u00a0\u00bbno\u00a0\u00bb][vc_empty_space height=\u00a0\u00bb19px\u00a0\u00bb][vc_single_image image=\u00a0\u00bb948&Prime; img_size=\u00a0\u00bbfull\u00a0\u00bb qode_css_animation=\u00a0\u00bb\u00a0\u00bb][vc_empty_space height=\u00a0\u00bb46px\u00a0\u00bb][\/qode_elements_holder_item][\/qode_elements_holder][qode_elements_holder number_of_columns=\u00a0\u00bbtwo_columns\u00a0\u00bb][qode_elements_holder_item vertical_alignment=\u00a0\u00bbmiddle\u00a0\u00bb advanced_animations=\u00a0\u00bbno\u00a0\u00bb item_padding_600_768=\u00a0\u00bb0 0 47px 0&Prime; item_padding_480_600=\u00a0\u00bb0 0 47px 0&Prime; item_padding_480=\u00a0\u00bb0 0 47px 0&Prime;][vc_single_image image=\u00a0\u00bb196&Prime; img_size=\u00a0\u00bbfull\u00a0\u00bb qode_css_animation=\u00a0\u00bb\u00a0\u00bb][\/qode_elements_holder_item][qode_elements_holder_item vertical_alignment=\u00a0\u00bbmiddle\u00a0\u00bb advanced_animations=\u00a0\u00bbno\u00a0\u00bb item_padding=\u00a0\u00bb0 5%\u00a0\u00bb item_padding_1024_1280=\u00a0\u00bb0 0 0 0&Prime; item_padding_768_1024=\u00a0\u00bb0 0 0 0&Prime; item_padding_600_768=\u00a0\u00bb0 0 0 0&Prime; item_padding_480_600=\u00a0\u00bb0 0 0 0&Prime; item_padding_480=\u00a0\u00bb0 0 0 0&Prime;][vc_empty_space height=\u00a0\u00bb25px\u00a0\u00bb][vc_column_text]<\/p>\n<h2>Ruta de la floraci\u00f3 de l&rsquo;Aiguabarreig<\/h2>\n<p>[\/vc_column_text][vc_column_text]<\/p>\n<h3><strong>La Granja d&rsquo;Escarp<\/strong><\/h3>\n<p>[\/vc_column_text][vc_empty_space height=\u00a0\u00bb46px\u00a0\u00bb][vc_column_text]Moltes vistes panor\u00e0miques al Balc\u00f3 del Segre, on es pot obsrvar l\u2019horta i el meandre del riu, i a la Florida, que se situa a la vall florida de Cavero. Ens aproximarem a la Floraci\u00f3 i el seu color entre els cultius i als arbres florits.[\/vc_column_text][vc_empty_space height=\u00a0\u00bb49px\u00a0\u00bb]<a  itemprop=\"url\" href=\"https:\/\/lafloracio.cat\/la-granja-escarp\/\" target=\"_self\"  class=\"qbutton  default\" style=\"\">veure ruta<\/a>[\/qode_elements_holder_item][\/qode_elements_holder][qode_elements_holder number_of_columns=\u00a0\u00bbtwo_columns\u00a0\u00bb][qode_elements_holder_item vertical_alignment=\u00a0\u00bbmiddle\u00a0\u00bb advanced_animations=\u00a0\u00bbno\u00a0\u00bb item_padding=\u00a0\u00bb0%\u00a0\u00bb item_padding_1024_1280=\u00a0\u00bb0 0 0 0&Prime; item_padding_768_1024=\u00a0\u00bb0 0 0 0&Prime; item_padding_600_768=\u00a0\u00bb0 0 60px 0&Prime; item_padding_480_600=\u00a0\u00bb0 0 60px 0&Prime; item_padding_480=\u00a0\u00bb0 0 60px 0&Prime;][vc_column_text]<\/p>\n<h2>Un Pom de Blanc<\/h2>\n<p>[\/vc_column_text][vc_column_text]<\/p>\n<h3><strong>Montoliu de Lleida<\/strong><\/h3>\n<p>[\/vc_column_text][vc_empty_space height=\u00a0\u00bb46px\u00a0\u00bb][vc_column_text]Entre camps de perers en flor, caminant per la vora de canals i s\u00e9quies, veritables camins de l\u2019aigua, que han estat el motor de desenvolupament d\u2019aquest territori.[\/vc_column_text][vc_empty_space height=\u00a0\u00bb49px\u00a0\u00bb]<a  itemprop=\"url\" href=\"https:\/\/lafloracio.cat\/montoliu-de-lleida\/\" target=\"_self\"  class=\"qbutton  default\" style=\"\">veure ruta<\/a>[\/qode_elements_holder_item][qode_elements_holder_item vertical_alignment=\u00a0\u00bbmiddle\u00a0\u00bb advanced_animations=\u00a0\u00bbno\u00a0\u00bb][vc_empty_space height=\u00a0\u00bb19px\u00a0\u00bb][vc_single_image image=\u00a0\u00bb3121&Prime; img_size=\u00a0\u00bbfull\u00a0\u00bb qode_css_animation=\u00a0\u00bb\u00a0\u00bb][\/qode_elements_holder_item][\/qode_elements_holder][qode_elements_holder number_of_columns=\u00a0\u00bbtwo_columns\u00a0\u00bb][qode_elements_holder_item vertical_alignment=\u00a0\u00bbmiddle\u00a0\u00bb advanced_animations=\u00a0\u00bbno\u00a0\u00bb item_padding_600_768=\u00a0\u00bb0 0 47px 0&Prime; item_padding_480_600=\u00a0\u00bb0 0 47px 0&Prime; item_padding_480=\u00a0\u00bb0 0 47px 0&Prime;][vc_single_image image=\u00a0\u00bb950&Prime; img_size=\u00a0\u00bbfull\u00a0\u00bb qode_css_animation=\u00a0\u00bb\u00a0\u00bb][\/qode_elements_holder_item][qode_elements_holder_item vertical_alignment=\u00a0\u00bbmiddle\u00a0\u00bb advanced_animations=\u00a0\u00bbno\u00a0\u00bb item_padding=\u00a0\u00bb0 5%\u00a0\u00bb item_padding_1024_1280=\u00a0\u00bb0 0 0 0&Prime; item_padding_768_1024=\u00a0\u00bb0 0 0 0&Prime; item_padding_600_768=\u00a0\u00bb0 0 0 0&Prime; item_padding_480_600=\u00a0\u00bb0 0 0 0&Prime; item_padding_480=\u00a0\u00bb0 0 0 0&Prime;][vc_empty_space height=\u00a0\u00bb25px\u00a0\u00bb][vc_column_text]<\/p>\n<h2>La flor a Ser\u00f2s<\/h2>\n<p>[\/vc_column_text][vc_column_text]<\/p>\n<h3><strong>Ser\u00f2s<\/strong><\/h3>\n<p>[\/vc_column_text][vc_empty_space height=\u00a0\u00bb46px\u00a0\u00bb][vc_column_text]Al municipi de Ser\u00f2s la Floraci\u00f3 \u00e9s tot un esdeveniment. Un moment ple de vida i color per gaudir d\u2019uns racons especials on els arbres fruiters es vesteixen amb flors que els omplen de color.[\/vc_column_text][vc_empty_space height=\u00a0\u00bb49px\u00a0\u00bb]<a  itemprop=\"url\" href=\"https:\/\/lafloracio.cat\/seros\/\" target=\"_self\"  class=\"qbutton  default\" style=\"\">veure ruta<\/a>[\/qode_elements_holder_item][\/qode_elements_holder][qode_elements_holder number_of_columns=\u00a0\u00bbtwo_columns\u00a0\u00bb][qode_elements_holder_item vertical_alignment=\u00a0\u00bbmiddle\u00a0\u00bb advanced_animations=\u00a0\u00bbno\u00a0\u00bb item_padding=\u00a0\u00bb0 5%\u00a0\u00bb item_padding_1024_1280=\u00a0\u00bb0 0 0 0&Prime; item_padding_768_1024=\u00a0\u00bb0 0 0 0&Prime; item_padding_600_768=\u00a0\u00bb0 0 60px 0&Prime; item_padding_480_600=\u00a0\u00bb0 0 60px 0&Prime; item_padding_480=\u00a0\u00bb0 0 60px 0&Prime;][vc_column_text]<\/p>\n<h2>Soses en flor<\/h2>\n<p>[\/vc_column_text][vc_column_text]<\/p>\n<h3><strong>Soses<\/strong><\/h3>\n<p>[\/vc_column_text][vc_empty_space height=\u00a0\u00bb46px\u00a0\u00bb][vc_column_text]Les vistes panor\u00e0miques dels camps florits de presseguers, de les seves flors i del riu Segre des de l\u2019elevat Puntal de l\u2019<span class=\"hiddenSpellError\">Aubet<\/span>, \u00e9s un veritable espectacle inoblidable per la nostra mem\u00f2ria.[\/vc_column_text][vc_empty_space height=\u00a0\u00bb49px\u00a0\u00bb]<a  itemprop=\"url\" href=\"https:\/\/lafloracio.cat\/soses\/\" target=\"_self\"  class=\"qbutton  default\" style=\"\">veure ruta<\/a>[\/qode_elements_holder_item][qode_elements_holder_item vertical_alignment=\u00a0\u00bbmiddle\u00a0\u00bb advanced_animations=\u00a0\u00bbno\u00a0\u00bb][vc_empty_space height=\u00a0\u00bb19px\u00a0\u00bb][vc_single_image image=\u00a0\u00bb972&Prime; img_size=\u00a0\u00bbfull\u00a0\u00bb qode_css_animation=\u00a0\u00bb\u00a0\u00bb][\/qode_elements_holder_item][\/qode_elements_holder][qode_elements_holder number_of_columns=\u00a0\u00bbtwo_columns\u00a0\u00bb][qode_elements_holder_item vertical_alignment=\u00a0\u00bbmiddle\u00a0\u00bb advanced_animations=\u00a0\u00bbno\u00a0\u00bb item_padding_600_768=\u00a0\u00bb0 0 47px 0&Prime; item_padding_480_600=\u00a0\u00bb0 0 47px 0&Prime; item_padding_480=\u00a0\u00bb0 0 47px 0&Prime;][vc_single_image image=\u00a0\u00bb2825&Prime; img_size=\u00a0\u00bbfull\u00a0\u00bb qode_css_animation=\u00a0\u00bb\u00a0\u00bb][\/qode_elements_holder_item][qode_elements_holder_item vertical_alignment=\u00a0\u00bbmiddle\u00a0\u00bb advanced_animations=\u00a0\u00bbno\u00a0\u00bb item_padding=\u00a0\u00bb0 5%\u00a0\u00bb item_padding_1024_1280=\u00a0\u00bb0 0 0 0&Prime; item_padding_768_1024=\u00a0\u00bb0 0 0 0&Prime; item_padding_600_768=\u00a0\u00bb0 0 0 0&Prime; item_padding_480_600=\u00a0\u00bb0 0 0 0&Prime; item_padding_480=\u00a0\u00bb0 0 0 0&Prime;][vc_empty_space height=\u00a0\u00bb25px\u00a0\u00bb][vc_column_text]<\/p>\n<h2>Floraci\u00f3 a l&rsquo;Horta de Lleida<\/h2>\n<p>[\/vc_column_text][vc_column_text]<\/p>\n<h3><strong>Lleida<\/strong><\/h3>\n<p>[\/vc_column_text][vc_empty_space height=\u00a0\u00bb46px\u00a0\u00bb][vc_column_text]Lleida \u00e9s floraci\u00f3, colors, textures, matisos\u2026 La ciutat i les centenes d\u2019hect\u00e0rees del seu singular entorn natural esdevenen una descoberta sorprenent.[\/vc_column_text][vc_empty_space height=\u00a0\u00bb49px\u00a0\u00bb]<a  itemprop=\"url\" href=\"https:\/\/lafloracio.cat\/lleida\/\" target=\"_self\"  class=\"qbutton  default\" style=\"\">veure ruta<\/a>[\/qode_elements_holder_item][\/qode_elements_holder][qode_elements_holder number_of_columns=\u00a0\u00bbtwo_columns\u00a0\u00bb][qode_elements_holder_item vertical_alignment=\u00a0\u00bbmiddle\u00a0\u00bb advanced_animations=\u00a0\u00bbno\u00a0\u00bb item_padding=\u00a0\u00bb0 5%\u00a0\u00bb item_padding_1024_1280=\u00a0\u00bb0 0 0 0&Prime; item_padding_768_1024=\u00a0\u00bb0 0 0 0&Prime; item_padding_600_768=\u00a0\u00bb0 0 60px 0&Prime; item_padding_480_600=\u00a0\u00bb0 0 60px 0&Prime; item_padding_480=\u00a0\u00bb0 0 60px 0&Prime;][vc_column_text]<\/p>\n<h2>Alcarr\u00e0s florit 2022<\/h2>\n<p>[\/vc_column_text][vc_column_text]<\/p>\n<h3><strong>Alcarr\u00e0s<\/strong><\/h3>\n<p>[\/vc_column_text][vc_empty_space height=\u00a0\u00bb46px\u00a0\u00bb][vc_column_text]Els arbres d\u2019Alcarr\u00e0s en ple proc\u00e9s de floraci\u00f3, formen un\u00a0 mantell rosa que crea un paisatge encisador ple d\u2019atractius pels nostres sentits.[\/vc_column_text][vc_empty_space height=\u00a0\u00bb49px\u00a0\u00bb]<a  itemprop=\"url\" href=\"https:\/\/lafloracio.cat\/alcarras\/\" target=\"_self\"  class=\"qbutton  default\" style=\"\">veure ruta<\/a>[\/qode_elements_holder_item][qode_elements_holder_item vertical_alignment=\u00a0\u00bbmiddle\u00a0\u00bb advanced_animations=\u00a0\u00bbno\u00a0\u00bb][vc_empty_space height=\u00a0\u00bb19px\u00a0\u00bb][vc_single_image image=\u00a0\u00bb1620&Prime; img_size=\u00a0\u00bbfull\u00a0\u00bb qode_css_animation=\u00a0\u00bb\u00a0\u00bb][\/qode_elements_holder_item][\/qode_elements_holder][qode_elements_holder number_of_columns=\u00a0\u00bbtwo_columns\u00a0\u00bb][qode_elements_holder_item vertical_alignment=\u00a0\u00bbmiddle\u00a0\u00bb advanced_animations=\u00a0\u00bbno\u00a0\u00bb item_padding_600_768=\u00a0\u00bb0 0 47px 0&Prime; item_padding_480_600=\u00a0\u00bb0 0 47px 0&Prime; item_padding_480=\u00a0\u00bb0 0 47px 0&Prime;][vc_single_image image=\u00a0\u00bb1623&Prime; img_size=\u00a0\u00bbfull\u00a0\u00bb qode_css_animation=\u00a0\u00bb\u00a0\u00bb][\/qode_elements_holder_item][qode_elements_holder_item vertical_alignment=\u00a0\u00bbmiddle\u00a0\u00bb advanced_animations=\u00a0\u00bbno\u00a0\u00bb item_padding=\u00a0\u00bb0 5%\u00a0\u00bb item_padding_1024_1280=\u00a0\u00bb0 0 0 0&Prime; item_padding_768_1024=\u00a0\u00bb0 0 0 0&Prime; item_padding_600_768=\u00a0\u00bb0 0 0 0&Prime; item_padding_480_600=\u00a0\u00bb0 0 0 0&Prime; item_padding_480=\u00a0\u00bb0 0 0 0&Prime;][vc_empty_space height=\u00a0\u00bb25px\u00a0\u00bb][vc_column_text]<\/p>\n<h2>Massalcoreig en flor<\/h2>\n<p>[\/vc_column_text][vc_column_text]<\/p>\n<h3><strong>Massalcoreig<\/strong><\/h3>\n<p>[\/vc_column_text][vc_empty_space height=\u00a0\u00bb46px\u00a0\u00bb][vc_column_text]A m\u00e9s de poder gaudir de l\u2019espectacle de la floraci\u00f3, aprendrem el cicle de l\u2019arbre fruiter. La import\u00e0ncia del m\u00f3n de la pagesia, un mitj\u00e0 de vida necessari i que cal dignificar.[\/vc_column_text][vc_empty_space height=\u00a0\u00bb49px\u00a0\u00bb]<a  itemprop=\"url\" href=\"https:\/\/lafloracio.cat\/massalcoreig\/\" target=\"_self\"  class=\"qbutton  default\" style=\"\">veure ruta<\/a>[\/qode_elements_holder_item][\/qode_elements_holder][qode_elements_holder number_of_columns=\u00a0\u00bbtwo_columns\u00a0\u00bb][qode_elements_holder_item vertical_alignment=\u00a0\u00bbmiddle\u00a0\u00bb advanced_animations=\u00a0\u00bbno\u00a0\u00bb item_padding=\u00a0\u00bb0 5%\u00a0\u00bb item_padding_1024_1280=\u00a0\u00bb0 0 0 0&Prime; item_padding_768_1024=\u00a0\u00bb0 0 0 0&Prime; item_padding_600_768=\u00a0\u00bb0 0 0 0&Prime; item_padding_480_600=\u00a0\u00bb0 0 0 0&Prime; item_padding_480=\u00a0\u00bb0 0 0 0&Prime;][vc_empty_space height=\u00a0\u00bb25px\u00a0\u00bb][vc_column_text]<\/p>\n<h2>Caminada entre flors<\/h2>\n<p>[\/vc_column_text][vc_column_text]<\/p>\n<h3><strong>Corbins<\/strong><\/h3>\n<p>[\/vc_column_text][vc_empty_space height=\u00a0\u00bb46px\u00a0\u00bb][vc_column_text]A Corbins hi trobareu diversitat d\u2019arbres fruiters. Descobrireu camps florits de presseguers, nectariners, cirerers, pomeres, perers\u00a0 i pruneres.[\/vc_column_text][vc_empty_space height=\u00a0\u00bb49px\u00a0\u00bb]<a  itemprop=\"url\" href=\"https:\/\/lafloracio.cat\/corbins\/\" target=\"_self\"  class=\"qbutton  default\" style=\"\">veure ruta<\/a>[\/qode_elements_holder_item][qode_elements_holder_item vertical_alignment=\u00a0\u00bbmiddle\u00a0\u00bb advanced_animations=\u00a0\u00bbno\u00a0\u00bb item_padding_600_768=\u00a0\u00bb0 0 47px 0&Prime; item_padding_480_600=\u00a0\u00bb0 0 47px 0&Prime; item_padding_480=\u00a0\u00bb0 0 47px 0&Prime;][vc_single_image image=\u00a0\u00bb1626&Prime; img_size=\u00a0\u00bbfull\u00a0\u00bb qode_css_animation=\u00a0\u00bb\u00a0\u00bb][\/qode_elements_holder_item][\/qode_elements_holder][\/vc_column][\/vc_row]<\/p>\n<\/section>","protected":false},"excerpt":{"rendered":"<p>[vc_row css_animation=\u00a0\u00bb\u00a0\u00bb row_type=\u00a0\u00bbrow\u00a0\u00bb use_row_as_full_screen_section=\u00a0\u00bbno\u00a0\u00bb type=\u00a0\u00bbgrid\u00a0\u00bb angled_section=\u00a0\u00bbno\u00a0\u00bb text_align=\u00a0\u00bbcenter\u00a0\u00bb background_image_as_pattern=\u00a0\u00bbwithout_pattern\u00a0\u00bb css=\u00a0\u00bb.vc_custom_1468928392486{padding-top: 100px !important;padding-bottom: 65px !important;}\u00a0\u00bb][vc_column][qode_elements_holder number_of_columns=\u00a0\u00bbtwo_columns\u00a0\u00bb][qode_elements_holder_item vertical_alignment=\u00a0\u00bbmiddle\u00a0\u00bb advanced_animations=\u00a0\u00bbno\u00a0\u00bb item_padding=\u00a0\u00bb0 5%\u00a0\u00bb item_padding_1024_1280=\u00a0\u00bb0 0 0 0&Prime; item_padding_768_1024=\u00a0\u00bb0 0 0 0&Prime; item_padding_600_768=\u00a0\u00bb0 0 60px 0&Prime; item_padding_480_600=\u00a0\u00bb0 0 60px 0&Prime; item_padding_480=\u00a0\u00bb0 0 60px 0&Prime;][vc_column_text] Ruta de la flor rosa del presseguer&#8230;<\/p>\n","protected":false},"author":1,"featured_media":0,"parent":0,"menu_order":0,"comment_status":"closed","ping_status":"closed","template":"","meta":{"_monsterinsights_skip_tracking":false,"_monsterinsights_sitenote_active":false,"_monsterinsights_sitenote_note":"","_monsterinsights_sitenote_category":0,"footnotes":""},"class_list":["post-3190","page","type-page","status-publish","hentry"],"_links":{"self":[{"href":"https:\/\/lafloracio.cat\/fr\/wp-json\/wp\/v2\/pages\/3190","targetHints":{"allow":["GET"]}}],"collection":[{"href":"https:\/\/lafloracio.cat\/fr\/wp-json\/wp\/v2\/pages"}],"about":[{"href":"https:\/\/lafloracio.cat\/fr\/wp-json\/wp\/v2\/types\/page"}],"author":[{"embeddable":true,"href":"https:\/\/lafloracio.cat\/fr\/wp-json\/wp\/v2\/users\/1"}],"replies":[{"embeddable":true,"href":"https:\/\/lafloracio.cat\/fr\/wp-json\/wp\/v2\/comments?post=3190"}],"version-history":[{"count":1,"href":"https:\/\/lafloracio.cat\/fr\/wp-json\/wp\/v2\/pages\/3190\/revisions"}],"predecessor-version":[{"id":3233,"href":"https:\/\/lafloracio.cat\/fr\/wp-json\/wp\/v2\/pages\/3190\/revisions\/3233"}],"wp:attachment":[{"href":"https:\/\/lafloracio.cat\/fr\/wp-json\/wp\/v2\/media?parent=3190"}],"curies":[{"name":"wp","href":"https:\/\/api.w.org\/{rel}","templated":true}]}}