{"id":2964,"date":"2020-02-21T20:01:23","date_gmt":"2020-02-21T18:01:23","guid":{"rendered":"https:\/\/lafloracio.cat\/montoliu-de-lleida\/"},"modified":"2026-02-17T10:22:36","modified_gmt":"2026-02-17T09:22:36","slug":"montoliu-de-lleida","status":"publish","type":"page","link":"https:\/\/lafloracio.cat\/fr\/montoliu-de-lleida\/","title":{"rendered":"Montoliu de Lleida"},"content":{"rendered":"<section class=\"wpb-content-wrapper\"><p>[vc_row css_animation=\u00a0\u00bb\u00a0\u00bb row_type=\u00a0\u00bbrow\u00a0\u00bb use_row_as_full_screen_section=\u00a0\u00bbno\u00a0\u00bb type=\u00a0\u00bbfull_width\u00a0\u00bb angled_section=\u00a0\u00bbno\u00a0\u00bb text_align=\u00a0\u00bbleft\u00a0\u00bb background_image_as_pattern=\u00a0\u00bbwithout_pattern\u00a0\u00bb][vc_column width=\u00a0\u00bb1\/6&Prime;][\/vc_column][vc_column width=\u00a0\u00bb2\/3&Prime;][vc_column_text]<\/p>\n<h1 style=\"text-align: center;\"><strong>Caminada\u00a0 mosaic de colors i sons<\/strong>.<\/h1>\n<h3 style=\"text-align: center;\">Estima la terra. Estima la floraci\u00f3. Estima Montoliu.<\/h3>\n<p>[\/vc_column_text][vc_empty_space height=\u00a0\u00bb46px\u00a0\u00bb][vc_column_text]<strong>On som?<\/strong><\/p>\n<p>Som a Montoliu de Lleida, un petit poble agr\u00edcola en la qual l\u2019agricultura, especialment la producci\u00f3 de fruita dol\u00e7a, ha estat el principal motor econ\u00f2mic des de mitjans segle XX.<\/p>\n<p>&nbsp;<\/p>\n<p><strong>Qui som?<\/strong><\/p>\n<p>Som pagesos, som rurals, per\u00f2 alhora vivim a l\u2019ombra d\u2019una ciutat de serveis que \u00e9s Lleida. Formem part de la corona de terres de conreu que l\u2019envolten.<\/p>\n<p>&nbsp;<\/p>\n<p><strong>Qu\u00e8 es pot veure?<\/strong><\/p>\n<p>Us oferim una activitat multisensorial, una caminada pel nostre terme guiada per pagesos locals, una proposta de turisme actiu i de proximitat, de descoberta de l&rsquo;entorn rural de Montoliu, enmig de camps florits, amb un mosaic de colors fruit de la gran varietat d&rsquo;arbres fruiters i altres conreus que s&rsquo;est\u00e9n fins on allarga la vista, de gaudir dels sons de la natura, amb el contrapunt de gaudir d&rsquo;actuacions musicals entre arbres florits. Recorrerem antics camins ramaders, veurem com l&rsquo;acci\u00f3 dels pagesos ha conformat un paisatge agrari particular, ens endisarem en espais naturals que conserven la flora estep\u00e0ria aut\u00f2ctona, i fruirem d&rsquo;elements patrimonials i de mem\u00f2ria hist\u00f2rica. L&rsquo;abundant avifauna que trobarem pel recorregut la fa una activitat especialment indicada pels qui tenen interessos ornitol\u00f2gics.<\/p>\n<p>&nbsp;<\/p>\n<p><strong>Qu\u00e8 es pot aprendre?<\/strong><\/p>\n<ul>\n<li>Aprendrem les particularitats dels diferents conreus que conformen un mosaic agrari de cromatisme variat.<\/li>\n<li>Veurem quin ha estat el proc\u00e9s hist\u00f2ric que ha conformat el paisatge que veiem.<\/li>\n<li>Explicarem quina difer\u00e8ncia hi ha entre les terres dels regadius antics i les dels nous regadius que la fan m\u00e9s apta per a perers, mentre que la de nous regadius \u00e9s m\u00e9s apta per fruita d\u2019os.<\/li>\n<li>Passejarem per camps de conreu en continua transformaci\u00f3.<\/li>\n<li>Captarem els sons naturals de l\u2019espai rural, i gaudirem d\u2019interpretacions musicals.<\/li>\n<li>Donarem informaci\u00f3 de la resta de rutes que poden dur a terme pel nostre municipi i dels atractius patrimonials de Montoliu de Lleida, aix\u00ed com les altres iniciatives del Segri\u00e0 en el marc de Terra de Floraci\u00f3.<\/li>\n<\/ul>\n<p>&nbsp;<\/p>\n<p><strong>Elements singulars del nostre patrimoni<\/strong><\/p>\n<ul>\n<li>Patrimoni arqueol\u00f2gic (passarem prop de diversos jaciments arqueol\u00f2gics (no visitables), restes del poblat de Tabac.<\/li>\n<li>Patrimoni industrial amb les fumeres d\u2019antic molins (Fumera de l\u2019Hort del Pubillet, declarada BCIL, mol\u00ed i fumera de la Teuleria Tonino).<\/li>\n<li>Patrimoni de l\u2019aprofitament de l\u2019aigua, amb canals, s\u00e9quies i les noves instal\u00b7lacions del Segarra Garrigues.<\/li>\n<li>Patrimoni de la guerra civil amb el B\u00fanquer de la Guerra Civil prop de l\u2019era del Pubillet.<\/li>\n<li>Patrimoni natural (espais de flora i fauna estep\u00e0ria pr\u00f2xims al PEIN Mas de Melons-Alf\u00e9s).<\/li>\n<\/ul>\n<p>&nbsp;<\/p>\n<p><strong>Parades imprescindibles<\/strong><\/p>\n<p>Durant el recorregut de la Caminada trobareu diversos guies que us faran una interpretaci\u00f3 del paisatge de miradors de visuals impactants:<\/p>\n<ul>\n<li>La primera parada es dur\u00e0 a terme en el mirador del B\u00fanquer de l\u2019Era del Pubillet, on tindrem una visual excel\u00b7lent de les Hortes de Montoliu i la Vall del Segre.<\/li>\n<li>Ens aturarem tamb\u00e9 a la zona estep\u00e0ria del Sender de les Penyes, prop de l\u2019antic poblat de Tabac, on apreciarem el contrast crom\u00e0tica entre la vegetaci\u00f3 aut\u00f2ctona i blanc i rosat dels conreus de la Vall del Set.<\/li>\n<li>En la serra que domina el Pla de Tabac, tindrem un visual d\u2019horitzons llunyans amb un mosaic de colors dels conreus en primer terme, l\u2019skyline de la ciutat de Lleida i de fons les serralades pirinenques nevades.<\/li>\n<\/ul>\n<p>En diversos indrets, enmig de camps florits, fruirem d\u2019actuacions musicals a c\u00e0rrec del Centre d\u2019Iniciatives Musicals.<\/p>\n<p>A mitja ruta trobarem un avituallament amb productes locals i de proximitat.<\/p>\n<p>Animarem als participants a con\u00e8ixer millor el nostre entorn i farem difusi\u00f3 de la resta d\u2019activitats del Segri\u00e0 en el marc de la campanya Terra de Floraci\u00f3.<\/p>\n<p>Donarem informaci\u00f3 dels elements patrimonials d\u2019inter\u00e8s del municipi: la Fumera de l\u2019Hort del Pubillet, l\u2019Esgl\u00e9sia, l\u2019Ajuntament, el nucli antic, les l\u00e0pides de Jaume Gort, les eres, etc..<\/p>\n<p>Donarem tamb\u00e9 informaci\u00f3 de la resta de rutes aut\u00f2nomes que poden dur a terme pels antics secans de Tabac, zones que s\u00f3n un veritable mosaic de colors.<\/p>\n<p>&nbsp;<\/p>\n<p><strong>Dist\u00e0ncia:\u00a0<\/strong>10 Km.<\/p>\n<p><strong>Durada de la ruta:<\/strong> Es preveu una durada d\u2019entorn 4 hores incloent les parades.<\/p>\n<p><strong>Tamany del grup per ruta:<\/strong> m\u00e0xim 300 persones.<\/p>\n<p><strong>D\u00edes disponibles: <\/strong>26 de mar\u00e7.<\/p>\n<p><strong>Horaris:<\/strong> Inici a les 10h. Finalitzaci\u00f3 entorn les 14h.<\/p>\n<p><strong>Preus<\/strong><\/p>\n<p>10 euros per persona <em>(IVA incl\u00f3s).<\/em>[\/vc_column_text][vc_empty_space height=\u00a0\u00bb23px\u00a0\u00bb][vc_separator type=\u00a0\u00bbnormal\u00a0\u00bb color=\u00a0\u00bb#000000&Prime;][\/vc_column][vc_column width=\u00a0\u00bb1\/6&Prime;][vc_empty_space height=\u00a0\u00bb120px\u00a0\u00bb][vc_column_text]<\/p>\n<h6 style=\"text-align: right;\">AJUNTAMENT<\/h6>\n<h6 style=\"text-align: right;\">DE MONTOLIU DE LLEIDA<\/h6>\n<p style=\"text-align: right;\">Carrer Orient, 3<\/p>\n<p style=\"text-align: right;\">Montoliu de Lleida \u2013 25172<\/p>\n<p style=\"text-align: right;\">Lleida<\/p>\n<p>[\/vc_column_text][vc_empty_space height=\u00a0\u00bb23px\u00a0\u00bb]<a  itemprop=\"url\" href=\"https:\/\/montoliulleida.ddl.net\/turisme-1\/ruta-un-pom-de-blancor\" target=\"_blank\"  class=\"qbutton  center default\" style=\"\">WEB MUNICIPAL<\/a>[vc_empty_space height=\u00a0\u00bb23px\u00a0\u00bb][vc_separator type=\u00a0\u00bbnormal\u00a0\u00bb color=\u00a0\u00bb#000000&Prime;][vc_column_text]<\/p>\n<h5 style=\"text-align: right;\">Tel. 973 720 280<\/h5>\n<p>[\/vc_column_text][vc_empty_space height=\u00a0\u00bb46px\u00a0\u00bb][\/vc_column][\/vc_row][vc_row css_animation=\u00a0\u00bb\u00a0\u00bb row_type=\u00a0\u00bbrow\u00a0\u00bb use_row_as_full_screen_section=\u00a0\u00bbno\u00a0\u00bb type=\u00a0\u00bbfull_width\u00a0\u00bb angled_section=\u00a0\u00bbno\u00a0\u00bb text_align=\u00a0\u00bbcenter\u00a0\u00bb background_image_as_pattern=\u00a0\u00bbwithout_pattern\u00a0\u00bb z_index=\u00a0\u00bb\u00a0\u00bb][vc_column width=\u00a0\u00bb1\/6&Prime;][\/vc_column][vc_column width=\u00a0\u00bb2\/3&Prime;][vc_empty_space height=\u00a0\u00bb46px\u00a0\u00bb][vc_column_text]<\/p>\n<h3 style=\"text-align: center;\">Fes la teva reserva<\/h3>\n<p>[\/vc_column_text][vc_empty_space height=\u00a0\u00bb46px\u00a0\u00bb]<a  itemprop=\"url\" href=\"https:\/\/www.iter5.cat\/inscripcions\/formCursa.php?id=1810\" target=\"_blank\"  class=\"qbutton  center enlarge\" style=\"\">RESERVA<\/a>[vc_empty_space height=\u00a0\u00bb46px\u00a0\u00bb][vc_separator type=\u00a0\u00bbnormal\u00a0\u00bb color=\u00a0\u00bb#000000&Prime;][vc_empty_space height=\u00a0\u00bb46px\u00a0\u00bb][\/vc_column][vc_column width=\u00a0\u00bb1\/6&Prime;][\/vc_column][\/vc_row][vc_row css_animation=\u00a0\u00bb\u00a0\u00bb row_type=\u00a0\u00bbrow\u00a0\u00bb use_row_as_full_screen_section=\u00a0\u00bbno\u00a0\u00bb type=\u00a0\u00bbfull_width\u00a0\u00bb angled_section=\u00a0\u00bbno\u00a0\u00bb text_align=\u00a0\u00bbleft\u00a0\u00bb background_image_as_pattern=\u00a0\u00bbwithout_pattern\u00a0\u00bb][vc_column width=\u00a0\u00bb1\/6&Prime;][\/vc_column][vc_column width=\u00a0\u00bb2\/3&Prime;][vc_column_text]<\/p>\n<h1 style=\"text-align: center;\"><strong>Un Pom de Blancor<\/strong>.<\/h1>\n<p>[\/vc_column_text][vc_empty_space height=\u00a0\u00bb46px\u00a0\u00bb][vc_column_text]<\/p>\n<p class=\"x_MsoNormal\"><span lang=\"ES\">Ruta guiada per\u00a0<\/span><span lang=\"CA\">pagesos<\/span><span lang=\"ES\">\u00a0per les hortes de Montoliu de Lleida, on predomina el cultiu de perers, que en \u00e8poca de floraci\u00f3 donen lloc a un paisatge que anomenem un pom de blancor, pel patchwork que conforma l&rsquo;entapissat de flors blanques sobre fons verd, i la forma d&rsquo;agrupar-se les flors en petits poms, com rams de n\u00favia.<\/span><\/p>\n<p>&nbsp;<\/p>\n<p class=\"x_MsoNormal\"><span lang=\"ES\">\u00c9s una ruta tamb\u00e9 de camins de l&rsquo;aigua, en tant que seguim els camins de servei de les secles i canals que han fet f\u00e8rtil i conreable aquesta terra, i que tingueren tamb\u00e9 la seva explotaci\u00f3 industrial, com testimonien les fumeres que s&rsquo;han conservat dels antics molins que aprofitaven la for\u00e7a de l&rsquo;aigua.<\/span><\/p>\n<p>&nbsp;<\/p>\n<p class=\"x_MsoNormal\"><span lang=\"ES\">Comencem la nostra ruta per l&rsquo;antiqu\u00edssima\u00a0Secla de Torres, des de la que es t\u00e9 una visual magn\u00edfica de les hortes que davallen cap al riu Segre. Baixem enmig de les hortes, per la darrera banqueta del canal d&rsquo;Urgell fins a l&rsquo;espai natural dels Patamolls de Montoliu, a tocar del riu Segre, on acaba el seu curs el canal, una de les obres d&rsquo;enginyeria m\u00e9s importants del segle XIX. A la zona tamb\u00e9 trobarem un b\u00fanquer de la Guerra Civil, actualment dins el curs del riu Segre. Travessarem els Patamolls i pujarem per les hortes de Montoliu de Lleida fins al punt de partida.<\/span><\/p>\n<p>&nbsp;<\/p>\n<p class=\"x_MsoNormal\"><span lang=\"ES\"><span style=\"font-family: Arial, sans-serif;\">Per comen\u00e7ar farem una visita guiada per la Cooperativa Agr\u00e0ria de Montoliu de Lleida, on veurem com ha evolucionat el sector hortofrut\u00edcola<\/span><span style=\"font-family: Arial, sans-serif;\">\u00a0a les nostres contrades. A continuaci\u00f3 comen\u00e7arem la ruta on els guies us introduiran a la hist\u00f2ria dels llocs que visiteu<\/span><span style=\"font-family: Arial, sans-serif;\">, a les feines del camp que han dut a terme els pagesos que han transformat el territori, un espai de natura antropitzada, informaci\u00f3 que us ajudar\u00e0 a comprendre el paisatge que\u00a0<\/span><span style=\"font-family: Arial, sans-serif;\">veureu<\/span><span style=\"font-family: Calibri, sans-serif;\">,<\/span><\/span><span lang=\"ES\">\u00a0amb camps de perers curulls de flors blanques.<\/span><\/p>\n<p>&nbsp;<\/p>\n<p class=\"x_MsoNormal\"><span lang=\"ES\">A mitja ruta tindrem un tast de producte local.<\/span><\/p>\n<p>&nbsp;<\/p>\n<p><strong>Dist\u00e0ncia:\u00a0<\/strong>4 Km.<\/p>\n<p><strong>Durada de la ruta:<\/strong> Es preveu una durada d\u2019entorn 3 hores.<\/p>\n<p><strong>Tamany del grup per ruta:<\/strong> m\u00e0xim 20 persones.<\/p>\n<p><strong>D\u00edes disponibles: <\/strong>1 i 2 d&rsquo;abril.<\/p>\n<p><strong>Horaris:<\/strong> Inici a les 10h.<\/p>\n<p><strong>Preus<\/strong><\/p>\n<p>6 euros per persona <em>(IVA incl\u00f3s).<\/em>[\/vc_column_text][vc_empty_space height=\u00a0\u00bb23px\u00a0\u00bb][vc_separator type=\u00a0\u00bbnormal\u00a0\u00bb color=\u00a0\u00bb#000000&Prime;][\/vc_column][vc_column width=\u00a0\u00bb1\/6&Prime;][\/vc_column][\/vc_row][vc_row css_animation=\u00a0\u00bb\u00a0\u00bb row_type=\u00a0\u00bbrow\u00a0\u00bb use_row_as_full_screen_section=\u00a0\u00bbno\u00a0\u00bb type=\u00a0\u00bbfull_width\u00a0\u00bb angled_section=\u00a0\u00bbno\u00a0\u00bb text_align=\u00a0\u00bbcenter\u00a0\u00bb background_image_as_pattern=\u00a0\u00bbwithout_pattern\u00a0\u00bb z_index=\u00a0\u00bb\u00a0\u00bb][vc_column width=\u00a0\u00bb1\/6&Prime;][\/vc_column][vc_column width=\u00a0\u00bb2\/3&Prime;][vc_empty_space height=\u00a0\u00bb46px\u00a0\u00bb][vc_column_text]<\/p>\n<h3 style=\"text-align: center;\">Fes la teva reserva<\/h3>\n<p>[\/vc_column_text][vc_empty_space height=\u00a0\u00bb46px\u00a0\u00bb]<a  itemprop=\"url\" href=\"https:\/\/www.iter5.cat\/inscripcions\/formCursa.php?id=1839\" target=\"_blank\"  class=\"qbutton  center enlarge\" style=\"\">RESERVA<\/a>[vc_empty_space height=\u00a0\u00bb46px\u00a0\u00bb][vc_separator type=\u00a0\u00bbnormal\u00a0\u00bb color=\u00a0\u00bb#000000&Prime;][vc_empty_space height=\u00a0\u00bb46px\u00a0\u00bb][vc_column_text]<\/p>\n<h3 style=\"text-align: center;\">Si tens qualsevol consulta contacta amb nosaltres.<\/h3>\n<p>[\/vc_column_text][vc_empty_space height=\u00a0\u00bb46px\u00a0\u00bb]<a  itemprop=\"url\" href=\"https:\/\/lafloracio.cat\/contacta-montoliu-de-lleida\/\" target=\"_self\"  class=\"qbutton  center enlarge\" style=\"\">CONTACTA<\/a>[vc_empty_space height=\u00a0\u00bb46px\u00a0\u00bb][vc_separator type=\u00a0\u00bbnormal\u00a0\u00bb color=\u00a0\u00bb#000000&Prime;][vc_empty_space height=\u00a0\u00bb46px\u00a0\u00bb][vc_gallery type=\u00a0\u00bbimage_grid\u00a0\u00bb images=\u00a0\u00bb271,270,269,267,266,265,264,263,262,261,260,259,258,257,256&Prime; img_size=\u00a0\u00bb200&#215;200&Prime; css_animation=\u00a0\u00bbfadeIn\u00a0\u00bb column_number=\u00a0\u00bb3&Prime; grayscale=\u00a0\u00bbno\u00a0\u00bb images_space=\u00a0\u00bbgallery_without_space\u00a0\u00bb][vc_empty_space height=\u00a0\u00bb60px\u00a0\u00bb][\/vc_column][vc_column width=\u00a0\u00bb1\/6&Prime;][\/vc_column][\/vc_row]<\/p>\n<\/section>","protected":false},"excerpt":{"rendered":"<p>[vc_row css_animation=\u00a0\u00bb\u00a0\u00bb row_type=\u00a0\u00bbrow\u00a0\u00bb use_row_as_full_screen_section=\u00a0\u00bbno\u00a0\u00bb type=\u00a0\u00bbfull_width\u00a0\u00bb angled_section=\u00a0\u00bbno\u00a0\u00bb text_align=\u00a0\u00bbleft\u00a0\u00bb background_image_as_pattern=\u00a0\u00bbwithout_pattern\u00a0\u00bb][vc_column width=\u00a0\u00bb1\/6&Prime;][\/vc_column][vc_column width=\u00a0\u00bb2\/3&Prime;][vc_column_text] Caminada\u00a0 mosaic de colors i sons. Estima la terra. Estima la floraci\u00f3. Estima Montoliu. [\/vc_column_text][vc_empty_space height=\u00a0\u00bb46px\u00a0\u00bb][vc_column_text]On som? Som a Montoliu de Lleida, un petit poble agr\u00edcola en la qual l\u2019agricultura, especialment la producci\u00f3 de fruita&#8230;<\/p>\n","protected":false},"author":1,"featured_media":0,"parent":0,"menu_order":0,"comment_status":"closed","ping_status":"closed","template":"","meta":{"_monsterinsights_skip_tracking":false,"_monsterinsights_sitenote_active":false,"_monsterinsights_sitenote_note":"","_monsterinsights_sitenote_category":0,"footnotes":""},"class_list":["post-2964","page","type-page","status-publish","hentry"],"_links":{"self":[{"href":"https:\/\/lafloracio.cat\/fr\/wp-json\/wp\/v2\/pages\/2964","targetHints":{"allow":["GET"]}}],"collection":[{"href":"https:\/\/lafloracio.cat\/fr\/wp-json\/wp\/v2\/pages"}],"about":[{"href":"https:\/\/lafloracio.cat\/fr\/wp-json\/wp\/v2\/types\/page"}],"author":[{"embeddable":true,"href":"https:\/\/lafloracio.cat\/fr\/wp-json\/wp\/v2\/users\/1"}],"replies":[{"embeddable":true,"href":"https:\/\/lafloracio.cat\/fr\/wp-json\/wp\/v2\/comments?post=2964"}],"version-history":[{"count":1,"href":"https:\/\/lafloracio.cat\/fr\/wp-json\/wp\/v2\/pages\/2964\/revisions"}],"predecessor-version":[{"id":3135,"href":"https:\/\/lafloracio.cat\/fr\/wp-json\/wp\/v2\/pages\/2964\/revisions\/3135"}],"wp:attachment":[{"href":"https:\/\/lafloracio.cat\/fr\/wp-json\/wp\/v2\/media?parent=2964"}],"curies":[{"name":"wp","href":"https:\/\/api.w.org\/{rel}","templated":true}]}}