{"id":2872,"date":"2020-02-25T14:40:40","date_gmt":"2020-02-25T12:40:40","guid":{"rendered":"https:\/\/lafloracio.cat\/aitona\/"},"modified":"2026-02-17T10:22:30","modified_gmt":"2026-02-17T09:22:30","slug":"aitona","status":"publish","type":"page","link":"https:\/\/lafloracio.cat\/fr\/aitona\/","title":{"rendered":"Aitona"},"content":{"rendered":"<section class=\"wpb-content-wrapper\"><p>[vc_row css_animation=\u00a0\u00bb\u00a0\u00bb row_type=\u00a0\u00bbrow\u00a0\u00bb use_row_as_full_screen_section=\u00a0\u00bbno\u00a0\u00bb type=\u00a0\u00bbfull_width\u00a0\u00bb angled_section=\u00a0\u00bbno\u00a0\u00bb text_align=\u00a0\u00bbleft\u00a0\u00bb background_image_as_pattern=\u00a0\u00bbwithout_pattern\u00a0\u00bb][vc_column width=\u00a0\u00bb1\/6&Prime;][\/vc_column][vc_column width=\u00a0\u00bb2\/3&Prime;][vc_column_text]<\/p>\n<h1 style=\"text-align: center;\"><strong>Experi\u00e8ncia estacional de l\u2019arbre fruiter<\/strong>.<\/h1>\n<h3 style=\"text-align: center;\">Ruta de la flor rosa del presseguer d&rsquo;Aitona.<\/h3>\n<p>[\/vc_column_text][vc_empty_space height=\u00a0\u00bb46px\u00a0\u00bb][vc_column_text]<\/p>\n<p class=\"p1\"><span class=\"s1\"><a href=\"https:\/\/fruiturisme.info\/\"><span class=\"s2\"><b>Fruiturisme<\/b><\/span><\/a><b> <\/b><\/span>ofereix una experi\u00e8ncia \u00fanica: visitar els camps privats de presseguers per endinsar-te en el mon rural de les Terres de Lleida. De la m\u00e0 dels nostres pagesos i passejant entremig dels arbres amb flor descobrir\u00e0s aquest espectacle natural.<\/p>\n<p><strong>Origen i final de les rutes:<\/strong> Pla\u00e7a del Poliesportiu d\u2019Aitona.<\/p>\n<p>Cal arribar a Aitona 30 minuts abans de l\u2019hora de sortida i entrar dins l\u2019edifici del Poliesportiu per registrar-se i agafar l\u2019entrada de la visita guiada.<\/p>\n<p>La visita es realitzar\u00e0 amb bus.<\/p>\n<p>Les rutes seran guiades per pagesos locals.<\/p>\n<p>Es recorda que la flor \u00e9s ef\u00edmera i est\u00e0 en constant evoluci\u00f3 en funci\u00f3 del clima i per tant, no es pot garantir un estat \u00f2ptim de la floraci\u00f3 en totes les dates previstes per a realitzar visites.<\/p>\n<p>&nbsp;<\/p>\n<p>&nbsp;<\/p>\n<p><strong>On som?<\/strong><\/p>\n<p class=\"p1\">Som a la vila d\u2019Aitona. Pionera en visites a camps florits de la m\u00e0 de <span class=\"s1\"><a href=\"https:\/\/fruiturisme.info\/\"><span class=\"s2\"><b>Fruiturisme<\/b><\/span><\/a><\/span><\/p>\n<p>&nbsp;<\/p>\n<p><strong>Qu\u00e8 es pot veure?<\/strong><\/p>\n<p class=\"p1\">Veurem els arbres fruiters en plena floraci\u00f3.<\/p>\n<p>&nbsp;<\/p>\n<p><strong>Qu\u00e8 hi aprendrem?<\/strong><\/p>\n<p>Descobrirem el paisatge que ens ofereix la natura en el moment de la floraci\u00f3 i de la m\u00e0 dels pagesos locals aprendrem el proc\u00e9s de cura de l\u2019arbre en aquesta estaci\u00f3.<\/p>\n<p>&nbsp;<\/p>\n<p><strong>Elements singulars del nostre patrimoni<\/strong><\/p>\n<ul>\n<li>Jaciment arqueol\u00f2gic de Gen\u00f3<\/li>\n<li>Ermita de Carratal\u00e0<\/li>\n<li>Cova Pare Palau, casa natal Pare Palau i Santa Teresa Jornet<\/li>\n<li>Nucli antic<\/li>\n<li>Ruta Capa<\/li>\n<\/ul>\n<p>&nbsp;<\/p>\n<p><strong>Parades imprescindibles<\/strong><\/p>\n<ul>\n<li>Cam\u00ed d\u2019Espax<\/li>\n<\/ul>\n<p>&nbsp;<\/p>\n<p><strong>Dist\u00e0ncia Ruta: <\/strong>14 Km<\/p>\n<p><strong>Durada:\u00a0<\/strong>1h.30 minuts.<\/p>\n<p><strong>Dia disponible:<\/strong>Del 26 de febrer al 25 de mar\u00e7. De dilluns a diumenges.<\/p>\n<p><strong>Horaris:<\/strong> Sortides a les 10.00h., 11.00.h, 12.00h., 15.00h. i 16.00h.<\/p>\n<p><strong>Tamany del grup per ruta:<\/strong> m\u00e0xim 50 persones per visita.<\/p>\n<p><strong>Preus<\/strong><\/p>\n<p><strong>12\u20ac<\/strong> per persona (el preu inclou els despla\u00e7aments amb bus).<\/p>\n<p>&nbsp;<\/p>\n<p>* No s\u2019acceptaran modificacions i\/o anul\u00b7lacions de les reserves.<\/p>\n<p>&nbsp;<\/p>\n<h3><\/h3>\n<p>[\/vc_column_text][vc_empty_space height=\u00a0\u00bb23px\u00a0\u00bb]<a  itemprop=\"url\" href=\"https:\/\/fruiturisme.info\/ca\/reserva-la-teva-experiencia\/experiencia-estacional-de-larbre-fruiter\" target=\"_blank\"  class=\"qbutton  center enlarge\" style=\"\">RESERVA<\/a>[vc_empty_space height=\u00a0\u00bb23px\u00a0\u00bb][vc_separator type=\u00a0\u00bbnormal\u00a0\u00bb color=\u00a0\u00bb#000000&Prime;][vc_empty_space height=\u00a0\u00bb23px\u00a0\u00bb][vc_column_text]<\/p>\n<h1 style=\"text-align: center;\"><strong>II Trobada de tractors i cotxes antics<\/strong>.<\/h1>\n<p>[\/vc_column_text][vc_empty_space height=\u00a0\u00bb23px\u00a0\u00bb][vc_column_text]Concentraci\u00f3 de tractors i cotxes antics al Pavell\u00f3 Poliesportiu d&rsquo;Aitona.<\/p>\n<p>On es far\u00e0 un esmorzar popular (entrep\u00e0 i beguda) i gimcana de tractors.<\/p>\n<p>&nbsp;<\/p>\n<p><strong>Durada: <\/strong>de 9h. a 12h.<\/p>\n<p><strong>Dia disponible: <\/strong>26 de febrer.<\/p>\n<p><strong>Preus<\/strong><\/p>\n<p><strong>3\u20ac<\/strong> per persona (esmor\u00e7ar popular).<\/p>\n<h3><\/h3>\n<p>[\/vc_column_text][vc_empty_space height=\u00a0\u00bb23px\u00a0\u00bb][vc_separator type=\u00a0\u00bbnormal\u00a0\u00bb color=\u00a0\u00bb#000000&Prime;][vc_column_text]<\/p>\n<h1 style=\"text-align: center;\"><strong>Aitona en flor<\/strong>.<\/h1>\n<h3 style=\"text-align: center;\">Caminada solid\u00e0ria.<\/h3>\n<p>[\/vc_column_text][vc_empty_space height=\u00a0\u00bb23px\u00a0\u00bb][vc_column_text]L\u2019Ajuntament del poble amb la col\u00b7laboraci\u00f3 de les associacions del poble organitza la XI caminada Popular d\u2019Aitona. En benefici del Centre d\u2019Iniciatives Solid\u00e0ries \u00c0ngel Olaran<\/p>\n<p>&nbsp;<\/p>\n<p><strong>On som?<\/strong><\/p>\n<p class=\"p1\">Som a la vila d\u2019Aitona.<\/p>\n<p>&nbsp;<\/p>\n<p><strong>Qu\u00e8 es pot veure?<\/strong><\/p>\n<p>L\u2019espectacle de la floraci\u00f3.<\/p>\n<p class=\"p1\">.<\/p>\n<p>&nbsp;<\/p>\n<p><strong>Qu\u00e8 hi aprendrem?<\/strong><\/p>\n<p>Cuidar-nos fent salut i esport en bona companyia i envoltat de natura.<\/p>\n<p>&nbsp;<\/p>\n<p><strong>Elements singulars del nostre patrimoni<\/strong><\/p>\n<ul>\n<li>Paissatge.<\/li>\n<\/ul>\n<p>&nbsp;<\/p>\n<p><strong>Dist\u00e0ncia Ruta curta: <\/strong>9,5 Km<\/p>\n<p><strong>Dist\u00e0ncia Ruta mitjana: <\/strong>13 Km<\/p>\n<p><strong>Dist\u00e0ncia Ruta llarga: <\/strong>17 Km<\/p>\n<p><strong>Durada: <\/strong>Entre 2h. i 4h. aproximadament segons la ruta.<\/p>\n<p><strong>Dia disponible: <\/strong>5 de mar\u00e7.<\/p>\n<p><strong>Horaris:<\/strong> Sortida 8.30h.<\/p>\n<p><strong>Tamany del grup per ruta:<\/strong> 100 persones.<\/p>\n<p><strong>Preus<\/strong><\/p>\n<p><strong>6\u20ac<\/strong> per persona, anterior al dia de sortida (IVA incl\u00f2s).<\/p>\n<p><strong>8\u20ac<\/strong> per persona, el mateix dia (IVA incl\u00f2s).<\/p>\n<h3><\/h3>\n<p>[\/vc_column_text][vc_empty_space height=\u00a0\u00bb23px\u00a0\u00bb]<a  itemprop=\"url\" href=\"https:\/\/www.wikiloc.com\/hiking-trails\/caminada-popular-curta-2018-22435931\" target=\"_blank\"  class=\"qbutton  center enlarge\" style=\"\">RUTA CURTA WIKILOC<\/a>[vc_empty_space height=\u00a0\u00bb15px\u00a0\u00bb]<a  itemprop=\"url\" href=\"https:\/\/www.wikiloc.com\/hiking-trails\/caminada-popular-mitja-2018-22436047\" target=\"_blank\"  class=\"qbutton  center enlarge\" style=\"\">RUTA MITJANA WIKILOC<\/a>[vc_empty_space height=\u00a0\u00bb15px\u00a0\u00bb]<a  itemprop=\"url\" href=\"https:\/\/www.wikiloc.com\/hiking-trails\/caminada-popular-llarga-2018-22436876\" target=\"_blank\"  class=\"qbutton  center enlarge\" style=\"\">RUTA LLARGA WIKILOC<\/a>[vc_empty_space height=\u00a0\u00bb23px\u00a0\u00bb][vc_separator type=\u00a0\u00bbnormal\u00a0\u00bb color=\u00a0\u00bb#000000&Prime;][vc_empty_space height=\u00a0\u00bb23px\u00a0\u00bb][vc_column_text]<\/p>\n<h1 style=\"text-align: center;\"><strong>Caragolada Solid\u00e0ria<\/strong>.<\/h1>\n<p>[\/vc_column_text][vc_empty_space height=\u00a0\u00bb23px\u00a0\u00bb][vc_column_text]L\u2019Ajuntament del poble amb la col\u00b7laboraci\u00f3 de la FECOLL organitza una caragolada solid\u00e0ria en benefici de les Germanetes d\u2019Aitona.<\/p>\n<p>Es far\u00e0 una degustaci\u00f3 gastron\u00f2mica.: Pack caragols + allioli + oli d\u2019oliva + got de vi Raimat.<\/p>\n<p>&nbsp;<\/p>\n<p><strong>Dia disponible: <\/strong>19 de mar\u00e7.<\/p>\n<p><strong>Horaris:<\/strong> A partir de les 12.00h.<\/p>\n<p><strong>Tamany del grup per ruta:<\/strong> 200 persones.<\/p>\n<p><strong>Preus<\/strong><\/p>\n<p><strong>5\u20ac<\/strong> per persona.<\/p>\n<p>&nbsp;<\/p>\n<h3><\/h3>\n<p>[\/vc_column_text][vc_empty_space height=\u00a0\u00bb23px\u00a0\u00bb][\/vc_column][vc_column width=\u00a0\u00bb1\/6&Prime;][vc_single_image image=\u00a0\u00bb1145&Prime; alignment=\u00a0\u00bbcenter\u00a0\u00bb qode_css_animation=\u00a0\u00bb\u00a0\u00bb][vc_empty_space height=\u00a0\u00bb30px\u00a0\u00bb][vc_separator type=\u00a0\u00bbnormal\u00a0\u00bb color=\u00a0\u00bb#000000&Prime;][vc_column_text]<\/p>\n<p style=\"text-align: right;\">Pots trobar<\/p>\n<p style=\"text-align: right;\">m\u00e9s informaci\u00f3 a<\/p>\n<p style=\"text-align: right;\"><strong> <a href=\"https:\/\/fruiturisme.info\/\">Fruiturisme.info<\/a><\/strong><\/p>\n<p>[\/vc_column_text][vc_empty_space height=\u00a0\u00bb15px\u00a0\u00bb][vc_column_text]<a href=\"https:\/\/fruiturisme.info\/\"><img loading=\"lazy\" decoding=\"async\" class=\"alignnone wp-image-479 alignright\" src=\"https:\/\/lafloracio.cat\/wp-content\/uploads\/2020\/02\/Logo-fruiturisme.jpeg\" alt=\"\" width=\"125\" height=\"121\" \/><\/a>[\/vc_column_text][vc_empty_space height=\u00a0\u00bb30px\u00a0\u00bb][vc_empty_space height=\u00a0\u00bb30px\u00a0\u00bb][vc_column_text]<\/p>\n<h6 style=\"text-align: right;\">AJUNTAMENT<\/h6>\n<h6 style=\"text-align: right;\">D\u2019AITONA<\/h6>\n<p style=\"text-align: right;\">Carrer Major, 6<\/p>\n<p style=\"text-align: right;\">25182 Aitona<\/p>\n<p style=\"text-align: right;\">Lleida<\/p>\n<p>[\/vc_column_text][vc_separator type=\u00a0\u00bbnormal\u00a0\u00bb color=\u00a0\u00bb#000000&Prime;][vc_column_text]<\/p>\n<h5 style=\"text-align: right;\">Tel. 973 794 010<\/h5>\n<h5 style=\"text-align: right;\">Mov. 600 976 682<\/h5>\n<p>[\/vc_column_text][vc_empty_space height=\u00a0\u00bb15px\u00a0\u00bb][\/vc_column][\/vc_row][vc_row css_animation=\u00a0\u00bb\u00a0\u00bb row_type=\u00a0\u00bbrow\u00a0\u00bb use_row_as_full_screen_section=\u00a0\u00bbno\u00a0\u00bb type=\u00a0\u00bbfull_width\u00a0\u00bb angled_section=\u00a0\u00bbno\u00a0\u00bb text_align=\u00a0\u00bbcenter\u00a0\u00bb background_image_as_pattern=\u00a0\u00bbwithout_pattern\u00a0\u00bb z_index=\u00a0\u00bb\u00a0\u00bb][vc_column width=\u00a0\u00bb1\/6&Prime;][\/vc_column][vc_column width=\u00a0\u00bb2\/3&Prime;][vc_separator type=\u00a0\u00bbnormal\u00a0\u00bb color=\u00a0\u00bb#000000&Prime;][vc_empty_space height=\u00a0\u00bb46px\u00a0\u00bb][vc_column_text]<\/p>\n<h3 style=\"text-align: center;\">Si tens qualsevol consulta contacta amb nosaltres.<\/h3>\n<p>[\/vc_column_text][vc_empty_space height=\u00a0\u00bb46px\u00a0\u00bb]<a  itemprop=\"url\" href=\"https:\/\/lafloracio.cat\/contacta-aitona\/\" target=\"_self\"  class=\"qbutton  center enlarge\" style=\"\">CONTACTA<\/a>[vc_empty_space height=\u00a0\u00bb46px\u00a0\u00bb][vc_separator type=\u00a0\u00bbnormal\u00a0\u00bb color=\u00a0\u00bb#000000&Prime;][vc_empty_space height=\u00a0\u00bb46px\u00a0\u00bb][vc_gallery type=\u00a0\u00bbimage_grid\u00a0\u00bb images=\u00a0\u00bb1132,1128,1124,1120,573,1122&Prime; img_size=\u00a0\u00bb200&#215;200&Prime; css_animation=\u00a0\u00bbfadeIn\u00a0\u00bb column_number=\u00a0\u00bb3&Prime; grayscale=\u00a0\u00bbno\u00a0\u00bb images_space=\u00a0\u00bbgallery_without_space\u00a0\u00bb][vc_empty_space height=\u00a0\u00bb60px\u00a0\u00bb][\/vc_column][vc_column width=\u00a0\u00bb1\/6&Prime;][\/vc_column][\/vc_row]<\/p>\n<\/section>","protected":false},"excerpt":{"rendered":"<p>[vc_row css_animation=\u00a0\u00bb\u00a0\u00bb row_type=\u00a0\u00bbrow\u00a0\u00bb use_row_as_full_screen_section=\u00a0\u00bbno\u00a0\u00bb type=\u00a0\u00bbfull_width\u00a0\u00bb angled_section=\u00a0\u00bbno\u00a0\u00bb text_align=\u00a0\u00bbleft\u00a0\u00bb background_image_as_pattern=\u00a0\u00bbwithout_pattern\u00a0\u00bb][vc_column width=\u00a0\u00bb1\/6&Prime;][\/vc_column][vc_column width=\u00a0\u00bb2\/3&Prime;][vc_column_text] Experi\u00e8ncia estacional de l\u2019arbre fruiter. Ruta de la flor rosa del presseguer d&rsquo;Aitona. [\/vc_column_text][vc_empty_space height=\u00a0\u00bb46px\u00a0\u00bb][vc_column_text] Fruiturisme ofereix una experi\u00e8ncia \u00fanica: visitar els camps privats de presseguers per endinsar-te en el mon rural de les Terres&#8230;<\/p>\n","protected":false},"author":1,"featured_media":0,"parent":0,"menu_order":0,"comment_status":"closed","ping_status":"closed","template":"","meta":{"_monsterinsights_skip_tracking":false,"_monsterinsights_sitenote_active":false,"_monsterinsights_sitenote_note":"","_monsterinsights_sitenote_category":0,"footnotes":""},"class_list":["post-2872","page","type-page","status-publish","hentry"],"_links":{"self":[{"href":"https:\/\/lafloracio.cat\/fr\/wp-json\/wp\/v2\/pages\/2872","targetHints":{"allow":["GET"]}}],"collection":[{"href":"https:\/\/lafloracio.cat\/fr\/wp-json\/wp\/v2\/pages"}],"about":[{"href":"https:\/\/lafloracio.cat\/fr\/wp-json\/wp\/v2\/types\/page"}],"author":[{"embeddable":true,"href":"https:\/\/lafloracio.cat\/fr\/wp-json\/wp\/v2\/users\/1"}],"replies":[{"embeddable":true,"href":"https:\/\/lafloracio.cat\/fr\/wp-json\/wp\/v2\/comments?post=2872"}],"version-history":[{"count":1,"href":"https:\/\/lafloracio.cat\/fr\/wp-json\/wp\/v2\/pages\/2872\/revisions"}],"predecessor-version":[{"id":2931,"href":"https:\/\/lafloracio.cat\/fr\/wp-json\/wp\/v2\/pages\/2872\/revisions\/2931"}],"wp:attachment":[{"href":"https:\/\/lafloracio.cat\/fr\/wp-json\/wp\/v2\/media?parent=2872"}],"curies":[{"name":"wp","href":"https:\/\/api.w.org\/{rel}","templated":true}]}}