{"id":2740,"date":"2022-02-28T16:55:32","date_gmt":"2022-02-28T15:55:32","guid":{"rendered":"https:\/\/lafloracio.cat\/massalcoreig\/"},"modified":"2026-02-17T10:22:22","modified_gmt":"2026-02-17T09:22:22","slug":"massalcoreig","status":"publish","type":"page","link":"https:\/\/lafloracio.cat\/fr\/massalcoreig\/","title":{"rendered":"Massalcoreig"},"content":{"rendered":"<section class=\"wpb-content-wrapper\"><p>[vc_row css_animation=\u00a0\u00bb\u00a0\u00bb row_type=\u00a0\u00bbrow\u00a0\u00bb use_row_as_full_screen_section=\u00a0\u00bbno\u00a0\u00bb type=\u00a0\u00bbfull_width\u00a0\u00bb angled_section=\u00a0\u00bbno\u00a0\u00bb text_align=\u00a0\u00bbleft\u00a0\u00bb background_image_as_pattern=\u00a0\u00bbwithout_pattern\u00a0\u00bb][vc_column width=\u00a0\u00bb1\/6&Prime;][\/vc_column][vc_column width=\u00a0\u00bb2\/3&Prime;][vc_column_text]<\/p>\n<h1 style=\"text-align: center;\"><strong>Massalcoreig en flor<\/strong>.<\/h1>\n<h3 style=\"text-align: center;\">Ruta de la floraci\u00f3 Massalcoreig &#8211; la Granja d\u2019Escarp<\/h3>\n<p>[\/vc_column_text][vc_empty_space height=\u00a0\u00bb46px\u00a0\u00bb][vc_column_text]Despr\u00e9s d\u2019un bon esmorzar a la brasa sortirem amb el bus cap a la zona del riu i visitarem la Badina de Massalcoreig.<\/p>\n<p>Continuarem pel cam\u00ed cap a la Granja d\u2019Escarp on trobarem floraci\u00f3 a ambd\u00f3s costats. Farem parada a veure els exteriors del mas escenari de la pel\u00b7l\u00edcula Alcarr\u00e0s.<\/p>\n<p>Les explicacions de la floraci\u00f3 i els cultius s\u2019aniran donant durant tota la ruta.<\/p>\n<p>Farem parada a con\u00e8ixer el Monestir de Santa Maria d\u2019Escarp, i seguint pel pont vell, farem parada i amb una petita caminada, ens atansarem a l\u2019Aiguabarreig Segre-Cinca a la Granja d\u2019Escarp.\u00a0 Les visites i la crom\u00e0tica de la floraci\u00f3 s\u00f3n especialment boniques des de la perspectiva del pont vell de La Granja d\u2019Escarp.<\/p>\n<p>Desfem cam\u00ed i retornem al punt d\u2019inici i fi de la ruta.<\/p>\n<p>&nbsp;<\/p>\n<p><strong>On som?<\/strong><\/p>\n<p>Som al Baix Segre, a Massalcoreig i La Granja d\u2019Escarp, es a dir a l\u2019Aiguabarreig dels rius Segre i Cinca, envoltats de camps de fruiters i les serres \u00e0rides de sec\u00e0.<\/p>\n<p>&nbsp;<\/p>\n<p><strong>Qu\u00e8 es pot veure?<\/strong><\/p>\n<p>La floraci\u00f3 dels arbres de fruita de pinyol i de fruita seca. El patrimoni natural de la ribera i del Sec\u00e0. I patrimoni arquitect\u00f2nic i hist\u00f2ric dels pobles de La Granja d\u2019Escarp i Massalcoreig.<\/p>\n<p>&nbsp;<\/p>\n<p><strong>Qu\u00e8 es pot aprendre?<\/strong><\/p>\n<p>Descobrirem aquest raconet del Segri\u00e0. Sabrem qu\u00e8 ens envolta, a qu\u00e8 ens dediquem i qui som.<\/p>\n<ul>\n<li>El cicle de l\u2019arbre fruiter i la producci\u00f3<\/li>\n<li>Els sistemes de reg i les t\u00e8cniques de cultiu.<\/li>\n<\/ul>\n<p>&nbsp;<\/p>\n<p><strong>Elements singulars del nostre patrimoni<\/strong><\/p>\n<p>La Badina de Massalcoreig.<\/p>\n<p>Exteriors del mas de la pel\u00b7l\u00edcula Alcarr\u00e0s.<\/p>\n<p>El Reial Monestir de Santa Maria d\u2019Escarp.<\/p>\n<p>El pont vell i l\u2019antic pas de barca de La Granja d\u2019Escarp.<\/p>\n<p>L\u2019Aiguabarreig dels rius Segre i Cinca.<\/p>\n<p>&nbsp;<\/p>\n<p>&nbsp;<\/p>\n<p><strong>Parades imprescindibles<\/strong><\/p>\n<ul>\n<li>Pla\u00e7a del casal Massalcoreig (Esmorzar a la Brasa).<\/li>\n<li>La Badina i la floraci\u00f3 a Massalcoreig.<\/li>\n<li>Mas de Pantal\u00f3 \u2013 Escenari pel\u00b7l\u00edcula Alcarr\u00e0s.<\/li>\n<li>Ametllers en floraci\u00f3.<\/li>\n<li>Reial Monestir de Santa Maria d\u2019Escarp.<\/li>\n<li>Aiguabarreig Segre- Cinca i vistes des del Pont vell a la floraci\u00f3 del meandre de La Granja d\u2019Escarp.<\/li>\n<\/ul>\n<p>&nbsp;<\/p>\n<p>&nbsp;<\/p>\n<p><strong>Dist\u00e0ncia:\u00a0<\/strong>11 Km.<\/p>\n<p><strong>Durada de la ruta:<\/strong> 2 &#8211; 3h.<\/p>\n<p><strong>Tamany del grup per ruta:<\/strong> m\u00e0xim 25 persones.<\/p>\n<p><strong>D\u00edes disponibles: <\/strong>Diumenge 5 de mar\u00e7.<\/p>\n<p><strong>Horaris:<\/strong> de 10.00h &#8211; 13.00h. aprox.<\/p>\n<p><strong>Preus<\/strong><\/p>\n<p>20,00\u20ac per persona<\/p>\n<p>(Inclou visita guiada, autob\u00fas, esmorzar a la brasa i visites exclusives)<strong>\u00a0\u00a0 <\/strong><\/p>\n<p>Possibilitat de dinar en un restaurant local (Preu men\u00fa no incl\u00f2s, consultar)<\/p>\n<p>A Massalcoreig:<\/p>\n<p>&#8211;\u00a0 Bar Montse 650.914.382<\/p>\n<p>&#8211;\u00a0 Bar Esteve 973.79.36.20<\/p>\n<p>A La Granja d\u2019Escarp:<\/p>\n<p>&#8211;\u00a0 Bar restaurant La Terrassa 973.04.93.14[\/vc_column_text][vc_empty_space height=\u00a0\u00bb23px\u00a0\u00bb][\/vc_column][vc_column width=\u00a0\u00bb1\/6&Prime;][vc_empty_space height=\u00a0\u00bb120px\u00a0\u00bb][vc_column_text]<\/p>\n<h6 style=\"text-align: right;\">AJUNTAMENT<\/h6>\n<h6 style=\"text-align: right;\">MASSALCOREIG<\/h6>\n<p style=\"text-align: right;\">Pla\u00e7a de l&rsquo;Esgl\u00e9sia, 0<\/p>\n<p style=\"text-align: right;\">MASSALCOREIG \u2013 25184<\/p>\n<p style=\"text-align: right;\">Lleida<\/p>\n<p>[\/vc_column_text][vc_empty_space height=\u00a0\u00bb23px\u00a0\u00bb]<a  itemprop=\"url\" href=\"http:\/\/www.massalcoreig.cat\/\" target=\"_blank\"  class=\"qbutton  right default\" style=\"\">WEB MUNICIPAL<\/a>[vc_empty_space height=\u00a0\u00bb23px\u00a0\u00bb][vc_separator type=\u00a0\u00bbnormal\u00a0\u00bb color=\u00a0\u00bb#000000&Prime;][vc_column_text]<\/p>\n<h5 style=\"text-align: right;\">Tel. 973 793 601<\/h5>\n<p>[\/vc_column_text][vc_empty_space height=\u00a0\u00bb46px\u00a0\u00bb][\/vc_column][\/vc_row][vc_row css_animation=\u00a0\u00bb\u00a0\u00bb row_type=\u00a0\u00bbrow\u00a0\u00bb use_row_as_full_screen_section=\u00a0\u00bbno\u00a0\u00bb type=\u00a0\u00bbfull_width\u00a0\u00bb angled_section=\u00a0\u00bbno\u00a0\u00bb text_align=\u00a0\u00bbcenter\u00a0\u00bb background_image_as_pattern=\u00a0\u00bbwithout_pattern\u00a0\u00bb z_index=\u00a0\u00bb\u00a0\u00bb][vc_column width=\u00a0\u00bb1\/6&Prime;][\/vc_column][vc_column width=\u00a0\u00bb2\/3&Prime;][vc_separator type=\u00a0\u00bbnormal\u00a0\u00bb color=\u00a0\u00bb#000000&Prime;][vc_empty_space height=\u00a0\u00bb46px\u00a0\u00bb][vc_column_text]<\/p>\n<h3 style=\"text-align: center;\">Fes la teva reserva<\/h3>\n<p>[\/vc_column_text][vc_empty_space height=\u00a0\u00bb46px\u00a0\u00bb]<a  itemprop=\"url\" href=\"https:\/\/inscripcions.cat\/floraciomassalcoreig2023\/\" target=\"_blank\"  class=\"qbutton  center enlarge\" style=\"\">RESERVA<\/a>[vc_empty_space height=\u00a0\u00bb46px\u00a0\u00bb][vc_separator type=\u00a0\u00bbnormal\u00a0\u00bb color=\u00a0\u00bb#000000&Prime;][vc_empty_space height=\u00a0\u00bb46px\u00a0\u00bb][vc_column_text]<\/p>\n<h3 style=\"text-align: center;\">Si tens qualsevol consulta contacta amb nosaltres.<\/h3>\n<p>[\/vc_column_text][vc_empty_space height=\u00a0\u00bb46px\u00a0\u00bb]<a  itemprop=\"url\" href=\"https:\/\/lafloracio.cat\/contacta-massalcoreig\/\" target=\"_self\"  class=\"qbutton  center enlarge\" style=\"\">CONTACTA<\/a>[vc_empty_space height=\u00a0\u00bb46px\u00a0\u00bb][vc_separator type=\u00a0\u00bbnormal\u00a0\u00bb color=\u00a0\u00bb#000000&Prime;][vc_empty_space height=\u00a0\u00bb46px\u00a0\u00bb][vc_gallery type=\u00a0\u00bbimage_grid\u00a0\u00bb images=\u00a0\u00bb1585,1583,1581,1579,1577,1575,1573,1571,1569,1567,1565,1563&Prime; img_size=\u00a0\u00bb200&#215;200&Prime; css_animation=\u00a0\u00bbfadeIn\u00a0\u00bb column_number=\u00a0\u00bb3&Prime; grayscale=\u00a0\u00bbno\u00a0\u00bb images_space=\u00a0\u00bbgallery_without_space\u00a0\u00bb][vc_empty_space height=\u00a0\u00bb60px\u00a0\u00bb][\/vc_column][vc_column width=\u00a0\u00bb1\/6&Prime;][\/vc_column][\/vc_row]<\/p>\n<\/section>","protected":false},"excerpt":{"rendered":"<p>[vc_row css_animation=\u00a0\u00bb\u00a0\u00bb row_type=\u00a0\u00bbrow\u00a0\u00bb use_row_as_full_screen_section=\u00a0\u00bbno\u00a0\u00bb type=\u00a0\u00bbfull_width\u00a0\u00bb angled_section=\u00a0\u00bbno\u00a0\u00bb text_align=\u00a0\u00bbleft\u00a0\u00bb background_image_as_pattern=\u00a0\u00bbwithout_pattern\u00a0\u00bb][vc_column width=\u00a0\u00bb1\/6&Prime;][\/vc_column][vc_column width=\u00a0\u00bb2\/3&Prime;][vc_column_text] Massalcoreig en flor. Ruta de la floraci\u00f3 Massalcoreig &#8211; la Granja d\u2019Escarp [\/vc_column_text][vc_empty_space height=\u00a0\u00bb46px\u00a0\u00bb][vc_column_text]Despr\u00e9s d\u2019un bon esmorzar a la brasa sortirem amb el bus cap a la zona del riu i visitarem la Badina de&#8230;<\/p>\n","protected":false},"author":1,"featured_media":2623,"parent":0,"menu_order":0,"comment_status":"closed","ping_status":"closed","template":"","meta":{"_monsterinsights_skip_tracking":false,"_monsterinsights_sitenote_active":false,"_monsterinsights_sitenote_note":"","_monsterinsights_sitenote_category":0,"footnotes":""},"class_list":["post-2740","page","type-page","status-publish","has-post-thumbnail","hentry"],"_links":{"self":[{"href":"https:\/\/lafloracio.cat\/fr\/wp-json\/wp\/v2\/pages\/2740","targetHints":{"allow":["GET"]}}],"collection":[{"href":"https:\/\/lafloracio.cat\/fr\/wp-json\/wp\/v2\/pages"}],"about":[{"href":"https:\/\/lafloracio.cat\/fr\/wp-json\/wp\/v2\/types\/page"}],"author":[{"embeddable":true,"href":"https:\/\/lafloracio.cat\/fr\/wp-json\/wp\/v2\/users\/1"}],"replies":[{"embeddable":true,"href":"https:\/\/lafloracio.cat\/fr\/wp-json\/wp\/v2\/comments?post=2740"}],"version-history":[{"count":1,"href":"https:\/\/lafloracio.cat\/fr\/wp-json\/wp\/v2\/pages\/2740\/revisions"}],"predecessor-version":[{"id":2811,"href":"https:\/\/lafloracio.cat\/fr\/wp-json\/wp\/v2\/pages\/2740\/revisions\/2811"}],"wp:featuredmedia":[{"embeddable":true,"href":"https:\/\/lafloracio.cat\/fr\/wp-json\/wp\/v2\/media\/2623"}],"wp:attachment":[{"href":"https:\/\/lafloracio.cat\/fr\/wp-json\/wp\/v2\/media?parent=2740"}],"curies":[{"name":"wp","href":"https:\/\/api.w.org\/{rel}","templated":true}]}}