{"id":2666,"date":"2023-02-24T16:14:03","date_gmt":"2023-02-24T15:14:03","guid":{"rendered":"https:\/\/lafloracio.cat\/almacelles\/"},"modified":"2026-02-17T10:22:16","modified_gmt":"2026-02-17T09:22:16","slug":"almacelles","status":"publish","type":"page","link":"https:\/\/lafloracio.cat\/fr\/almacelles\/","title":{"rendered":"Almacelles"},"content":{"rendered":"<section class=\"wpb-content-wrapper\"><p>[vc_row css_animation=\u00a0\u00bb\u00a0\u00bb row_type=\u00a0\u00bbrow\u00a0\u00bb use_row_as_full_screen_section=\u00a0\u00bbno\u00a0\u00bb type=\u00a0\u00bbfull_width\u00a0\u00bb angled_section=\u00a0\u00bbno\u00a0\u00bb text_align=\u00a0\u00bbleft\u00a0\u00bb background_image_as_pattern=\u00a0\u00bbwithout_pattern\u00a0\u00bb][vc_column width=\u00a0\u00bb1\/6&Prime;][\/vc_column][vc_column width=\u00a0\u00bb2\/3&Prime;][vc_column_text]<\/p>\n<h1 style=\"text-align: center;\"><strong>Prunus \u201cVermuth entre flors\u201d.<\/strong><\/h1>\n<p>[\/vc_column_text][vc_empty_space height=\u00a0\u00bb46px\u00a0\u00bb][vc_column_text]A Prunus\u00a0a part de produir i comercialitzar la fruita, estimem tant la nostra terra i el preci\u00f3s mar de flors i fruita que es dibuixa segons l\u2019\u00e8poca, que\u00a0ens agrada que vingueu a gaudir-los, organitzant diferents esdeveniments i activitats.<\/p>\n<p>&nbsp;<\/p>\n<p>Aquest any 2023 a Prunus podr\u00e0s tornar a gaudir del \u201c3er. Vermut entre flors\u201d disfrutant de la natura i gastronomia de proximitat entre arbres florits.<\/p>\n<p>&nbsp;<\/p>\n<p><strong>On som?<\/strong><\/p>\n<p>Estem situats a <a href=\"https:\/\/es.prunus.cat\/\"><strong>Prunus<\/strong><\/a> &#8211; Cam\u00ed de La Saira s\/n, 25100, Alamcelles (Lleida)<\/p>\n<div class=\"page\" title=\"Page 2\">\n<div class=\"section\">\n<div class=\"layoutArea\">\n<div class=\"column\">\n<p>&nbsp;<\/p>\n<\/div>\n<\/div>\n<\/div>\n<\/div>\n<p><strong>Qu\u00e8 es pot veure?<\/strong><\/p>\n<p>L\u2019\u00e8poca de floraci\u00f3 \u00e9s una de les nostres preferides, juntament amb la de la collita.<\/p>\n<p>Doncs com que som amants de la terra i els productes de proximitat,\u00a0diversos productors de la zona ens reunim amb els nostres productes, i els oferim en forma de tast, posant aix\u00ed en valor la feina que fem els productors artesanals de les terres de Lleida,\u00a0mentre passegem entre arbres fruiters florits.<\/p>\n<p>&nbsp;<\/p>\n<p><strong>Durada de la ruta:<\/strong> 2h 30 minuts.<\/p>\n<p><strong>Tamany del grup per ruta:<\/strong> entre 2 &#8211; 20 persones.<\/p>\n<p><strong>Dies disponibles: <\/strong>1 i 2 d&rsquo;Abril.<\/p>\n<p><strong>Horaris:<\/strong>\u00a0 de 11.00h. a 15.00h.<\/p>\n<p><strong>Preus<\/strong><\/p>\n<p>Entrada gratu\u00efta amb inscripci\u00f3 pr\u00e8via.[\/vc_column_text][vc_empty_space height=\u00a0\u00bb46px\u00a0\u00bb][\/vc_column][vc_column width=\u00a0\u00bb1\/6&Prime;][vc_empty_space height=\u00a0\u00bb120px\u00a0\u00bb][vc_column_text]<\/p>\n<h6 style=\"text-align: right;\">AJUNTAMENT<\/h6>\n<h6 style=\"text-align: right;\">ALMACELLES<\/h6>\n<p style=\"text-align: right;\">Pla\u00e7a de la Vila, 1 Baixos<\/p>\n<p style=\"text-align: right;\">Almacelles \u2013 25100<\/p>\n<p style=\"text-align: right;\">Lleida<\/p>\n<p>[\/vc_column_text][vc_empty_space height=\u00a0\u00bb23px\u00a0\u00bb]<a  itemprop=\"url\" href=\"https:\/\/www.almacelles.cat\/\" target=\"_blank\"  class=\"qbutton  right default\" style=\"\">WEB MUNICIPAL<\/a>[vc_empty_space height=\u00a0\u00bb15px\u00a0\u00bb]<a  itemprop=\"url\" href=\"https:\/\/es.prunus.cat\/\" target=\"_blank\"  class=\"qbutton  right default\" style=\"\">WEB PRUNUS<\/a>[vc_empty_space height=\u00a0\u00bb23px\u00a0\u00bb][vc_separator type=\u00a0\u00bbnormal\u00a0\u00bb color=\u00a0\u00bb#000000&Prime;][vc_column_text]<\/p>\n<h5 style=\"text-align: right;\">Tel. 973 741 212<\/h5>\n<p>[\/vc_column_text][vc_empty_space height=\u00a0\u00bb46px\u00a0\u00bb][\/vc_column][\/vc_row][vc_row css_animation=\u00a0\u00bb\u00a0\u00bb row_type=\u00a0\u00bbrow\u00a0\u00bb use_row_as_full_screen_section=\u00a0\u00bbno\u00a0\u00bb type=\u00a0\u00bbfull_width\u00a0\u00bb angled_section=\u00a0\u00bbno\u00a0\u00bb text_align=\u00a0\u00bbcenter\u00a0\u00bb background_image_as_pattern=\u00a0\u00bbwithout_pattern\u00a0\u00bb z_index=\u00a0\u00bb\u00a0\u00bb][vc_column width=\u00a0\u00bb1\/6&Prime;][\/vc_column][vc_column width=\u00a0\u00bb2\/3&Prime;][vc_separator type=\u00a0\u00bbnormal\u00a0\u00bb color=\u00a0\u00bb#000000&Prime;][vc_empty_space height=\u00a0\u00bb46px\u00a0\u00bb][vc_column_text]<\/p>\n<h3 style=\"text-align: center;\">Fes la teva reserva<\/h3>\n<p>[\/vc_column_text][vc_empty_space height=\u00a0\u00bb46px\u00a0\u00bb]<a  itemprop=\"url\" href=\"https:\/\/forms.gle\/S8TW4kGye2V3XDN67\" target=\"_blank\"  class=\"qbutton  center enlarge\" style=\"\">RESERVA<\/a>[vc_empty_space height=\u00a0\u00bb46px\u00a0\u00bb][vc_separator type=\u00a0\u00bbnormal\u00a0\u00bb color=\u00a0\u00bb#000000&Prime;][vc_empty_space height=\u00a0\u00bb46px\u00a0\u00bb][vc_column_text]<\/p>\n<h3 style=\"text-align: center;\">Si tens qualsevol consulta contacta amb nosaltres.<\/h3>\n<p>[\/vc_column_text][vc_empty_space height=\u00a0\u00bb46px\u00a0\u00bb]<a  itemprop=\"url\" href=\"https:\/\/lafloracio.cat\/contacta-almacelles\/\" target=\"_self\"  class=\"qbutton  center enlarge\" style=\"\">CONTACTA<\/a>[vc_empty_space height=\u00a0\u00bb46px\u00a0\u00bb][vc_separator type=\u00a0\u00bbnormal\u00a0\u00bb color=\u00a0\u00bb#000000&Prime;][vc_empty_space height=\u00a0\u00bb46px\u00a0\u00bb][vc_gallery type=\u00a0\u00bbimage_grid\u00a0\u00bb images=\u00a0\u00bb2015,2011,2009,2007,2005,2003,2001,1999,1995,1993,2667&Prime; img_size=\u00a0\u00bb200&#215;200&Prime; css_animation=\u00a0\u00bbfadeIn\u00a0\u00bb column_number=\u00a0\u00bb3&Prime; grayscale=\u00a0\u00bbno\u00a0\u00bb images_space=\u00a0\u00bbgallery_without_space\u00a0\u00bb][vc_empty_space height=\u00a0\u00bb60px\u00a0\u00bb][\/vc_column][vc_column width=\u00a0\u00bb1\/6&Prime;][\/vc_column][\/vc_row]<\/p>\n<\/section>","protected":false},"excerpt":{"rendered":"<p>[vc_row css_animation=\u00a0\u00bb\u00a0\u00bb row_type=\u00a0\u00bbrow\u00a0\u00bb use_row_as_full_screen_section=\u00a0\u00bbno\u00a0\u00bb type=\u00a0\u00bbfull_width\u00a0\u00bb angled_section=\u00a0\u00bbno\u00a0\u00bb text_align=\u00a0\u00bbleft\u00a0\u00bb background_image_as_pattern=\u00a0\u00bbwithout_pattern\u00a0\u00bb][vc_column width=\u00a0\u00bb1\/6&Prime;][\/vc_column][vc_column width=\u00a0\u00bb2\/3&Prime;][vc_column_text] Prunus \u201cVermuth entre flors\u201d. [\/vc_column_text][vc_empty_space height=\u00a0\u00bb46px\u00a0\u00bb][vc_column_text]A Prunus\u00a0a part de produir i comercialitzar la fruita, estimem tant la nostra terra i el preci\u00f3s mar de flors i fruita que es dibuixa segons l\u2019\u00e8poca, que\u00a0ens agrada que&#8230;<\/p>\n","protected":false},"author":3,"featured_media":0,"parent":0,"menu_order":0,"comment_status":"closed","ping_status":"closed","template":"","meta":{"_monsterinsights_skip_tracking":false,"_monsterinsights_sitenote_active":false,"_monsterinsights_sitenote_note":"","_monsterinsights_sitenote_category":0,"footnotes":""},"class_list":["post-2666","page","type-page","status-publish","hentry"],"_links":{"self":[{"href":"https:\/\/lafloracio.cat\/fr\/wp-json\/wp\/v2\/pages\/2666","targetHints":{"allow":["GET"]}}],"collection":[{"href":"https:\/\/lafloracio.cat\/fr\/wp-json\/wp\/v2\/pages"}],"about":[{"href":"https:\/\/lafloracio.cat\/fr\/wp-json\/wp\/v2\/types\/page"}],"author":[{"embeddable":true,"href":"https:\/\/lafloracio.cat\/fr\/wp-json\/wp\/v2\/users\/3"}],"replies":[{"embeddable":true,"href":"https:\/\/lafloracio.cat\/fr\/wp-json\/wp\/v2\/comments?post=2666"}],"version-history":[{"count":1,"href":"https:\/\/lafloracio.cat\/fr\/wp-json\/wp\/v2\/pages\/2666\/revisions"}],"predecessor-version":[{"id":2701,"href":"https:\/\/lafloracio.cat\/fr\/wp-json\/wp\/v2\/pages\/2666\/revisions\/2701"}],"wp:attachment":[{"href":"https:\/\/lafloracio.cat\/fr\/wp-json\/wp\/v2\/media?parent=2666"}],"curies":[{"name":"wp","href":"https:\/\/api.w.org\/{rel}","templated":true}]}}