{"id":2660,"date":"2023-02-24T16:53:48","date_gmt":"2023-02-24T15:53:48","guid":{"rendered":"https:\/\/lafloracio.cat\/artesa-de-lleida\/"},"modified":"2026-02-17T10:22:15","modified_gmt":"2026-02-17T09:22:15","slug":"artesa-de-lleida","status":"publish","type":"page","link":"https:\/\/lafloracio.cat\/fr\/artesa-de-lleida\/","title":{"rendered":"Artesa de Lleida"},"content":{"rendered":"<section class=\"wpb-content-wrapper\"><p>[vc_row css_animation=\u00a0\u00bb\u00a0\u00bb row_type=\u00a0\u00bbrow\u00a0\u00bb use_row_as_full_screen_section=\u00a0\u00bbno\u00a0\u00bb type=\u00a0\u00bbfull_width\u00a0\u00bb angled_section=\u00a0\u00bbno\u00a0\u00bb text_align=\u00a0\u00bbleft\u00a0\u00bb background_image_as_pattern=\u00a0\u00bbwithout_pattern\u00a0\u00bb][vc_column width=\u00a0\u00bb1\/6&Prime;][\/vc_column][vc_column width=\u00a0\u00bb2\/3&Prime;][vc_column_text]<\/p>\n<h1 style=\"text-align: center;\"><strong>Floraci\u00f3 de la nostra Banqueta.<\/strong><\/h1>\n<p>[\/vc_column_text][vc_empty_space height=\u00a0\u00bb46px\u00a0\u00bb][vc_column_text]<strong>1er dia mat\u00ed: <\/strong><\/p>\n<p>Sortida d\u2019Artesa de Lleida i recorregut per la banqueta del Canal d\u2019Urgell en direcci\u00f3 a Puigverd de Lleida. La visita contempla con\u00e8ixer el territori i els valors que s\u2019hi relacionen, aix\u00ed com difondre la cura i cust\u00f2dia del territori, la vida de pag\u00e8s i els elements hist\u00f2rics m\u00e9s rellevants. Parades amb guia tur\u00edstic i explicaci\u00f3 dels principals elements patrimonials de la ruta (ponts de pedra, caselles, hist\u00f2ria del Canal d\u2019Urgell, salts d\u2019aigua i flora i fauna de la zona). Parada per esmorzar-punt d\u2019avituallament amb productes locals (a mig circu\u00eft). Les explicacions es duran a terme a c\u00e0rrec de guies locals (Felip Niub\u00f3), regidor de Cultura i membre de l\u2019associaci\u00f3 L\u2019afany, entitat cultural de Puigverd de Lleida i un pag\u00e8s del municipi. Parada final amb vermut i taller de manualitats amb flors, a c\u00e0rrec de Lo Artis Tic Group, adre\u00e7at a tots els p\u00fablics.<\/p>\n<p>&nbsp;<\/p>\n<p><strong>1er dia tarda:<\/strong><\/p>\n<p>Sortida des del Pavell\u00f3 Municipal d\u2019Artesa de Lleida en direcci\u00f3 al tur\u00f3 de la Pena. La visita contempla con\u00e8ixer el territori i els valors que s\u2019hi relacionen, aix\u00ed com difondre la cura i cust\u00f2dia del territori, la vida de pag\u00e8s i els elements hist\u00f2rics m\u00e9s rellevants. Parades amb guia tur\u00edstic i explicaci\u00f3 dels principals elements patrimonials de la ruta (hist\u00f2ria del ferrocarril i estaci\u00f3 Puigverd-Artesa, visita al dip\u00f2sit d\u2019aigua de formig\u00f3 armat i campament militar de la Pena de Puigverd). Les explicacions es duran a terme a c\u00e0rrec de guies locals (Felip Niub\u00f3), regidor de Cultura i membre de l\u2019associaci\u00f3 L\u2019afany, entitat cultural de Puigverd de Lleida.<\/p>\n<p>&nbsp;<\/p>\n<p><strong>On som?<\/strong><\/p>\n<p><strong>1r dia<\/strong> (dissabte mat\u00ed): D\u2019Artesa de Lleida a Puigverd de Lleida.<\/p>\n<p>&nbsp;<\/p>\n<p><strong>1r dia<\/strong> (dissabte tarda): D\u2019Artesa de Lleida a Puigverd de Lleida.<\/p>\n<p>&nbsp;<\/p>\n<p><strong>Qu\u00e8 hi veurem?<\/strong><\/p>\n<p><strong>1r dia mat\u00ed: <\/strong>El Canal d\u2019Urgell, la seva Banqueta arbrada i la floraci\u00f3 del terme.<\/p>\n<p>&nbsp;<\/p>\n<p><strong>1r dia tarda: <\/strong>la via del ferrocarril, el tur\u00f3 de la Pena, dip\u00f2sit fet pel President de la Generalitat Francesc Maci\u00e0 (considerada la primera obra p\u00fablica de formig\u00f3 armat de tot l\u2019Estat) i la floraci\u00f3 del terme.<\/p>\n<p>&nbsp;<\/p>\n<p><strong>Qu\u00e8 es pot aprendre?<\/strong><\/p>\n<ul>\n<li>Cura i cust\u00f2dia pel territorio (Recollir la brossa del trajecte, etc.)<\/li>\n<li>Sensibilitzar sobre el canvi clim\u00e0tic i el m\u00f3n de la pagesia<\/li>\n<li>Fomentar el patrimonio cultural i natural<\/li>\n<li>Potenciar les relacions intergeneracionals, activitat familiar<\/li>\n<li>Dinamitzar i crear sinergias entre municipis<\/li>\n<li>Dinamitzar i ajudar als establiments i comer local (promoci\u00f3 econ\u00f2mia i tur\u00edstica)<\/li>\n<li>Fomentar l\u2019esport i h\u00e0bits saludables<\/li>\n<\/ul>\n<p>&nbsp;<\/p>\n<p><strong>Elements singulars del nostre patrimoni<\/strong><\/p>\n<p><strong>1r dia: <\/strong><\/p>\n<ul>\n<li>Canal d\u2019Urgell i Banqueta:<\/li>\n<li>M\u00f2duls<\/li>\n<li>Salts d\u2019aigua<\/li>\n<li>Ponts<\/li>\n<li>Ind\u00fastria entorn al canal<\/li>\n<li>Flora i fauna<\/li>\n<\/ul>\n<p><strong>1r dia tarda:<\/strong><\/p>\n<ul>\n<li>Via del ferrocarril<\/li>\n<li>Estaci\u00f3 de trens Puigverd-Artesa<\/li>\n<li>Dip\u00f2sti d\u2019aigua de formig\u00f3 armat, fet per Francesc Maci\u00e0 (primera obra de formig\u00f3 armat de Catalunya i de l\u2019Estat espanyol)<\/li>\n<li>Campament militar de la Pena i niu de metralladores<\/li>\n<\/ul>\n<p>&nbsp;<\/p>\n<p><strong>Parades imprescindibles<\/strong><\/p>\n<p><strong>1r dia: <\/strong><\/p>\n<ul>\n<li>Canal d\u2019Urgell i Banqueta:<\/li>\n<li>M\u00f2duls<\/li>\n<li>Salts d\u2019aigua<\/li>\n<li>Ponts<\/li>\n<li>Ind\u00fastria entorn al canal<\/li>\n<li>Flora i fauna<\/li>\n<\/ul>\n<p><strong>1r dia tarda:<\/strong><\/p>\n<ul>\n<li>Via del ferrocarril<\/li>\n<li>Estaci\u00f3 de trens Puigverd-Artesa<\/li>\n<li>Dip\u00f2sti d\u2019aigua de formig\u00f3 armat, fet per Francesc Maci\u00e0 (primera obra de formig\u00f3 armat de Catalunya i de l\u2019Estat espanyol)<\/li>\n<li>Campament militar de la Pena i niu de metralladores<\/li>\n<\/ul>\n<p>&nbsp;<\/p>\n<p><strong>Durada de la ruta:<\/strong> 3h<\/p>\n<p><strong>Tamany del grup per ruta:<\/strong> 100 persones per ruta.<\/p>\n<p><strong>Dies disponibles: <\/strong>Dissabte 11 de mar\u00e7.<\/p>\n<p><strong>Horaris:<\/strong><\/p>\n<p><strong>1r dia mat\u00ed:<\/strong> de 10.00h. a 13.00h.<\/p>\n<p><strong>1r dia tarda:<\/strong> de 16.00h. a 19.30h.<\/p>\n<p><strong>Preus<\/strong><\/p>\n<p><strong>5\u20ac<\/strong> per persona.<\/p>\n<p>Nens fins a 10 anys gratu\u00eft.[\/vc_column_text][vc_empty_space height=\u00a0\u00bb23px\u00a0\u00bb]<a  itemprop=\"url\" href=\"https:\/\/ca.wikiloc.com\/rutes-senderisme\/ruta-de-la-floracio-dissabte-124028372\" target=\"_blank\"  class=\"qbutton  center enlarge\" style=\"\">RUTA DISSABTE MAT\u00cd WIKILOC<\/a>[vc_empty_space height=\u00a0\u00bb15px\u00a0\u00bb]<a  itemprop=\"url\" href=\"https:\/\/ca.wikiloc.com\/rutes-senderisme\/ruta-de-la-floracio-posta-de-sol-124028519\" target=\"_blank\"  class=\"qbutton  center enlarge\" style=\"\">RUTA DISSABTE TARDA WIKILOC<\/a>[vc_empty_space height=\u00a0\u00bb46px\u00a0\u00bb][\/vc_column][vc_column width=\u00a0\u00bb1\/6&Prime;][vc_empty_space height=\u00a0\u00bb120px\u00a0\u00bb][vc_column_text]<\/p>\n<h6 style=\"text-align: right;\">AJUNTAMENT<\/h6>\n<h6 style=\"text-align: right;\">ARTESA DE LLEIDA<\/h6>\n<p style=\"text-align: right;\">Carrer Castell, 3<\/p>\n<p style=\"text-align: right;\">25150 Artesa de Lleida<\/p>\n<p style=\"text-align: right;\">Lleida<\/p>\n<p>[\/vc_column_text][vc_empty_space height=\u00a0\u00bb46px\u00a0\u00bb]<a  itemprop=\"url\" href=\"https:\/\/artesalleida.ddl.net\/\" target=\"_blank\"  class=\"qbutton  center enlarge\" style=\"\">WEB MUNICIPAL<\/a>[vc_empty_space height=\u00a0\u00bb46px\u00a0\u00bb][vc_separator type=\u00a0\u00bbnormal\u00a0\u00bb color=\u00a0\u00bb#000000&Prime;][vc_column_text]<\/p>\n<h5 style=\"text-align: right;\">Tel. 973 167 162<\/h5>\n<p>[\/vc_column_text][vc_empty_space height=\u00a0\u00bb46px\u00a0\u00bb][\/vc_column][\/vc_row][vc_row css_animation=\u00a0\u00bb\u00a0\u00bb row_type=\u00a0\u00bbrow\u00a0\u00bb use_row_as_full_screen_section=\u00a0\u00bbno\u00a0\u00bb type=\u00a0\u00bbfull_width\u00a0\u00bb angled_section=\u00a0\u00bbno\u00a0\u00bb text_align=\u00a0\u00bbcenter\u00a0\u00bb background_image_as_pattern=\u00a0\u00bbwithout_pattern\u00a0\u00bb z_index=\u00a0\u00bb\u00a0\u00bb][vc_column width=\u00a0\u00bb1\/6&Prime;][\/vc_column][vc_column width=\u00a0\u00bb2\/3&Prime;][vc_separator type=\u00a0\u00bbnormal\u00a0\u00bb color=\u00a0\u00bb#000000&Prime;][vc_empty_space height=\u00a0\u00bb46px\u00a0\u00bb][vc_column_text]<\/p>\n<h3 style=\"text-align: center;\">Fes la teva reserva<\/h3>\n<p>[\/vc_column_text][vc_empty_space height=\u00a0\u00bb46px\u00a0\u00bb]<a  itemprop=\"url\" href=\"https:\/\/artesalleida.ddl.net\/entrades\/cultura\" target=\"_blank\"  class=\"qbutton  center enlarge\" style=\"\">RESERVA<\/a>[vc_empty_space height=\u00a0\u00bb46px\u00a0\u00bb][vc_separator type=\u00a0\u00bbnormal\u00a0\u00bb color=\u00a0\u00bb#000000&Prime;][vc_empty_space height=\u00a0\u00bb46px\u00a0\u00bb][vc_column_text]<\/p>\n<h3 style=\"text-align: center;\">Si tens qualsevol consulta contacta amb nosaltres.<\/h3>\n<p>[\/vc_column_text][vc_empty_space height=\u00a0\u00bb46px\u00a0\u00bb]<a  itemprop=\"url\" href=\"https:\/\/lafloracio.cat\/contacta-artesa-de-lleida\/\" target=\"_self\"  class=\"qbutton  center enlarge\" style=\"\">CONTACTA<\/a>[vc_empty_space height=\u00a0\u00bb46px\u00a0\u00bb][vc_separator type=\u00a0\u00bbnormal\u00a0\u00bb color=\u00a0\u00bb#000000&Prime;][vc_empty_space height=\u00a0\u00bb46px\u00a0\u00bb][vc_gallery type=\u00a0\u00bbimage_grid\u00a0\u00bb images=\u00a0\u00bb1986,1984,2661&Prime; img_size=\u00a0\u00bb200&#215;200&Prime; css_animation=\u00a0\u00bbfadeIn\u00a0\u00bb column_number=\u00a0\u00bb3&Prime; grayscale=\u00a0\u00bbno\u00a0\u00bb images_space=\u00a0\u00bbgallery_without_space\u00a0\u00bb][vc_empty_space height=\u00a0\u00bb60px\u00a0\u00bb][\/vc_column][vc_column width=\u00a0\u00bb1\/6&Prime;][\/vc_column][\/vc_row]<\/p>\n<\/section>","protected":false},"excerpt":{"rendered":"<p>[vc_row css_animation=\u00a0\u00bb\u00a0\u00bb row_type=\u00a0\u00bbrow\u00a0\u00bb use_row_as_full_screen_section=\u00a0\u00bbno\u00a0\u00bb type=\u00a0\u00bbfull_width\u00a0\u00bb angled_section=\u00a0\u00bbno\u00a0\u00bb text_align=\u00a0\u00bbleft\u00a0\u00bb background_image_as_pattern=\u00a0\u00bbwithout_pattern\u00a0\u00bb][vc_column width=\u00a0\u00bb1\/6&Prime;][\/vc_column][vc_column width=\u00a0\u00bb2\/3&Prime;][vc_column_text] Floraci\u00f3 de la nostra Banqueta. [\/vc_column_text][vc_empty_space height=\u00a0\u00bb46px\u00a0\u00bb][vc_column_text]1er dia mat\u00ed: Sortida d\u2019Artesa de Lleida i recorregut per la banqueta del Canal d\u2019Urgell en direcci\u00f3 a Puigverd de Lleida. La visita contempla con\u00e8ixer el territori i els&#8230;<\/p>\n","protected":false},"author":3,"featured_media":0,"parent":0,"menu_order":0,"comment_status":"closed","ping_status":"closed","template":"","meta":{"_monsterinsights_skip_tracking":false,"_monsterinsights_sitenote_active":false,"_monsterinsights_sitenote_note":"","_monsterinsights_sitenote_category":0,"footnotes":""},"class_list":["post-2660","page","type-page","status-publish","hentry"],"_links":{"self":[{"href":"https:\/\/lafloracio.cat\/fr\/wp-json\/wp\/v2\/pages\/2660","targetHints":{"allow":["GET"]}}],"collection":[{"href":"https:\/\/lafloracio.cat\/fr\/wp-json\/wp\/v2\/pages"}],"about":[{"href":"https:\/\/lafloracio.cat\/fr\/wp-json\/wp\/v2\/types\/page"}],"author":[{"embeddable":true,"href":"https:\/\/lafloracio.cat\/fr\/wp-json\/wp\/v2\/users\/3"}],"replies":[{"embeddable":true,"href":"https:\/\/lafloracio.cat\/fr\/wp-json\/wp\/v2\/comments?post=2660"}],"version-history":[{"count":1,"href":"https:\/\/lafloracio.cat\/fr\/wp-json\/wp\/v2\/pages\/2660\/revisions"}],"predecessor-version":[{"id":2675,"href":"https:\/\/lafloracio.cat\/fr\/wp-json\/wp\/v2\/pages\/2660\/revisions\/2675"}],"wp:attachment":[{"href":"https:\/\/lafloracio.cat\/fr\/wp-json\/wp\/v2\/media?parent=2660"}],"curies":[{"name":"wp","href":"https:\/\/api.w.org\/{rel}","templated":true}]}}