{"id":830,"date":"2016-07-19T11:16:52","date_gmt":"2016-07-19T11:16:52","guid":{"rendered":"https:\/\/www.lafloracio.cat\/rutes\/"},"modified":"2022-03-01T14:11:26","modified_gmt":"2022-03-01T13:11:26","slug":"rutes","status":"publish","type":"page","link":"https:\/\/lafloracio.cat\/es\/rutes\/","title":{"rendered":"Rutas"},"content":{"rendered":"<section class=\"wpb-content-wrapper\"><p>[vc_row css_animation=\u00bb\u00bb row_type=\u00bbrow\u00bb use_row_as_full_screen_section=\u00bbno\u00bb type=\u00bbgrid\u00bb angled_section=\u00bbno\u00bb text_align=\u00bbcenter\u00bb background_image_as_pattern=\u00bbwithout_pattern\u00bb css=\u00bb.vc_custom_1468928392486{padding-top: 100px !important;padding-bottom: 65px !important;}\u00bb][vc_column][qode_elements_holder number_of_columns=\u00bbtwo_columns\u00bb][qode_elements_holder_item vertical_alignment=\u00bbmiddle\u00bb advanced_animations=\u00bbno\u00bb item_padding=\u00bb0 5%\u00bb item_padding_1024_1280=\u00bb0 0 0 0&#8243; item_padding_768_1024=\u00bb0 0 0 0&#8243; item_padding_600_768=\u00bb0 0 60px 0&#8243; item_padding_480_600=\u00bb0 0 60px 0&#8243; item_padding_480=\u00bb0 0 60px 0&#8243;][vc_column_text]<\/p>\n<h2>Ruta de la flor rosa del melocotonero<\/h2>\n<p>[\/vc_column_text][vc_column_text]<\/p>\n<h3><strong>Aitona<\/strong><\/h3>\n<p>[\/vc_column_text][vc_empty_space height=\u00bb46px\u00bb][vc_column_text]Si vienes entre semana, disfrutaremos de una ruta guiada por los campos con flor, con posterior visita guiada por el casco antiguo de Aitona para conocer los espacios y las leyendas m\u00e1s populares del municipio.[\/vc_column_text][vc_empty_space height=\u00bb49px\u00bb]<a  itemprop=\"url\" href=\"https:\/\/lafloracio.cat\/es\/aitona\/\" target=\"_self\"  class=\"qbutton  default\" style=\"\">ver ruta<\/a>[\/qode_elements_holder_item][qode_elements_holder_item vertical_alignment=\u00bbmiddle\u00bb advanced_animations=\u00bbno\u00bb][vc_empty_space height=\u00bb19px\u00bb][vc_single_image image=\u00bb948&#8243; img_size=\u00bbfull\u00bb qode_css_animation=\u00bb\u00bb][vc_empty_space height=\u00bb46px\u00bb][\/qode_elements_holder_item][\/qode_elements_holder][qode_elements_holder number_of_columns=\u00bbtwo_columns\u00bb][qode_elements_holder_item vertical_alignment=\u00bbmiddle\u00bb advanced_animations=\u00bbno\u00bb item_padding_600_768=\u00bb0 0 47px 0&#8243; item_padding_480_600=\u00bb0 0 47px 0&#8243; item_padding_480=\u00bb0 0 47px 0&#8243;][vc_single_image image=\u00bb196&#8243; img_size=\u00bbfull\u00bb qode_css_animation=\u00bb\u00bb][\/qode_elements_holder_item][qode_elements_holder_item vertical_alignment=\u00bbmiddle\u00bb advanced_animations=\u00bbno\u00bb item_padding=\u00bb0 5%\u00bb item_padding_1024_1280=\u00bb0 0 0 0&#8243; item_padding_768_1024=\u00bb0 0 0 0&#8243; item_padding_600_768=\u00bb0 0 0 0&#8243; item_padding_480_600=\u00bb0 0 0 0&#8243; item_padding_480=\u00bb0 0 0 0&#8243;][vc_empty_space height=\u00bb25px\u00bb][vc_column_text]<\/p>\n<h2>Ruta de la floraci\u00f3n del Aiguabarreig<\/h2>\n<p>[\/vc_column_text][vc_column_text]<\/p>\n<h3><strong>La Granja de Escarp<\/strong><\/h3>\n<p>[\/vc_column_text][vc_empty_space height=\u00bb46px\u00bb][vc_column_text]Veremos muchas vistas panor\u00e1micas desde el balc\u00f3n del Segre, donde observaremos la huerta y el meandro del r\u00edo, en la Florida, que se sit\u00faa en el valle florido de Cavero. Tambi\u00e9n nos aproximaremos a los cultivos y a sus \u00e1rboles en el Mas de Pedra, emplazamiento en el que nos explicar\u00e1n &#8230;[\/vc_column_text][vc_empty_space height=\u00bb49px\u00bb]<a  itemprop=\"url\" href=\"https:\/\/lafloracio.cat\/es\/la-granja-escarp\/\" target=\"_self\"  class=\"qbutton  default\" style=\"\">ver ruta<\/a>[\/qode_elements_holder_item][\/qode_elements_holder][qode_elements_holder number_of_columns=\u00bbtwo_columns\u00bb][qode_elements_holder_item vertical_alignment=\u00bbmiddle\u00bb advanced_animations=\u00bbno\u00bb item_padding=\u00bb0%\u00bb item_padding_1024_1280=\u00bb0 0 0 0&#8243; item_padding_768_1024=\u00bb0 0 0 0&#8243; item_padding_600_768=\u00bb0 0 60px 0&#8243; item_padding_480_600=\u00bb0 0 60px 0&#8243; item_padding_480=\u00bb0 0 60px 0&#8243;][vc_column_text]<\/p>\n<h2>Un Ramillete de Blancura<\/h2>\n<p>[\/vc_column_text][vc_column_text]<\/p>\n<h3><strong>Montoliu de Lleida<\/strong><\/h3>\n<p>[\/vc_column_text][vc_empty_space height=\u00bb46px\u00bb][vc_column_text]Entre campos de perales en flor, andaremos al lado de canales y acequias, verdaderos caminos del agua, que han sido el motor de desarrollo de este territorio. En el transcurso de la ruta, encontraremos &#8230;[\/vc_column_text][vc_empty_space height=\u00bb49px\u00bb]<a  itemprop=\"url\" href=\"https:\/\/lafloracio.cat\/es\/montoliu-de-lleida\/\" target=\"_self\"  class=\"qbutton  default\" style=\"\">ver ruta<\/a>[\/qode_elements_holder_item][qode_elements_holder_item vertical_alignment=\u00bbmiddle\u00bb advanced_animations=\u00bbno\u00bb][vc_empty_space height=\u00bb19px\u00bb][vc_single_image image=\u00bb274&#8243; img_size=\u00bbfull\u00bb qode_css_animation=\u00bb\u00bb][\/qode_elements_holder_item][\/qode_elements_holder][qode_elements_holder number_of_columns=\u00bbtwo_columns\u00bb][qode_elements_holder_item vertical_alignment=\u00bbmiddle\u00bb advanced_animations=\u00bbno\u00bb item_padding_600_768=\u00bb0 0 47px 0&#8243; item_padding_480_600=\u00bb0 0 47px 0&#8243; item_padding_480=\u00bb0 0 47px 0&#8243;][vc_single_image image=\u00bb950&#8243; img_size=\u00bbfull\u00bb qode_css_animation=\u00bb\u00bb][\/qode_elements_holder_item][qode_elements_holder_item vertical_alignment=\u00bbmiddle\u00bb advanced_animations=\u00bbno\u00bb item_padding=\u00bb0 5%\u00bb item_padding_1024_1280=\u00bb0 0 0 0&#8243; item_padding_768_1024=\u00bb0 0 0 0&#8243; item_padding_600_768=\u00bb0 0 0 0&#8243; item_padding_480_600=\u00bb0 0 0 0&#8243; item_padding_480=\u00bb0 0 0 0&#8243;][vc_empty_space height=\u00bb25px\u00bb][vc_column_text]<\/p>\n<h2>FlorSer\u00f2s Experience<\/h2>\n<p>[\/vc_column_text][vc_column_text]<\/p>\n<h3><strong>Ser\u00f2s<\/strong><\/h3>\n<p>[\/vc_column_text][vc_empty_space height=\u00bb46px\u00bb][vc_column_text]Observaremos los grandes contrastes entre las zonas de regad\u00edo y secano, donde no llega agua que no sea la de la lluvia. En los campos frutales, en cambio, disfrutaremos de las plantaciones floridas a la espera de la polinizaci\u00f3n al pie del Montmaneu.[\/vc_column_text][vc_empty_space height=\u00bb49px\u00bb]<a  itemprop=\"url\" href=\"https:\/\/lafloracio.cat\/es\/seros\/\" target=\"_self\"  class=\"qbutton  default\" style=\"\">ver ruta<\/a>[\/qode_elements_holder_item][\/qode_elements_holder][qode_elements_holder number_of_columns=\u00bbtwo_columns\u00bb][qode_elements_holder_item vertical_alignment=\u00bbmiddle\u00bb advanced_animations=\u00bbno\u00bb item_padding=\u00bb0 5%\u00bb item_padding_1024_1280=\u00bb0 0 0 0&#8243; item_padding_768_1024=\u00bb0 0 0 0&#8243; item_padding_600_768=\u00bb0 0 60px 0&#8243; item_padding_480_600=\u00bb0 0 60px 0&#8243; item_padding_480=\u00bb0 0 60px 0&#8243;][vc_column_text]<\/p>\n<h2>Soses en flor<\/h2>\n<p>[\/vc_column_text][vc_column_text]<\/p>\n<h3><strong>Soses<\/strong><\/h3>\n<p>[\/vc_column_text][vc_empty_space height=\u00bb46px\u00bb][vc_column_text]En primer lugar, apreciaremos las vistas panor\u00e1micas de los campos floridos y del r\u00edo Segre, desde el elevado Puntal del Aubet, para llegar, a continuaci\u00f3n, a una t\u00edpica mas\u00eda leridana rodeada de melocotoneros y sus flores.[\/vc_column_text][vc_empty_space height=\u00bb49px\u00bb]<a  itemprop=\"url\" href=\"https:\/\/lafloracio.cat\/es\/soses\/\" target=\"_self\"  class=\"qbutton  default\" style=\"\">ver ruta<\/a>[\/qode_elements_holder_item][qode_elements_holder_item vertical_alignment=\u00bbmiddle\u00bb advanced_animations=\u00bbno\u00bb][vc_empty_space height=\u00bb19px\u00bb][vc_single_image image=\u00bb971&#8243; img_size=\u00bbfull\u00bb qode_css_animation=\u00bb\u00bb][\/qode_elements_holder_item][\/qode_elements_holder][qode_elements_holder number_of_columns=\u00bbtwo_columns\u00bb][qode_elements_holder_item vertical_alignment=\u00bbmiddle\u00bb advanced_animations=\u00bbno\u00bb][vc_empty_space height=\u00bb19px\u00bb][vc_single_image image=\u00bb1639&#8243; img_size=\u00bbfull\u00bb qode_css_animation=\u00bb\u00bb][\/qode_elements_holder_item][qode_elements_holder_item vertical_alignment=\u00bbmiddle\u00bb advanced_animations=\u00bbno\u00bb item_padding=\u00bb0 5%\u00bb item_padding_1024_1280=\u00bb0 0 0 0&#8243; item_padding_768_1024=\u00bb0 0 0 0&#8243; item_padding_600_768=\u00bb0 0 60px 0&#8243; item_padding_480_600=\u00bb0 0 60px 0&#8243; item_padding_480=\u00bb0 0 60px 0&#8243;][vc_column_text]<\/p>\n<h2>Floraci\u00f3n en la Huerta de Lleida<\/h2>\n<p>[\/vc_column_text][vc_column_text]<\/p>\n<h3><strong>Lleida<\/strong><\/h3>\n<p>[\/vc_column_text][vc_empty_space height=\u00bb46px\u00bb][vc_column_text]Lleida es floraci\u00f3n, colores, texturas, matices\u2026 La ciudad y los centenares de hect\u00e1reas de su singular entorno natural acontecen un descubrimiento sorprendente.[\/vc_column_text][vc_empty_space height=\u00bb49px\u00bb]<a  itemprop=\"url\" href=\"https:\/\/lafloracio.cat\/es\/lleida\/\" target=\"_self\"  class=\"qbutton  default\" style=\"\">ver ruta<\/a>[\/qode_elements_holder_item][\/qode_elements_holder][qode_elements_holder number_of_columns=\u00bbtwo_columns\u00bb][qode_elements_holder_item vertical_alignment=\u00bbmiddle\u00bb advanced_animations=\u00bbno\u00bb item_padding=\u00bb0 5%\u00bb item_padding_1024_1280=\u00bb0 0 0 0&#8243; item_padding_768_1024=\u00bb0 0 0 0&#8243; item_padding_600_768=\u00bb0 0 60px 0&#8243; item_padding_480_600=\u00bb0 0 60px 0&#8243; item_padding_480=\u00bb0 0 60px 0&#8243;][vc_column_text]<\/p>\n<h2>Alcarr\u00e0s florido 2022<\/h2>\n<p>[\/vc_column_text][vc_column_text]<\/p>\n<h3><strong>Alcarr\u00e0s<\/strong><\/h3>\n<p>[\/vc_column_text][vc_empty_space height=\u00bb46px\u00bb][vc_column_text]Los \u00e1rboles de Alcarr\u00e0s en pleno proceso de floraci\u00f3n, forman un manto rosa que crea un paisaje encantador lleno de atractivos para nuestros sentidos.[\/vc_column_text][vc_empty_space height=\u00bb49px\u00bb]<a  itemprop=\"url\" href=\"https:\/\/lafloracio.cat\/es\/alcarras\/\" target=\"_self\"  class=\"qbutton  default\" style=\"\">ver ruta<\/a>[\/qode_elements_holder_item][qode_elements_holder_item vertical_alignment=\u00bbmiddle\u00bb advanced_animations=\u00bbno\u00bb][vc_empty_space height=\u00bb19px\u00bb][vc_single_image image=\u00bb1621&#8243; img_size=\u00bbfull\u00bb qode_css_animation=\u00bb\u00bb][\/qode_elements_holder_item][\/qode_elements_holder][qode_elements_holder number_of_columns=\u00bbtwo_columns\u00bb][qode_elements_holder_item vertical_alignment=\u00bbmiddle\u00bb advanced_animations=\u00bbno\u00bb][vc_empty_space height=\u00bb19px\u00bb][vc_single_image image=\u00bb1624&#8243; img_size=\u00bbfull\u00bb qode_css_animation=\u00bb\u00bb][\/qode_elements_holder_item][qode_elements_holder_item vertical_alignment=\u00bbmiddle\u00bb advanced_animations=\u00bbno\u00bb item_padding=\u00bb0 5%\u00bb item_padding_1024_1280=\u00bb0 0 0 0&#8243; item_padding_768_1024=\u00bb0 0 0 0&#8243; item_padding_600_768=\u00bb0 0 60px 0&#8243; item_padding_480_600=\u00bb0 0 60px 0&#8243; item_padding_480=\u00bb0 0 60px 0&#8243;][vc_column_text]<\/p>\n<h2>Massalcoreig en flor<\/h2>\n<p>[\/vc_column_text][vc_column_text]<\/p>\n<h3><strong>Massalcoreig<\/strong><\/h3>\n<p>[\/vc_column_text][vc_empty_space height=\u00bb46px\u00bb][vc_column_text]Adem\u00e1s de poder disfrutar del espect\u00e1culo de la floraci\u00f3n, aprenderemos el ciclo del \u00e1rbol frutal. La importancia del mundo del campesinado, un medio de vida necesario y que hay que dignificar.[\/vc_column_text][vc_empty_space height=\u00bb49px\u00bb]<a  itemprop=\"url\" href=\"https:\/\/lafloracio.cat\/es\/massalcoreig\/\" target=\"_self\"  class=\"qbutton  default\" style=\"\">ver ruta<\/a>[\/qode_elements_holder_item][\/qode_elements_holder][qode_elements_holder number_of_columns=\u00bbtwo_columns\u00bb][qode_elements_holder_item vertical_alignment=\u00bbmiddle\u00bb advanced_animations=\u00bbno\u00bb item_padding=\u00bb0 5%\u00bb item_padding_1024_1280=\u00bb0 0 0 0&#8243; item_padding_768_1024=\u00bb0 0 0 0&#8243; item_padding_600_768=\u00bb0 0 60px 0&#8243; item_padding_480_600=\u00bb0 0 60px 0&#8243; item_padding_480=\u00bb0 0 60px 0&#8243;][vc_column_text]<\/p>\n<h2>Paseo entre flores<\/h2>\n<p>[\/vc_column_text][vc_column_text]<\/p>\n<h3><strong>Corbins<\/strong><\/h3>\n<p>[\/vc_column_text][vc_empty_space height=\u00bb46px\u00bb][vc_column_text]En Corbins encontrar\u00e9is diversidad de \u00e1rboles frutales. Descubrir\u00e9is campos florecidos de melocotoneros, nectarinos, cerezos, manzanos, perales y ciruelos.[\/vc_column_text][vc_empty_space height=\u00bb49px\u00bb]<a  itemprop=\"url\" href=\"https:\/\/lafloracio.cat\/es\/corbins\/\" target=\"_self\"  class=\"qbutton  default\" style=\"\">ver ruta<\/a>[\/qode_elements_holder_item][qode_elements_holder_item vertical_alignment=\u00bbmiddle\u00bb advanced_animations=\u00bbno\u00bb][vc_empty_space height=\u00bb19px\u00bb][vc_single_image image=\u00bb1627&#8243; img_size=\u00bbfull\u00bb qode_css_animation=\u00bb\u00bb][\/qode_elements_holder_item][\/qode_elements_holder][\/vc_column][\/vc_row]<\/p>\n<\/section>","protected":false},"excerpt":{"rendered":"<p>[vc_row css_animation=\u00bb\u00bb row_type=\u00bbrow\u00bb use_row_as_full_screen_section=\u00bbno\u00bb type=\u00bbgrid\u00bb angled_section=\u00bbno\u00bb text_align=\u00bbcenter\u00bb background_image_as_pattern=\u00bbwithout_pattern\u00bb css=\u00bb.vc_custom_1468928392486{padding-top: 100px !important;padding-bottom: 65px !important;}\u00bb][vc_column][qode_elements_holder number_of_columns=\u00bbtwo_columns\u00bb][qode_elements_holder_item vertical_alignment=\u00bbmiddle\u00bb advanced_animations=\u00bbno\u00bb item_padding=\u00bb0 5%\u00bb item_padding_1024_1280=\u00bb0 0 0 0&#8243; item_padding_768_1024=\u00bb0 0 0 0&#8243; item_padding_600_768=\u00bb0 0 60px 0&#8243; item_padding_480_600=\u00bb0 0 60px 0&#8243; item_padding_480=\u00bb0 0 60px 0&#8243;][vc_column_text] Ruta de la flor rosa del melocotonero&#8230;<\/p>\n","protected":false},"author":1,"featured_media":0,"parent":0,"menu_order":0,"comment_status":"closed","ping_status":"closed","template":"","meta":{"_monsterinsights_skip_tracking":false,"_monsterinsights_sitenote_active":false,"_monsterinsights_sitenote_note":"","_monsterinsights_sitenote_category":0,"footnotes":""},"class_list":["post-830","page","type-page","status-publish","hentry"],"_links":{"self":[{"href":"https:\/\/lafloracio.cat\/es\/wp-json\/wp\/v2\/pages\/830","targetHints":{"allow":["GET"]}}],"collection":[{"href":"https:\/\/lafloracio.cat\/es\/wp-json\/wp\/v2\/pages"}],"about":[{"href":"https:\/\/lafloracio.cat\/es\/wp-json\/wp\/v2\/types\/page"}],"author":[{"embeddable":true,"href":"https:\/\/lafloracio.cat\/es\/wp-json\/wp\/v2\/users\/1"}],"replies":[{"embeddable":true,"href":"https:\/\/lafloracio.cat\/es\/wp-json\/wp\/v2\/comments?post=830"}],"version-history":[{"count":4,"href":"https:\/\/lafloracio.cat\/es\/wp-json\/wp\/v2\/pages\/830\/revisions"}],"predecessor-version":[{"id":1648,"href":"https:\/\/lafloracio.cat\/es\/wp-json\/wp\/v2\/pages\/830\/revisions\/1648"}],"wp:attachment":[{"href":"https:\/\/lafloracio.cat\/es\/wp-json\/wp\/v2\/media?parent=830"}],"curies":[{"name":"wp","href":"https:\/\/api.w.org\/{rel}","templated":true}]}}