{"id":823,"date":"2020-02-21T20:01:23","date_gmt":"2020-02-21T18:01:23","guid":{"rendered":"https:\/\/www.lafloracio.cat\/montoliu-de-lleida\/"},"modified":"2023-03-08T10:19:03","modified_gmt":"2023-03-08T09:19:03","slug":"montoliu-de-lleida","status":"publish","type":"page","link":"https:\/\/lafloracio.cat\/es\/montoliu-de-lleida\/","title":{"rendered":"Montoliu de Lleida"},"content":{"rendered":"<section class=\"wpb-content-wrapper\"><p>[vc_row css_animation=\u00bb\u00bb row_type=\u00bbrow\u00bb use_row_as_full_screen_section=\u00bbno\u00bb type=\u00bbfull_width\u00bb angled_section=\u00bbno\u00bb text_align=\u00bbleft\u00bb background_image_as_pattern=\u00bbwithout_pattern\u00bb][vc_column width=\u00bb1\/6&#8243;][\/vc_column][vc_column width=\u00bb2\/3&#8243;][vc_column_text]<\/p>\n<h1 style=\"text-align: center;\">Caminata mosaico de colores y sonidos.<\/h1>\n<h3 style=\"text-align: center;\">Quiere la tierra. Quiere la floraci\u00f3n. Quiere Montoliu.<\/h3>\n<p>[\/vc_column_text][vc_empty_space height=\u00bb46px\u00bb][vc_column_text]<strong>\u00bfD\u00f3nde estamos?<\/strong><\/p>\n<p>Estamos en Montoliu de Lleida, un peque\u00f1o pueblo agr\u00edcola en la cual la agricultura, especialmente la producci\u00f3n de fruta dulce, ha sido lo principal motor econ\u00f3mico desde medianos siglo XX.<\/p>\n<p>&nbsp;<\/p>\n<p><strong>\u00bfQuienes somos?<\/strong><\/p>\n<p>Somos campesinos, somos rurales, pero a la vez vivimos a la sombra de una ciudad de servicios que es Lleida. Formamos parte de la corona de cultivos que lo rodean.<\/p>\n<p>&nbsp;<\/p>\n<p><strong>\u00bfQu\u00e9 se puede ver?<\/strong><\/p>\n<p>Os ofrecemos una actividad multisensorial, una caminata por nuestro t\u00e9rmino guiada por campesinos locales, una propuesta de turismo activo y de proximidad, de descubrimiento del entorno rural de Montoliu, en medio de campos floridos, con un mosaico de colores fruto de la gran variedad de \u00e1rboles frutales y otros cultivos que se extiende hasta donde llega la vista, de disfrutar de los sonidos de la naturaleza, con el contrapunto de disfrutar de actuaciones musicales entre \u00e1rboles floridos. Recorreremos antiguos caminos ganaderos, veremos como la acci\u00f3n de los campesinos ha formado un paisaje agrario particular, nos adentraremos en espacios naturales que conservan la flora estep\u00e1ria aut\u00f3ctona, y disfrutaremos de elementos patrimoniales y de memoria hist\u00f3rica. La abundante fauna av\u00edcola que encontraremos por el recorrido, la hace una actividad especialmente indicada para quien tiene intereses ornitol\u00f3gicos.<\/p>\n<p>&nbsp;<\/p>\n<p><strong>\u00bfQu\u00e9 se puede aprender?<\/strong><\/p>\n<ul>\n<li>Aprenderemos las particularidades de los diferentes cultivos que forman un mosaico agrario de cromatismo variado.<\/li>\n<li>Veremos qual ha sido el proceso hist\u00f3rico que ha conformado el paisaje que vemos.<\/li>\n<li>Explicaremos qu\u00e9 diferencia hay entre las tierras de los regad\u00edos antiguos y las de los nuevos regad\u00edos que la hacen m\u00e1s apta para perales, mientras que la de nuevos regad\u00edos es m\u00e1s apta para fruta de hueso.<\/li>\n<li>Pasearemos por campos de cultivo en continua transformaci\u00f3n.<\/li>\n<li>Captaremos los sonidos naturales del espacio rural, y disfrutaremos de interpretaciones musicales.<\/li>\n<li>Daremos informaci\u00f3n del resto de rutas que se pueden llevar a cabo por nuestro municipio y de los atractivos patrimoniales de Montoliu de Lleida, as\u00ed como las otras iniciativas del Segri\u00e0 en el marco de Tierra de Floraci\u00f3n.<\/li>\n<\/ul>\n<p>&nbsp;<\/p>\n<p><strong>Elementos singulares de nuestro patrimonio<\/strong><\/p>\n<ul>\n<li>Patrimonio arqueol\u00f3gico (pasaremos cerca de varios yacimientos arqueol\u00f3gicos (no visitables), restos del poblado de Tabaco.<\/li>\n<li>Patrimonio industrial con las chimeneas de antiguos molinos (Chimeneas del Huerto del Pubillet, declarada BCIL, molino y chimenea de la Teuleria Tonino).<\/li>\n<li>Patrimonio del aprovechamiento del agua, con canales, acequias y las nuevas instalaciones del Segarra Garrigues.<\/li>\n<li>Patrimonio de la Guerra Civil con el B\u00fanker de la Guerra Civil cerca de la era del Pubillet.<\/li>\n<li>Patrimonio natural (espacios de flora y fauna esteparia pr\u00f3ximos al PEIN Mas de Melons-Alf\u00e9s).<\/li>\n<\/ul>\n<p>&nbsp;<\/p>\n<p><strong>Paradas imprescindibles<\/strong><\/p>\n<p>Durante el recorrido de la Caminata encontrar\u00e9is diversos gu\u00edas que os har\u00e1n una interpretaci\u00f3n del paisaje de miradores de visuales impactantes:<\/p>\n<ul>\n<li>La primera parada se llevar\u00e1 a cabo en el mirador del B\u00fanker de la Era del Pubillet, donde tendremos una vista excelente de las Huertas de Montoliu y el Valle del Segre.<\/li>\n<li>Nos pararemos tambi\u00e9n en la zona estep\u00e1ria del Sendero de las Pe\u00f1as, cerca del antiguo poblado de Tabaco, donde apreciaremos el contraste crom\u00e1tico entre la vegetaci\u00f3n aut\u00f3ctona y el blanco y rosado de los cultivos del Valle del Set.<\/li>\n<li>En la sierra que domina el Llano de Tabaco, tendremos un visual de horizontes lejanos con un mosaico de colores de los cultivos, en primer t\u00e9rmino, el skyline de la ciudad de Lleida y de fondo las cordilleras pirenaicas nevadas.<\/li>\n<\/ul>\n<p>En varios lugares, en medio de campos floridos, disfrutaremos de actuaciones musicales a cargo del Centro de Iniciativas Musicales.<\/p>\n<p>A media ruta encontraremos un avituallamiento con productos locales y de proximidad.<\/p>\n<p>Animaremos a los participantes a conocer mejor nuestro entorno y haremos difusi\u00f3n del resto de actividades del Segri\u00e0 en el marco de la campa\u00f1a Tierra de Floraci\u00f3n.<\/p>\n<p>Daremos informaci\u00f3n de los elementos patrimoniales de inter\u00e9s del municipio: la Chimenea del Huerto del Pubillet, la Iglesia, el Ayuntamiento, el n\u00facleo antiguo, las l\u00e1pidas de Jaume Gort, las eras, etc..<\/p>\n<p>Daremos tambi\u00e9n informaci\u00f3n del resto de rutas aut\u00f3nomas que se pueden llevar a cabo por los antiguos secanos de Tabaco, zonas que son un verdadero mosaico de colores.<\/p>\n<p>&nbsp;<\/p>\n<p><strong>Distancia: <\/strong>10 Km.<\/p>\n<p><strong>Duraci\u00f3n de la ruta:<\/strong> Se prev\u00e9 una duraci\u00f3n de unas 4 horas incluyendo las paradas.<\/p>\n<p><strong>Tama\u00f1o del grupo por ruta:<\/strong> m\u00e1ximo 300 personas.<\/p>\n<p><strong>D\u00edas disponibles: <\/strong>26 de marzo.<\/p>\n<p><strong>Horarios:<\/strong> Inicio a las 10h. Finalizaci\u00f3n alrededor de las 14h.<\/p>\n<p><strong>Precios<\/strong><\/p>\n<p>10\u20ac por persona <em>(IVA inclu\u00eddo).<\/em>[\/vc_column_text][vc_empty_space height=\u00bb46px\u00bb][\/vc_column][vc_column width=\u00bb1\/6&#8243;][vc_empty_space height=\u00bb120px\u00bb][vc_column_text]<\/p>\n<h6 style=\"text-align: right;\">AYUNTAMIENTO<\/h6>\n<h6 style=\"text-align: right;\">DE MONTOLIU DE LLEIDA<\/h6>\n<p style=\"text-align: right;\">Carrer Orient, 3<\/p>\n<p style=\"text-align: right;\">Montoliu de Lleida \u2013 25172<\/p>\n<p style=\"text-align: right;\">Lleida<\/p>\n<p>[\/vc_column_text][vc_empty_space height=\u00bb23px\u00bb]<a  itemprop=\"url\" href=\"https:\/\/montoliulleida.ddl.net\/turisme-1\/ruta-un-pom-de-blancor\" target=\"_blank\"  class=\"qbutton  center default\" style=\"\">WEB MUNICIPAL<\/a>[vc_empty_space height=\u00bb23px\u00bb][vc_separator type=\u00bbnormal\u00bb color=\u00bb#000000&#8243;][vc_column_text]<\/p>\n<h5 style=\"text-align: right;\">Tel. 973 720 280<\/h5>\n<p>[\/vc_column_text][vc_empty_space height=\u00bb46px\u00bb][\/vc_column][\/vc_row][vc_row css_animation=\u00bb\u00bb row_type=\u00bbrow\u00bb use_row_as_full_screen_section=\u00bbno\u00bb type=\u00bbfull_width\u00bb angled_section=\u00bbno\u00bb text_align=\u00bbcenter\u00bb background_image_as_pattern=\u00bbwithout_pattern\u00bb z_index=\u00bb\u00bb][vc_column width=\u00bb1\/6&#8243;][\/vc_column][vc_column width=\u00bb2\/3&#8243;][vc_separator type=\u00bbnormal\u00bb color=\u00bb#000000&#8243;][vc_empty_space height=\u00bb46px\u00bb][vc_column_text]<\/p>\n<h3 class=\"p1\" style=\"text-align: center;\"><span class=\"s1\">Haz tu reserva<\/span><\/h3>\n<p>[\/vc_column_text][vc_empty_space height=\u00bb46px\u00bb]<a  itemprop=\"url\" href=\"https:\/\/www.iter5.cat\/inscripcions\/formCursa.php?id=1810&amp;idioma=1\" target=\"_blank\"  class=\"qbutton  center enlarge\" style=\"\">RESERVA<\/a>[vc_empty_space height=\u00bb46px\u00bb][vc_separator type=\u00bbnormal\u00bb color=\u00bb#000000&#8243;][vc_empty_space height=\u00bb46px\u00bb][\/vc_column][vc_column width=\u00bb1\/6&#8243;][\/vc_column][\/vc_row][vc_row css_animation=\u00bb\u00bb row_type=\u00bbrow\u00bb use_row_as_full_screen_section=\u00bbno\u00bb type=\u00bbfull_width\u00bb angled_section=\u00bbno\u00bb text_align=\u00bbleft\u00bb background_image_as_pattern=\u00bbwithout_pattern\u00bb][vc_column width=\u00bb1\/6&#8243;][\/vc_column][vc_column width=\u00bb2\/3&#8243;][vc_column_text]<\/p>\n<h1 style=\"text-align: center;\">Un ramillete de blancura.<\/h1>\n<p>[\/vc_column_text][vc_empty_space height=\u00bb46px\u00bb][vc_column_text]Ruta guiada por campesinos por las huertas de Montoliu de Lleida, donde predomina el cultivo de perarales, que en \u00e9poca de floraci\u00f3n dan lugar a un paisaje que denominamos un ramillete de blancura, por el patchwork que forma el tapizado de flores blancas sobre fondo verde, y la forma de agruparse de las flores en peque\u00f1os ramilletes, como ramos de novia.<\/p>\n<p>Es una ruta tambi\u00e9n de caminos del agua, en cuanto que seguimos los caminos de servicio de las acequias y canales que han hecho f\u00e9rtil y de labranza esta tierra, y que tuvieron tambi\u00e9n su explotaci\u00f3n industrial, como testimonian las chimeneas que se han conservado de los antiguos molinos que aprovechaban la fuerza del agua.<\/p>\n<p>Empezamos nuestra ruta por la antiqu\u00edsima acequia de Torres, desde la que se tiene una panor\u00e1mica magn\u00edfica de las huertas que bajan hacia el r\u00edo Segre. Bajamos por el medio de las huertas, por el \u00faltimo banquillo del canal de Urgell hasta el espacio natural de los Patamolls de Montoliu, junto al r\u00edo Segre, donde acaba su curso el canal, una de las obras de ingenier\u00eda m\u00e1s importantes del siglo XIX. En la zona tambi\u00e9n encontraremos un b\u00fanker de la Guerra Civil, actualmente dentro del curso del r\u00edo Segre. Atravesaremos los Patamolls y subiremos por las huertas de Montoliu de Lleida hasta el punto de partida.<\/p>\n<p>Para empezar haremos una visita guiada por la Cooperativa Agraria de Montoliu de Lleida, donde veremos c\u00f3mo ha evolucionado el sector hortofrut\u00edcola en nuestras tierras. A continuaci\u00f3n empezaremos la ruta donde los gu\u00edas os introducir\u00e1n a la historia de los lugares que visit\u00e1is, en los trabajos del campo que han llevado a cabo los campesinos que han transformado el territorio, un espacio de naturaleza antropizada, informaci\u00f3n que os ayudar\u00e1 a comprender el paisaje que ver\u00e9is, con campos de pererales rebosantes de flores blancas.<\/p>\n<p>A media ruta tendremos una cata de producto local.<\/p>\n<p>&nbsp;<\/p>\n<p><strong>Distancia: <\/strong>4 Km.<\/p>\n<p><strong>Duraci\u00f3n de la ruta:<\/strong> Se prev\u00e9 una duraci\u00f3n de unas 3 horas.<\/p>\n<p><strong>Tama\u00f1o del grupo por ruta:<\/strong> m\u00e1ximo 20 personas.<\/p>\n<p><strong>D\u00edas disponibles: <\/strong>1 y 2 de abril.<\/p>\n<p><strong>Horarios:<\/strong> Inicio a las 10h.<\/p>\n<p><strong>Precios<\/strong><\/p>\n<p>6\u20ac por persona <em>(IVA inclu\u00eddo).<\/em>[\/vc_column_text][vc_empty_space height=\u00bb46px\u00bb][\/vc_column][vc_column width=\u00bb1\/6&#8243;][vc_empty_space height=\u00bb120px\u00bb][vc_column_text]<\/p>\n<h6 style=\"text-align: right;\">AYUNTAMIENTO<\/h6>\n<h6 style=\"text-align: right;\">DE MONTOLIU DE LLEIDA<\/h6>\n<p style=\"text-align: right;\">Carrer Orient, 3<\/p>\n<p style=\"text-align: right;\">Montoliu de Lleida \u2013 25172<\/p>\n<p style=\"text-align: right;\">Lleida<\/p>\n<p>[\/vc_column_text][vc_empty_space height=\u00bb23px\u00bb]<a  itemprop=\"url\" href=\"https:\/\/montoliulleida.ddl.net\/turisme-1\/ruta-un-pom-de-blancor\" target=\"_blank\"  class=\"qbutton  center default\" style=\"\">WEB MUNICIPAL<\/a>[vc_empty_space height=\u00bb23px\u00bb][vc_separator type=\u00bbnormal\u00bb color=\u00bb#000000&#8243;][vc_column_text]<\/p>\n<h5 style=\"text-align: right;\">Tel. 973 720 280<\/h5>\n<p>[\/vc_column_text][vc_empty_space height=\u00bb46px\u00bb][\/vc_column][\/vc_row][vc_row css_animation=\u00bb\u00bb row_type=\u00bbrow\u00bb use_row_as_full_screen_section=\u00bbno\u00bb type=\u00bbfull_width\u00bb angled_section=\u00bbno\u00bb text_align=\u00bbcenter\u00bb background_image_as_pattern=\u00bbwithout_pattern\u00bb z_index=\u00bb\u00bb][vc_column width=\u00bb1\/6&#8243;][\/vc_column][vc_column width=\u00bb2\/3&#8243;][vc_separator type=\u00bbnormal\u00bb color=\u00bb#000000&#8243;][vc_empty_space height=\u00bb46px\u00bb][vc_column_text]<\/p>\n<h3 class=\"p1\" style=\"text-align: center;\"><span class=\"s1\">Haz tu reserva<\/span><\/h3>\n<p>[\/vc_column_text][vc_empty_space height=\u00bb46px\u00bb]<a  itemprop=\"url\" href=\"https:\/\/www.iter5.cat\/inscripcions\/formCursa.php?id=1839\" target=\"_blank\"  class=\"qbutton  center enlarge\" style=\"\">RESERVA<\/a>[vc_empty_space height=\u00bb46px\u00bb][vc_separator type=\u00bbnormal\u00bb color=\u00bb#000000&#8243;][vc_empty_space height=\u00bb46px\u00bb][vc_column_text]<\/p>\n<h3 class=\"p1\"><span class=\"s1\">Si tienes cualquier consulta contacta con nosotros.<\/span><\/h3>\n<p>[\/vc_column_text][vc_empty_space height=\u00bb46px\u00bb]<a  itemprop=\"url\" href=\"https:\/\/lafloracio.cat\/es\/contacta-montoliu-de-lleida\/\" target=\"_self\"  class=\"qbutton  center enlarge\" style=\"\">CONTACTA<\/a>[vc_empty_space height=\u00bb46px\u00bb][vc_separator type=\u00bbnormal\u00bb color=\u00bb#000000&#8243;][vc_empty_space height=\u00bb46px\u00bb][vc_gallery type=\u00bbimage_grid\u00bb images=\u00bb677,676,675,673,672,671,670,669,668,667,666,665,664,663,662&#8243; img_size=\u00bb200&#215;200&#8243; css_animation=\u00bbfadeIn\u00bb column_number=\u00bb3&#8243; grayscale=\u00bbno\u00bb images_space=\u00bbgallery_without_space\u00bb][vc_empty_space height=\u00bb60px\u00bb][\/vc_column][vc_column width=\u00bb1\/6&#8243;][\/vc_column][\/vc_row]<\/p>\n<\/section>","protected":false},"excerpt":{"rendered":"<p>[vc_row css_animation=\u00bb\u00bb row_type=\u00bbrow\u00bb use_row_as_full_screen_section=\u00bbno\u00bb type=\u00bbfull_width\u00bb angled_section=\u00bbno\u00bb text_align=\u00bbleft\u00bb background_image_as_pattern=\u00bbwithout_pattern\u00bb][vc_column width=\u00bb1\/6&#8243;][\/vc_column][vc_column width=\u00bb2\/3&#8243;][vc_column_text] Caminata mosaico de colores y sonidos. Quiere la tierra. Quiere la floraci\u00f3n. Quiere Montoliu. [\/vc_column_text][vc_empty_space height=\u00bb46px\u00bb][vc_column_text]\u00bfD\u00f3nde estamos? Estamos en Montoliu de Lleida, un peque\u00f1o pueblo agr\u00edcola en la cual la agricultura, especialmente la producci\u00f3n de&#8230;<\/p>\n","protected":false},"author":1,"featured_media":0,"parent":0,"menu_order":0,"comment_status":"closed","ping_status":"closed","template":"","meta":{"_monsterinsights_skip_tracking":false,"_monsterinsights_sitenote_active":false,"_monsterinsights_sitenote_note":"","_monsterinsights_sitenote_category":0,"footnotes":""},"class_list":["post-823","page","type-page","status-publish","hentry"],"_links":{"self":[{"href":"https:\/\/lafloracio.cat\/es\/wp-json\/wp\/v2\/pages\/823","targetHints":{"allow":["GET"]}}],"collection":[{"href":"https:\/\/lafloracio.cat\/es\/wp-json\/wp\/v2\/pages"}],"about":[{"href":"https:\/\/lafloracio.cat\/es\/wp-json\/wp\/v2\/types\/page"}],"author":[{"embeddable":true,"href":"https:\/\/lafloracio.cat\/es\/wp-json\/wp\/v2\/users\/1"}],"replies":[{"embeddable":true,"href":"https:\/\/lafloracio.cat\/es\/wp-json\/wp\/v2\/comments?post=823"}],"version-history":[{"count":25,"href":"https:\/\/lafloracio.cat\/es\/wp-json\/wp\/v2\/pages\/823\/revisions"}],"predecessor-version":[{"id":2166,"href":"https:\/\/lafloracio.cat\/es\/wp-json\/wp\/v2\/pages\/823\/revisions\/2166"}],"wp:attachment":[{"href":"https:\/\/lafloracio.cat\/es\/wp-json\/wp\/v2\/media?parent=823"}],"curies":[{"name":"wp","href":"https:\/\/api.w.org\/{rel}","templated":true}]}}