{"id":822,"date":"2020-02-25T14:05:10","date_gmt":"2020-02-25T12:05:10","guid":{"rendered":"https:\/\/www.lafloracio.cat\/la-granja-escarp\/"},"modified":"2023-03-01T20:59:50","modified_gmt":"2023-03-01T19:59:50","slug":"la-granja-escarp","status":"publish","type":"page","link":"https:\/\/lafloracio.cat\/es\/la-granja-escarp\/","title":{"rendered":"La Granja d&#8217;Escarp"},"content":{"rendered":"<section class=\"wpb-content-wrapper\"><p>[vc_row css_animation=\u00bb\u00bb row_type=\u00bbrow\u00bb use_row_as_full_screen_section=\u00bbno\u00bb type=\u00bbfull_width\u00bb angled_section=\u00bbno\u00bb text_align=\u00bbleft\u00bb background_image_as_pattern=\u00bbwithout_pattern\u00bb][vc_column width=\u00bb1\/6&#8243;][\/vc_column][vc_column width=\u00bb2\/3&#8243;][vc_column_text]<\/p>\n<h1 style=\"text-align: center;\">Ruta de la floraci\u00f3n en el Aiguabarreig.<\/h1>\n<h3 style=\"text-align: center;\">\u00a1La Floraci\u00f3n en Escarp!<\/h3>\n<p>[\/vc_column_text][vc_empty_space height=\u00bb46px\u00bb][vc_column_text]<strong>\u00bfD\u00f3nde estamos?<\/strong><\/p>\n<div class=\"page\" title=\"Page 1\">\n<div class=\"section\">\n<div class=\"layoutArea\">\n<div class=\"column\">\n<p>Nos encontramos en La Granja d&#8217;Escarp, al Bajo Segre, al\u00a0Aiguabarreig\u00a0de los r\u00edos Segre, Cinca y Ebro.<\/p>\n<\/div>\n<\/div>\n<\/div>\n<\/div>\n<p>&nbsp;<\/p>\n<p><strong>\u00bfQu\u00e9 se puede ver?<\/strong><\/p>\n<div class=\"page\" title=\"Page 1\">\n<div class=\"section\">\n<div class=\"layoutArea\">\n<div class=\"column\">\n<p>Realizaremos una ruta circular en autob\u00fas para conocer los campos floridos tanto de la huerta como del secano de La Granja d&#8217;Escarp. Ruta guiada por la bi\u00f3loga local donde descubriremos diferentes variedades y t\u00e9cnicas de plantaci\u00f3n. Acabaremos la ruta con la cata de productos de proximidad. Posibilidad de hacer la cata de productos en formado pico-nic y hacerse fotograf\u00edas entre los \u00e1rboles floridos.<\/p>\n<\/div>\n<\/div>\n<\/div>\n<\/div>\n<p>&nbsp;<\/p>\n<p><strong>\u00bfQu\u00e9 se puede aprender?<\/strong><\/p>\n<div class=\"page\" title=\"Page 1\">\n<div class=\"section\">\n<div class=\"layoutArea\">\n<div class=\"column\">\n<p>Desde el punto panor\u00e1mico que nos brindan los tozales que rodean la poblaci\u00f3n descubriremos el Patchwork de colores que se forma en el meandro del Aiguabarreig. Veremos diferentes plantaciones, variedades y t\u00e9cnicas de cultivo. Recorreremos el secano y acabaremos la ruta en los campos de la huerta. La visita se complementar\u00e1 conociendo el camino Natural del Aiguabarreig Segre-Cinca y su bosque de ribera.<\/p>\n<\/div>\n<\/div>\n<\/div>\n<\/div>\n<p>&nbsp;<\/p>\n<p><strong>Elementos singulares de nuestro patrimonio<\/strong><\/p>\n<ul>\n<li>Espacio PEIN Aiguabarreig Segre-Cinca.<\/li>\n<li>Pasarela de madera del bosque de San Jaime.<\/li>\n<li>Iglesia de San Jaime Apostol.<\/li>\n<li>Camino, ermita y cueva de San Jaime.<\/li>\n<li>Real Monasterio de Santa Maria de\u00a0Escarp.<\/li>\n<\/ul>\n<p>&nbsp;<\/p>\n<p><strong>Paradas imprescindibles<\/strong><\/p>\n<ul>\n<li>Visitas panor\u00e1micas desde el Balc\u00f3n del Segre.<\/li>\n<li>T\u00e9cnicas de cultivo \u2013 Almendros en espaldera.<\/li>\n<li>T\u00e9cnicas de cultivo \u2013 Mas de Piedra &#8211; injertos.<\/li>\n<li>Panor\u00e1mica melocotoneros Valle de Caveros.<\/li>\n<li>Campos floridos meandro del Segre.<\/li>\n<li>Cata de productos de proximidad en formato pic-nic entre \u00e1rboles floridos.<\/li>\n<li>Espacio\u00a0PEIN\u00a0Aiguabarreig\u00a0Segre-Cinca.<\/li>\n<\/ul>\n<p>&nbsp;<\/p>\n<p><strong>Distancia: <\/strong>16 Km<\/p>\n<p><strong>Duraci\u00f3n de la ruta:<\/strong> 2 &#8211; 2.30h.<\/p>\n<p><strong>Tama\u00f1o del grupo por ruta: <\/strong>M\u00e1ximo 50 personas.<\/p>\n<p><strong>D\u00edas disponibles: <\/strong>S\u00e1bado 18 y Domingo 19 de Marzo. (El domingo 12 de Marzo no hay salidas de ruta, se hace la Marcha Senderista).<\/p>\n<p><strong>Horarios:<\/strong> 10:30h &#8211; 13:00h aprox.<\/p>\n<p><strong>Precios<\/strong><\/p>\n<p><strong>12,00\u20ac<\/strong> por persona.[\/vc_column_text][vc_empty_space height=\u00bb46px\u00bb][\/vc_column][vc_column width=\u00bb1\/6&#8243;][vc_empty_space height=\u00bb120px\u00bb][vc_column_text]<\/p>\n<h6 style=\"text-align: right;\">AYUNTAMIENTO<\/h6>\n<h6 style=\"text-align: right;\">DE LA GRANJA D\u2019ESCARP<\/h6>\n<p style=\"text-align: right;\">Pla\u00e7a Major, 3<\/p>\n<p style=\"text-align: right;\">25185 La Granja d\u2019Escarp<\/p>\n<p style=\"text-align: right;\">Lleida<\/p>\n<p>[\/vc_column_text][vc_empty_space height=\u00bb46px\u00bb]<a  itemprop=\"url\" href=\"https:\/\/granjaescarp.ddl.net\/el-municipi\/turisme\/floracio\" target=\"_self\"  class=\"qbutton  right enlarge\" style=\"color: #000000; \">WEB MUNICIPAL<\/a>[vc_empty_space height=\u00bb46px\u00bb][vc_separator type=\u00bbnormal\u00bb color=\u00bb#000000&#8243;][vc_column_text]<\/p>\n<h5 style=\"text-align: right;\">Tel. 973 782 198<\/h5>\n<p>[\/vc_column_text][vc_empty_space height=\u00bb46px\u00bb][\/vc_column][\/vc_row][vc_row css_animation=\u00bb\u00bb row_type=\u00bbrow\u00bb use_row_as_full_screen_section=\u00bbno\u00bb type=\u00bbfull_width\u00bb angled_section=\u00bbno\u00bb text_align=\u00bbcenter\u00bb background_image_as_pattern=\u00bbwithout_pattern\u00bb z_index=\u00bb\u00bb][vc_column width=\u00bb1\/6&#8243;][\/vc_column][vc_column width=\u00bb2\/3&#8243;][vc_separator type=\u00bbnormal\u00bb color=\u00bb#000000&#8243;][vc_empty_space height=\u00bb46px\u00bb][vc_column_text]<\/p>\n<div class=\"wpb_text_column wpb_content_element \">\n<div class=\"wpb_wrapper\">\n<h3 class=\"p1\" style=\"text-align: center;\"><span class=\"s1\">Haz tu reserva<\/span><\/h3>\n<\/div>\n<\/div>\n<div class=\"vc_empty_space\"><\/div>\n<p>[\/vc_column_text][vc_empty_space height=\u00bb46px\u00bb]<a  itemprop=\"url\" href=\"https:\/\/www.inscripcions.cat\/floraciolagranja2023\/?lang=es&amp;\" target=\"_blank\"  class=\"qbutton  center enlarge\" style=\"color: #000000; \">RESERVA<\/a>[vc_empty_space height=\u00bb46px\u00bb][vc_separator type=\u00bbnormal\u00bb color=\u00bb#000000&#8243;][vc_empty_space height=\u00bb46px\u00bb][vc_column_text]<\/p>\n<div class=\"wpb_text_column wpb_content_element \">\n<div class=\"wpb_wrapper\">\n<h3 class=\"p1\" style=\"text-align: center;\"><span class=\"s1\">Si tienes cualquier consulta contacta con nosotros.<\/span><\/h3>\n<\/div>\n<\/div>\n<div class=\"vc_empty_space\"><\/div>\n<p>[\/vc_column_text][vc_empty_space height=\u00bb46px\u00bb]<a  itemprop=\"url\" href=\"https:\/\/lafloracio.cat\/es\/contacta-la-granja-escarp\/\" target=\"_self\"  class=\"qbutton  center enlarge\" style=\"color: #000000; \">CONTACTA<\/a>[vc_empty_space height=\u00bb46px\u00bb][vc_separator type=\u00bbnormal\u00bb color=\u00bb#000000&#8243;][vc_empty_space height=\u00bb46px\u00bb][vc_gallery type=\u00bbimage_grid\u00bb images=\u00bb793,797,703,791,701,699,696,698,695&#8243; img_size=\u00bb200&#215;200&#8243; css_animation=\u00bbfadeIn\u00bb column_number=\u00bb3&#8243; grayscale=\u00bbno\u00bb images_space=\u00bbgallery_without_space\u00bb][vc_empty_space height=\u00bb60px\u00bb][\/vc_column][vc_column width=\u00bb1\/6&#8243;][\/vc_column][\/vc_row]<\/p>\n<\/section>","protected":false},"excerpt":{"rendered":"<p>[vc_row css_animation=\u00bb\u00bb row_type=\u00bbrow\u00bb use_row_as_full_screen_section=\u00bbno\u00bb type=\u00bbfull_width\u00bb angled_section=\u00bbno\u00bb text_align=\u00bbleft\u00bb background_image_as_pattern=\u00bbwithout_pattern\u00bb][vc_column width=\u00bb1\/6&#8243;][\/vc_column][vc_column width=\u00bb2\/3&#8243;][vc_column_text] Ruta de la floraci\u00f3n en el Aiguabarreig. \u00a1La Floraci\u00f3n en Escarp! [\/vc_column_text][vc_empty_space height=\u00bb46px\u00bb][vc_column_text]\u00bfD\u00f3nde estamos? Nos encontramos en La Granja d&#8217;Escarp, al Bajo Segre, al\u00a0Aiguabarreig\u00a0de los r\u00edos Segre, Cinca y Ebro. &nbsp; \u00bfQu\u00e9 se puede ver?&#8230;<\/p>\n","protected":false},"author":1,"featured_media":0,"parent":0,"menu_order":0,"comment_status":"closed","ping_status":"closed","template":"","meta":{"_monsterinsights_skip_tracking":false,"_monsterinsights_sitenote_active":false,"_monsterinsights_sitenote_note":"","_monsterinsights_sitenote_category":0,"footnotes":""},"class_list":["post-822","page","type-page","status-publish","hentry"],"_links":{"self":[{"href":"https:\/\/lafloracio.cat\/es\/wp-json\/wp\/v2\/pages\/822","targetHints":{"allow":["GET"]}}],"collection":[{"href":"https:\/\/lafloracio.cat\/es\/wp-json\/wp\/v2\/pages"}],"about":[{"href":"https:\/\/lafloracio.cat\/es\/wp-json\/wp\/v2\/types\/page"}],"author":[{"embeddable":true,"href":"https:\/\/lafloracio.cat\/es\/wp-json\/wp\/v2\/users\/1"}],"replies":[{"embeddable":true,"href":"https:\/\/lafloracio.cat\/es\/wp-json\/wp\/v2\/comments?post=822"}],"version-history":[{"count":31,"href":"https:\/\/lafloracio.cat\/es\/wp-json\/wp\/v2\/pages\/822\/revisions"}],"predecessor-version":[{"id":2114,"href":"https:\/\/lafloracio.cat\/es\/wp-json\/wp\/v2\/pages\/822\/revisions\/2114"}],"wp:attachment":[{"href":"https:\/\/lafloracio.cat\/es\/wp-json\/wp\/v2\/media?parent=822"}],"curies":[{"name":"wp","href":"https:\/\/api.w.org\/{rel}","templated":true}]}}