{"id":818,"date":"2020-02-25T14:40:40","date_gmt":"2020-02-25T12:40:40","guid":{"rendered":"https:\/\/www.lafloracio.cat\/aitona\/"},"modified":"2023-02-24T09:26:31","modified_gmt":"2023-02-24T08:26:31","slug":"aitona","status":"publish","type":"page","link":"https:\/\/lafloracio.cat\/es\/aitona\/","title":{"rendered":"Aitona"},"content":{"rendered":"<section class=\"wpb-content-wrapper\"><p>[vc_row css_animation=\u00bb\u00bb row_type=\u00bbrow\u00bb use_row_as_full_screen_section=\u00bbno\u00bb type=\u00bbfull_width\u00bb angled_section=\u00bbno\u00bb text_align=\u00bbleft\u00bb background_image_as_pattern=\u00bbwithout_pattern\u00bb][vc_column width=\u00bb1\/6&#8243;][\/vc_column][vc_column width=\u00bb2\/3&#8243;][vc_column_text]<\/p>\n<h1 style=\"text-align: center;\"><strong>Experiencia estacional del \u00e1rbol frutero<\/strong>.<\/h1>\n<h3 style=\"text-align: center;\">Ruta de la flor rosa del melocotonero de Aitona.<\/h3>\n<p>[\/vc_column_text][vc_empty_space height=\u00bb46px\u00bb][vc_column_text]<\/p>\n<p class=\"p1\"><span class=\"s1\"><a href=\"https:\/\/fruiturisme.info\/\"><span class=\"s2\"><b>Fruiturisme<\/b><\/span><\/a> ofrece una experiencia \u00fanica: visitar los campos privados de melocotoneros para adentrarte en el mundo rural de las Tierras de Lleida. De la mano de nuestros campesinos y paseando entre los \u00e1rboles con flor descubrir\u00e1s este espect\u00e1culo natural.<\/span><\/p>\n<p>&nbsp;<\/p>\n<p><strong>Origen y final de les rutas:<\/strong> Plaza del Polideportivo de Aitona.<\/p>\n<p>&nbsp;<\/p>\n<p>Hay que llegar a Aitona 30 minutos antes de la hora de salida y entrar dentro del edificio del Polideportivo para registrarse y coger la entrada de la visita guiada.<\/p>\n<p>La visita se realizar\u00e1 con autob\u00fas.<\/p>\n<p>Las rutas ser\u00e1n guiadas por campesinos locales.<\/p>\n<p>Se recuerda que la flor es ef\u00edmera y est\u00e1 en constante evoluci\u00f3n en funci\u00f3n del clima y por tanto, no se puede garantizar un estado \u00f3ptimo de la floraci\u00f3n en todas las fechas previstas para realizar visitas.<\/p>\n<p>&nbsp;<\/p>\n<p>&nbsp;<\/p>\n<p><strong>\u00bfD\u00f3nde estamos?<\/strong><\/p>\n<p class=\"p1\">Estamos en el pueblo de Aitona. Pionera en visitas a campos florecidos de la mano de <span class=\"s1\"><a href=\"https:\/\/fruiturisme.info\/\"><span class=\"s2\"><b>Fruiturisme<\/b><\/span><\/a><\/span><\/p>\n<p>&nbsp;<\/p>\n<p><strong>\u00bfQupodemos ver?<\/strong><\/p>\n<div class=\"traductor-textarea form-group\">\n<div class=\"textarea-desti col-xs-12 col-sm-6\">\n<div class=\"form-control second-textarea\">Veremos los \u00e1rboles frutales en plena floraci\u00f3n.<\/div>\n<\/div>\n<\/div>\n<p>&nbsp;<\/p>\n<p><strong>\u00bfQu\u00e9 podemos aprender?<\/strong><\/p>\n<p>Descubriremos el paisaje que nos ofrece la natura en el momento de la floraci\u00f3n y de la mano de los campesinos locales aprenderemos el proceso de cura del \u00e1rbol en esta estaci\u00f3n.<\/p>\n<p>&nbsp;<\/p>\n<p><strong>Elementos singulares de nuestro patrimonio<\/strong><\/p>\n<ul>\n<li>Yacimiento arqueol\u00f3gico de Gen\u00f3<\/li>\n<li>Ermita de Carratal\u00e0<\/li>\n<li>Cueva Padre Palau, casa natal Padre Palau y Santa Teresa Jornet<\/li>\n<li>N\u00facleo antiguo<\/li>\n<li>Ruta Capa<\/li>\n<\/ul>\n<p>&nbsp;<\/p>\n<p><strong>Paradas imprescindibles<\/strong><\/p>\n<ul>\n<li>Camino de Espax<\/li>\n<\/ul>\n<p>&nbsp;<\/p>\n<p><strong>Distancia Ruta: <\/strong>14 Km<\/p>\n<p><strong>Duraci\u00f3n: <\/strong>1h.30 minutos.<\/p>\n<p><strong>D\u00edas disponibles: <\/strong>Del 26 de febrero al 25 de marzo. De lunes a domingo.<\/p>\n<p><strong>Horarios:<\/strong> Salidas a las 10.00h., 11.00.h, 12.00h., 15.00h. y 16.00h.<\/p>\n<p><strong>Tama\u00f1o del grupo por ruta:<\/strong> m\u00e1ximo 50 personas por visita.<\/p>\n<p><strong>Precios<\/strong><\/p>\n<p><strong>12\u20ac<\/strong> por persona (el precio incluye los desplazamientos con bus).<\/p>\n<p>&nbsp;<\/p>\n<p>* No se aceptar\u00e1n modificaciones y\/o anulaciones de las reservas.<\/p>\n<p>[\/vc_column_text][vc_empty_space height=\u00bb23px\u00bb]<a  itemprop=\"url\" href=\"https:\/\/fruiturisme.info\/ca\/reserva-la-teva-experiencia\/experiencia-estacional-de-larbre-fruiter\" target=\"_blank\"  class=\"qbutton  center enlarge\" style=\"\">RESERVA<\/a>[vc_empty_space height=\u00bb23px\u00bb][vc_separator type=\u00bbnormal\u00bb color=\u00bb#000000&#8243;][vc_empty_space height=\u00bb23px\u00bb][vc_column_text]<\/p>\n<h1 style=\"text-align: center;\"><strong>II Trobada de tractors i cotxes antics<\/strong>.<\/h1>\n<p>[\/vc_column_text][vc_empty_space height=\u00bb23px\u00bb][vc_column_text]Concentraci\u00f3n de tractores y coches antiguos al Pabell\u00f3n Polideportivo de Aitona.<\/p>\n<p>Donde se har\u00e1 un almuerzo popular (bocadillo y bebida) y gimcana de tractores.<\/p>\n<p>&nbsp;<\/p>\n<p><strong>Duraci\u00f3n: <\/strong>de 9h. a 12h.<\/p>\n<p><strong>D\u00eda disponible: <\/strong>26 de febrer.<\/p>\n<p><strong>Precios<\/strong><\/p>\n<p><strong>3\u20ac<\/strong> por persona (almuerzo popular).[\/vc_column_text][vc_empty_space height=\u00bb23px\u00bb][vc_separator type=\u00bbnormal\u00bb color=\u00bb#000000&#8243;][vc_empty_space height=\u00bb23px\u00bb][vc_column_text]<\/p>\n<h1 style=\"text-align: center;\"><strong>Aitona en flor<\/strong>.<\/h1>\n<h3 style=\"text-align: center;\">Caminata solid\u00e1ria.<\/h3>\n<p>[\/vc_column_text][vc_empty_space height=\u00bb23px\u00bb][vc_column_text]El Ayuntamiento del pueblo con la colaboraci\u00f3n de las asociaciones del pueblo organiza la XI caminata Popular de Aitona. En beneficio del Centro de Iniciativas Solidarias \u00c1ngel Olaran.<\/p>\n<p>&nbsp;<\/p>\n<p><strong>\u00bfD\u00f3nde estamos?<\/strong><\/p>\n<p class=\"p1\">Estamos en el pueblo de Aitona.<\/p>\n<p>&nbsp;<\/p>\n<p><strong>\u00bfQu\u00e9 podemos ver?<\/strong><\/p>\n<p>El espect\u00e1culo de la floraci\u00f3n.<\/p>\n<p class=\"p1\">.<\/p>\n<p><strong>\u00bfQu\u00e9 aprenderemos?<\/strong><\/p>\n<p>Cuidarnos de forma saludable, haciendo deporte en buena compa\u00f1\u00eda y rodeado de naturaleza.<\/p>\n<p>&nbsp;<\/p>\n<p><strong>Elementos singulares de nuestro patrimonio<\/strong><\/p>\n<ul>\n<li>Paisaje.<\/li>\n<\/ul>\n<p>&nbsp;<\/p>\n<p><strong>Distancia Ruta corta: <\/strong>9,5 Km<\/p>\n<p><strong>Distancia Ruta mediana: <\/strong>13 Km<\/p>\n<p><strong>Distancia Ruta larga: <\/strong>17 Km<\/p>\n<p><strong>Duraci\u00f3n: <\/strong>Entre 2h. y 4h. aproximadamente seg\u00fan la ruta.<\/p>\n<p><strong>D\u00eda disponible: <\/strong>5 de marzo.<\/p>\n<p><strong>Horarios:<\/strong> Salida 8.30h.<\/p>\n<p><strong>Tama\u00f1o del grupo por ruta:<\/strong> 100 personas.<\/p>\n<p><strong>Precios<\/strong><\/p>\n<p><strong>6\u20ac<\/strong> por persona, anterior al d\u00eda de salida (IVA inclu\u00eddo).<\/p>\n<p><strong>8\u20ac<\/strong> por persona, el mismo d\u00eda (IVA inclu\u00eddo).[\/vc_column_text][vc_empty_space height=\u00bb23px\u00bb]<a  itemprop=\"url\" href=\"https:\/\/www.wikiloc.com\/hiking-trails\/caminada-popular-curta-2018-22435931\" target=\"_self\"  class=\"qbutton  center enlarge\" style=\"\">RUTA CORTA WIKILOC<\/a>[vc_empty_space height=\u00bb15px\u00bb]<a  itemprop=\"url\" href=\"https:\/\/www.wikiloc.com\/hiking-trails\/caminada-popular-mitja-2018-22436047\" target=\"_self\"  class=\"qbutton  center enlarge\" style=\"\">RUTA MEDIANA WIKILOC<\/a>[vc_empty_space height=\u00bb15px\u00bb]<a  itemprop=\"url\" href=\"https:\/\/www.wikiloc.com\/hiking-trails\/caminada-popular-llarga-2018-22436876\" target=\"_self\"  class=\"qbutton  center enlarge\" style=\"\">RUTA LARGA WIKILOC<\/a>[vc_empty_space height=\u00bb23px\u00bb][vc_separator type=\u00bbnormal\u00bb color=\u00bb#000000&#8243;][vc_empty_space height=\u00bb23px\u00bb][vc_column_text]<\/p>\n<h1 style=\"text-align: center;\"><strong>Caracolada Solid\u00e1ria<\/strong>.<\/h1>\n<p>[\/vc_column_text][vc_empty_space height=\u00bb23px\u00bb][vc_column_text]El Ayuntamiento del pueblo con la colaboraci\u00f3n de la\u00a0FECOLL\u00a0organiza una atornillada solidaria en beneficio de las Hermanitas de Aitona.<\/p>\n<p>Se har\u00e1 una degustaci\u00f3n gastron\u00f3mica.:\u00a0Pack\u00a0caracoles + alioli + aceite de oliva + godo de vino\u00a0Raimat.<\/p>\n<p>&nbsp;<\/p>\n<p><strong>D\u00eda disponible: <\/strong>19 de marzo.<\/p>\n<p><strong>Horarios:<\/strong> A partir de las 12.00h.<\/p>\n<p><strong>Tama\u00f1o del grupo por ruta:<\/strong> 200 personas.<\/p>\n<p><strong>Precios<\/strong><\/p>\n<p><strong>5\u20ac<\/strong> por persona.[\/vc_column_text][\/vc_column][vc_column width=\u00bb1\/6&#8243;][vc_single_image image=\u00bb1146&#8243; alignment=\u00bbcenter\u00bb qode_css_animation=\u00bb\u00bb][vc_empty_space height=\u00bb30px\u00bb][vc_separator type=\u00bbnormal\u00bb color=\u00bb#000000&#8243;][vc_column_text]<\/p>\n<p style=\"text-align: right;\">Puedes<\/p>\n<p style=\"text-align: right;\">encontrar m\u00e1s<\/p>\n<p style=\"text-align: right;\">informaci\u00f3n en<\/p>\n<p style=\"text-align: right;\"><strong> <a href=\"https:\/\/fruiturisme.info\/\">Fruiturisme.info<\/a><\/strong><\/p>\n<p>[\/vc_column_text][vc_empty_space height=\u00bb15px\u00bb][vc_column_text]<a href=\"https:\/\/fruiturisme.info\/\"><img loading=\"lazy\" decoding=\"async\" class=\"alignnone wp-image-479 alignright\" src=\"https:\/\/lafloracio.cat\/wp-content\/uploads\/2020\/02\/Logo-fruiturisme.jpeg\" alt=\"\" width=\"125\" height=\"121\" \/><\/a>[\/vc_column_text][vc_empty_space height=\u00bb30px\u00bb][vc_column_text]<\/p>\n<h6 style=\"text-align: right;\">AYUNTAMIENTO<\/h6>\n<h6 style=\"text-align: right;\">DE AITONA<\/h6>\n<p style=\"text-align: right;\">Carrer Major, 6<\/p>\n<p style=\"text-align: right;\">25182 Aitona<\/p>\n<p style=\"text-align: right;\">Lleida<\/p>\n<p>[\/vc_column_text][vc_separator type=\u00bbnormal\u00bb color=\u00bb#000000&#8243;][vc_column_text]<\/p>\n<h5 style=\"text-align: right;\">Tel. 973 794 010<\/h5>\n<h5 style=\"text-align: right;\">Mov. 600 976 682<\/h5>\n<p>[\/vc_column_text][\/vc_column][\/vc_row][vc_row css_animation=\u00bb\u00bb row_type=\u00bbrow\u00bb use_row_as_full_screen_section=\u00bbno\u00bb type=\u00bbfull_width\u00bb angled_section=\u00bbno\u00bb text_align=\u00bbcenter\u00bb background_image_as_pattern=\u00bbwithout_pattern\u00bb z_index=\u00bb\u00bb][vc_column width=\u00bb1\/6&#8243;][\/vc_column][vc_column width=\u00bb2\/3&#8243;][vc_empty_space height=\u00bb46px\u00bb][vc_separator type=\u00bbnormal\u00bb color=\u00bb#000000&#8243;][vc_empty_space height=\u00bb46px\u00bb][vc_column_text]<\/p>\n<h3 style=\"text-align: center;\">Si tienes cualquier consulta contacta con nosotros.<\/h3>\n<p>[\/vc_column_text][vc_empty_space height=\u00bb46px\u00bb]<a  itemprop=\"url\" href=\"https:\/\/lafloracio.cat\/es\/contacta-aitona\/\" target=\"_self\"  class=\"qbutton  center enlarge\" style=\"\">CONTACTA<\/a>[vc_empty_space height=\u00bb46px\u00bb][vc_separator type=\u00bbnormal\u00bb color=\u00bb#000000&#8243;][vc_empty_space height=\u00bb46px\u00bb][vc_gallery type=\u00bbimage_grid\u00bb images=\u00bb1133,1131,1129,1127,1125,1121&#8243; img_size=\u00bb200&#215;200&#8243; css_animation=\u00bbfadeIn\u00bb column_number=\u00bb3&#8243; grayscale=\u00bbno\u00bb images_space=\u00bbgallery_without_space\u00bb][vc_empty_space height=\u00bb60px\u00bb][\/vc_column][vc_column width=\u00bb1\/6&#8243;][\/vc_column][\/vc_row]<\/p>\n<\/section>","protected":false},"excerpt":{"rendered":"<p>[vc_row css_animation=\u00bb\u00bb row_type=\u00bbrow\u00bb use_row_as_full_screen_section=\u00bbno\u00bb type=\u00bbfull_width\u00bb angled_section=\u00bbno\u00bb text_align=\u00bbleft\u00bb background_image_as_pattern=\u00bbwithout_pattern\u00bb][vc_column width=\u00bb1\/6&#8243;][\/vc_column][vc_column width=\u00bb2\/3&#8243;][vc_column_text] Experiencia estacional del \u00e1rbol frutero. Ruta de la flor rosa del melocotonero de Aitona. [\/vc_column_text][vc_empty_space height=\u00bb46px\u00bb][vc_column_text] Fruiturisme ofrece una experiencia \u00fanica: visitar los campos privados de melocotoneros para adentrarte en el mundo rural de las&#8230;<\/p>\n","protected":false},"author":1,"featured_media":0,"parent":0,"menu_order":0,"comment_status":"closed","ping_status":"closed","template":"","meta":{"_monsterinsights_skip_tracking":false,"_monsterinsights_sitenote_active":false,"_monsterinsights_sitenote_note":"","_monsterinsights_sitenote_category":0,"footnotes":""},"class_list":["post-818","page","type-page","status-publish","hentry"],"_links":{"self":[{"href":"https:\/\/lafloracio.cat\/es\/wp-json\/wp\/v2\/pages\/818","targetHints":{"allow":["GET"]}}],"collection":[{"href":"https:\/\/lafloracio.cat\/es\/wp-json\/wp\/v2\/pages"}],"about":[{"href":"https:\/\/lafloracio.cat\/es\/wp-json\/wp\/v2\/types\/page"}],"author":[{"embeddable":true,"href":"https:\/\/lafloracio.cat\/es\/wp-json\/wp\/v2\/users\/1"}],"replies":[{"embeddable":true,"href":"https:\/\/lafloracio.cat\/es\/wp-json\/wp\/v2\/comments?post=818"}],"version-history":[{"count":19,"href":"https:\/\/lafloracio.cat\/es\/wp-json\/wp\/v2\/pages\/818\/revisions"}],"predecessor-version":[{"id":1787,"href":"https:\/\/lafloracio.cat\/es\/wp-json\/wp\/v2\/pages\/818\/revisions\/1787"}],"wp:attachment":[{"href":"https:\/\/lafloracio.cat\/es\/wp-json\/wp\/v2\/media?parent=818"}],"curies":[{"name":"wp","href":"https:\/\/api.w.org\/{rel}","templated":true}]}}