{"id":2298,"date":"2024-02-26T17:48:17","date_gmt":"2024-02-26T16:48:17","guid":{"rendered":"https:\/\/www.lafloracio.cat\/?page_id=2298"},"modified":"2026-02-12T10:47:32","modified_gmt":"2026-02-12T09:47:32","slug":"urgell","status":"publish","type":"page","link":"https:\/\/lafloracio.cat\/es\/urgell\/","title":{"rendered":"L&#8217;Urgell"},"content":{"rendered":"<section class=\"wpb-content-wrapper\"><p>[vc_row css_animation=\u00bb\u00bb row_type=\u00bbrow\u00bb use_row_as_full_screen_section=\u00bbno\u00bb type=\u00bbfull_width\u00bb angled_section=\u00bbno\u00bb text_align=\u00bbleft\u00bb background_image_as_pattern=\u00bbwithout_pattern\u00bb][vc_column width=\u00bb1\/6&#8243;][\/vc_column][vc_column width=\u00bb2\/3&#8243;][vc_column_text]<\/p>\n<h1 style=\"text-align: center;\">L&#8217;Urgell<\/h1>\n<h3 style=\"text-align: center;\">Un paseo entre almendros y frutales<\/h3>\n<p>[\/vc_column_text][vc_empty_space height=\u00bb46px\u00bb][vc_column_text]<\/p>\n<h3 style=\"text-align: center;\"><strong>Un paseo entre almendros<\/strong><\/h3>\n<p>&nbsp;<\/p>\n<p style=\"text-align: justify;\">La floraci\u00f3n de los almendros en los campos de l&#8217;Urgell, en las tierras de Lleida, transforma esta regi\u00f3n en un espect\u00e1culo encantador durante la primavera. Los campos se convierten en un mar blanco y rosa, con los almendros desplegando una floraci\u00f3n espl\u00e9ndida que llena el aire con una fragancia delicada. l&#8217;Urgell, conocido por su rica tradici\u00f3n agr\u00edcola, se engalana para celebrar este fen\u00f3meno ef\u00edmero.<\/p>\n<p>&nbsp;<\/p>\n<p style=\"text-align: justify;\">Desde el \u00c1rea de Turismo del Consejo Comarcal de l&#8217;Urgell, se ha elegido Vilagrassa para organizar los paseos guiados entre almendros floridos que permiten a los visitantes sumergirse en este espect\u00e1culo natural, combin\u00e1ndolo con un podcast en vivo.<\/p>\n<p>&nbsp;<\/p>\n<p style=\"text-align: justify;\">Esta celebraci\u00f3n de la floraci\u00f3n de los almendros en l&#8217;Urgell no solo resalta la ef\u00edmera belleza de la naturaleza, sino que tambi\u00e9n fortalece los lazos entre la comunidad y sus ra\u00edces tradicionales. Es una oportunidad \u00fanica para experimentar la serenidad y majestuosidad de este evento primaveral en las tierras de Lleida.<\/p>\n<p>&nbsp;<\/p>\n<p style=\"text-align: justify;\">En l&#8217;Urgell, tambi\u00e9n se organizan visitas y actividades en los campos de almendros en flor en Mas de Colom-Casa Borges de T\u00e0rrega y en Preixana con la actividad Tastasons Floraci\u00f3.<\/p>\n<p>&nbsp;<\/p>\n<h3 style=\"text-align: center;\"><strong>Un paseo entre frutales<\/strong><\/h3>\n<p>&nbsp;<\/p>\n<p style=\"text-align: justify;\">La floraci\u00f3n de los \u00e1rboles frutales, en el mes de abril, es un aut\u00e9ntico espect\u00e1culo crom\u00e1tico, y desde el \u00c1rea de Turismo se organizan visitas guiadas y un podcast en vivo por los campos de perales y manzanos en flor, en el t\u00e9rmino de Tornabous. Una gran oportunidad para conectar con la naturaleza y el paisaje, poniendo en valor el trabajo de los campesinos y campesinas que cuidan la tierra, los \u00e1rboles y los productos de proximidad.<\/p>\n<p>[\/vc_column_text][vc_empty_space height=\u00bb23px\u00bb][\/vc_column][\/vc_row][vc_row css_animation=\u00bb\u00bb row_type=\u00bbrow\u00bb use_row_as_full_screen_section=\u00bbno\u00bb type=\u00bbfull_width\u00bb angled_section=\u00bbno\u00bb text_align=\u00bbcenter\u00bb background_image_as_pattern=\u00bbwithout_pattern\u00bb z_index=\u00bb\u00bb][vc_column width=\u00bb1\/6&#8243;][\/vc_column][vc_column width=\u00bb2\/3&#8243;][vc_separator type=\u00bbnormal\u00bb color=\u00bb#000000&#8243;][vc_empty_space height=\u00bb46px\u00bb][vc_column_text]<\/p>\n<h3 style=\"text-align: center;\">Para obtener m\u00e1s informaci\u00f3n, haz clic en el bot\u00f3n<\/h3>\n<p>[\/vc_column_text][vc_empty_space height=\u00bb46px\u00bb]<a  itemprop=\"url\" href=\"https:\/\/turismeurgell-cat.translate.goog\/ca\/c\/lurgell-un-passeig-entre-ametllers-42?_x_tr_sl=ca&amp;_x_tr_tl=es&amp;_x_tr_hl=es\" target=\"_blank\"  class=\"qbutton  default\" style=\"\">+ informaci\u00f3n<\/a>[vc_empty_space height=\u00bb46px\u00bb][vc_separator type=\u00bbnormal\u00bb color=\u00bb#000000&#8243;][vc_empty_space height=\u00bb46px\u00bb][vc_gallery type=\u00bbimage_grid\u00bb images=\u00bb2457,2459,2463,2337,2455,2461,2331,2344,2329,2342,2333,2465&#8243; img_size=\u00bb200&#215;200&#8243; css_animation=\u00bbfadeIn\u00bb column_number=\u00bb3&#8243; grayscale=\u00bbno\u00bb images_space=\u00bbgallery_without_space\u00bb][vc_empty_space height=\u00bb60px\u00bb][\/vc_column][vc_column width=\u00bb1\/6&#8243;][\/vc_column][\/vc_row]<\/p>\n<\/section>","protected":false},"excerpt":{"rendered":"<p>[vc_row css_animation=\u00bb\u00bb row_type=\u00bbrow\u00bb use_row_as_full_screen_section=\u00bbno\u00bb type=\u00bbfull_width\u00bb angled_section=\u00bbno\u00bb text_align=\u00bbleft\u00bb background_image_as_pattern=\u00bbwithout_pattern\u00bb][vc_column width=\u00bb1\/6&#8243;][\/vc_column][vc_column width=\u00bb2\/3&#8243;][vc_column_text] L&#8217;Urgell Un paseo entre almendros y frutales [\/vc_column_text][vc_empty_space height=\u00bb46px\u00bb][vc_column_text] Un paseo entre almendros &nbsp; La floraci\u00f3n de los almendros en los campos de l&#8217;Urgell, en las tierras de Lleida, transforma esta regi\u00f3n en un espect\u00e1culo&#8230;<\/p>\n","protected":false},"author":3,"featured_media":0,"parent":0,"menu_order":0,"comment_status":"closed","ping_status":"closed","template":"","meta":{"_monsterinsights_skip_tracking":false,"_monsterinsights_sitenote_active":false,"_monsterinsights_sitenote_note":"","_monsterinsights_sitenote_category":0,"footnotes":""},"class_list":["post-2298","page","type-page","status-publish","hentry"],"_links":{"self":[{"href":"https:\/\/lafloracio.cat\/es\/wp-json\/wp\/v2\/pages\/2298","targetHints":{"allow":["GET"]}}],"collection":[{"href":"https:\/\/lafloracio.cat\/es\/wp-json\/wp\/v2\/pages"}],"about":[{"href":"https:\/\/lafloracio.cat\/es\/wp-json\/wp\/v2\/types\/page"}],"author":[{"embeddable":true,"href":"https:\/\/lafloracio.cat\/es\/wp-json\/wp\/v2\/users\/3"}],"replies":[{"embeddable":true,"href":"https:\/\/lafloracio.cat\/es\/wp-json\/wp\/v2\/comments?post=2298"}],"version-history":[{"count":15,"href":"https:\/\/lafloracio.cat\/es\/wp-json\/wp\/v2\/pages\/2298\/revisions"}],"predecessor-version":[{"id":2501,"href":"https:\/\/lafloracio.cat\/es\/wp-json\/wp\/v2\/pages\/2298\/revisions\/2501"}],"wp:attachment":[{"href":"https:\/\/lafloracio.cat\/es\/wp-json\/wp\/v2\/media?parent=2298"}],"curies":[{"name":"wp","href":"https:\/\/api.w.org\/{rel}","templated":true}]}}