{"id":2070,"date":"2023-03-01T18:10:10","date_gmt":"2023-03-01T17:10:10","guid":{"rendered":"https:\/\/www.lafloracio.cat\/?page_id=2070"},"modified":"2023-03-01T18:10:10","modified_gmt":"2023-03-01T17:10:10","slug":"maials","status":"publish","type":"page","link":"https:\/\/lafloracio.cat\/es\/maials\/","title":{"rendered":"Maials"},"content":{"rendered":"<section class=\"wpb-content-wrapper\"><p>[vc_row css_animation=\u00bb\u00bb row_type=\u00bbrow\u00bb use_row_as_full_screen_section=\u00bbno\u00bb type=\u00bbfull_width\u00bb angled_section=\u00bbno\u00bb text_align=\u00bbleft\u00bb background_image_as_pattern=\u00bbwithout_pattern\u00bb][vc_column width=\u00bb1\/6&#8243;][\/vc_column][vc_column width=\u00bb2\/3&#8243;][vc_column_text]<\/p>\n<h1 style=\"text-align: center;\"><strong>Maials Florece<\/strong>.<\/h1>\n<p>[\/vc_column_text][vc_empty_space height=\u00bb46px\u00bb][vc_column_text]A las 10.00h. de la ma\u00f1ana caminata y bicicletada, con salida desde la Plaza de los \u00c1rboles y la llegada est\u00e1 prevista a las 12.00h. del mediod\u00eda.<\/p>\n<p>Durante el circuito se podr\u00e1n ver los diferentes campos floridos de almendros y de fruteros de nuestro municipio, con explicaciones del proceso de floraci\u00f3n de las diferentes variedades por parte de peritos especialistas.<\/p>\n<p>Habr\u00e1 puntos de avituallamiento durante todo el circuito .<\/p>\n<p>La bicicletada aproximadamente tiene 20 km y la caminata 8 km.<\/p>\n<p>Un \u201ccoche escoba\u201c llevar\u00e1 a la gente que no pueda acabar la actividad, al lugar de salida.<\/p>\n<p>La inscripci\u00f3n ser\u00e1 de 10\u20ac y en la bolsa del participante se dar\u00e1 : un bocadillo, una botella de agua y una muestra de Aceite Bar\u00f3n de Maials.<\/p>\n<p>La llegada en la Plaza de los \u00c1rboles est\u00e1 prevista hacia las 12.00h. del mediod\u00eda.<\/p>\n<p>A las 12 del mediod\u00eda en la \u201cVilaclossa\u201c se har\u00e1 un\u00a0 vermut \u2013 concierto, donde todos los participantes a la caminata y la bicicletada tendr\u00e1n una degustaci\u00f3n de vermut y un acompa\u00f1amiento.<\/p>\n<p>Se podr\u00e1n comprar las \u201cDegustaciones\u201c de Vermut y acompa\u00f1amiento aparte por 3\u20ac.<\/p>\n<p>Desede la \u201cVilaclossa\u201c, podremos ver una magnifica vista de todo nuestro municipio florecido y la cumbre del Segri\u00e0, Montmaneu.<\/p>\n<p>A partir de las 12.30h. los que lo deseen tambi\u00e9n podr\u00e1n hacer una visita guiada por la \u201c Vilaclossa\u201c, para conocer la historia de nuestro pueblo .<\/p>\n<p>Est\u00e1 previsto acabar la actividad a las 13.30h.<\/p>\n<p>Durante todo el d\u00eda se podr\u00e1n hacer fotograf\u00edas, para participar al concurso \u201cMaials en flor\u201c.<\/p>\n<p>&nbsp;<\/p>\n<p>&nbsp;<\/p>\n<p><strong>Distancia Caminata: <\/strong>8 Km.<\/p>\n<p><strong>Distancia Bicicletada: <\/strong>20 Km.<\/p>\n<p><strong>Duraci\u00f3n de la ruta:<\/strong> 2h. aprox.<\/p>\n<p><strong>Tama\u00f1o del grupo por ruta:<\/strong> plazas limitadas.<\/p>\n<p><strong>D\u00edas disponibles: <\/strong>Domingo 5 de marzo.<\/p>\n<p><strong>Horarios:<\/strong> de 10.00h &#8211; 13.30h. aprox.<\/p>\n<p><strong>Precios<\/strong><\/p>\n<p><strong>10,00\u20ac<\/strong> por persona<\/p>\n<div class=\"traductor-textarea form-group\">\n<div class=\"textarea-desti col-xs-12 col-sm-6\">\n<div class=\"form-control second-textarea\">(Incluye bolsa con bocadillo, una botella de agua y una muestra de Aceite Bar\u00f3n de Maials).<\/div>\n<\/div>\n<\/div>\n<p>El pago se har\u00e1 el mismo d\u00eda de la actividad al lugar de salida.<\/p>\n<p><strong>3,00\u20ac<\/strong> porr persona \u201cDegustaciones\u201c de Vermut y acompa\u00f1amiento. (a parte de la ruta).[\/vc_column_text][vc_empty_space height=\u00bb23px\u00bb][\/vc_column][vc_column width=\u00bb1\/6&#8243;][vc_empty_space height=\u00bb120px\u00bb][vc_column_text]<\/p>\n<h6 style=\"text-align: right;\">AYUNTAMIENTO<\/h6>\n<h6 style=\"text-align: right;\">MAIALS<\/h6>\n<p style=\"text-align: right;\">Plaza de l&#8217;Esgl\u00e9sia, s\/n<\/p>\n<p style=\"text-align: right;\">Maials \u2013 25179<\/p>\n<p style=\"text-align: right;\">Lleida<\/p>\n<p>[\/vc_column_text][vc_empty_space height=\u00bb23px\u00bb]<a  itemprop=\"url\" href=\"https:\/\/www.maials.cat\/\" target=\"_blank\"  class=\"qbutton  right default\" style=\"\">WEB MUNICIPAL<\/a>[vc_empty_space height=\u00bb23px\u00bb][vc_separator type=\u00bbnormal\u00bb color=\u00bb#000000&#8243;][vc_column_text]<\/p>\n<h5 style=\"text-align: right;\">Tel. 973 130 004<\/h5>\n<p>[\/vc_column_text][vc_empty_space height=\u00bb46px\u00bb][\/vc_column][\/vc_row][vc_row css_animation=\u00bb\u00bb row_type=\u00bbrow\u00bb use_row_as_full_screen_section=\u00bbno\u00bb type=\u00bbfull_width\u00bb angled_section=\u00bbno\u00bb text_align=\u00bbcenter\u00bb background_image_as_pattern=\u00bbwithout_pattern\u00bb z_index=\u00bb\u00bb][vc_column width=\u00bb1\/6&#8243;][\/vc_column][vc_column width=\u00bb2\/3&#8243;][vc_separator type=\u00bbnormal\u00bb color=\u00bb#000000&#8243;][vc_empty_space height=\u00bb46px\u00bb][vc_column_text]<\/p>\n<div class=\"traductor-textarea form-group\">\n<div class=\"textarea-desti col-xs-12 col-sm-6\">\n<h3 class=\"form-control second-textarea\" style=\"text-align: center;\">Haz tu reserva antes del viernes 3 de marzo<\/h3>\n<\/div>\n<\/div>\n<p>[\/vc_column_text][vc_empty_space height=\u00bb46px\u00bb]<a  itemprop=\"url\" href=\"https:\/\/lafloracio.cat\/es\/contacta-maials\/\" target=\"_blank\"  class=\"qbutton  center enlarge\" style=\"\">RESERVA POR MAIL<\/a>[vc_empty_space height=\u00bb46px\u00bb][vc_column_text]<\/p>\n<div class=\"traductor-textarea form-group\">\n<div class=\"textarea-desti col-xs-12 col-sm-6\">\n<h3 class=\"form-control second-textarea\" style=\"text-align: center;\">o por tel\u00e9fono en el<\/h3>\n<p>&nbsp;<\/p>\n<h2 style=\"text-align: center;\">973 130 004<\/h2>\n<\/div>\n<\/div>\n<p>[\/vc_column_text][vc_empty_space height=\u00bb46px\u00bb][vc_separator type=\u00bbnormal\u00bb color=\u00bb#000000&#8243;][vc_empty_space height=\u00bb46px\u00bb][vc_column_text]<\/p>\n<h3 class=\"p1\" style=\"text-align: center;\"><span class=\"s1\">Si tienes cualquier consulta contacta con nosotros.<\/span><\/h3>\n<p>[\/vc_column_text][vc_empty_space height=\u00bb46px\u00bb]<a  itemprop=\"url\" href=\"https:\/\/lafloracio.cat\/es\/contacta-maials\/\" target=\"_self\"  class=\"qbutton  center enlarge\" style=\"\">CONTACTA<\/a>[vc_empty_space height=\u00bb46px\u00bb][vc_separator type=\u00bbnormal\u00bb color=\u00bb#000000&#8243;][vc_empty_space height=\u00bb46px\u00bb][vc_gallery type=\u00bbimage_grid\u00bb images=\u00bb1562,1564,1566,1568,1570,1572,1574,1576,1578,1580,1582,1584&#8243; img_size=\u00bb200&#215;200&#8243; css_animation=\u00bbfadeIn\u00bb column_number=\u00bb3&#8243; grayscale=\u00bbno\u00bb images_space=\u00bbgallery_without_space\u00bb][vc_empty_space height=\u00bb60px\u00bb][\/vc_column][vc_column width=\u00bb1\/6&#8243;][\/vc_column][\/vc_row]<\/p>\n<\/section>","protected":false},"excerpt":{"rendered":"<p>[vc_row css_animation=\u00bb\u00bb row_type=\u00bbrow\u00bb use_row_as_full_screen_section=\u00bbno\u00bb type=\u00bbfull_width\u00bb angled_section=\u00bbno\u00bb text_align=\u00bbleft\u00bb background_image_as_pattern=\u00bbwithout_pattern\u00bb][vc_column width=\u00bb1\/6&#8243;][\/vc_column][vc_column width=\u00bb2\/3&#8243;][vc_column_text] Maials Florece. [\/vc_column_text][vc_empty_space height=\u00bb46px\u00bb][vc_column_text]A las 10.00h. de la ma\u00f1ana caminata y bicicletada, con salida desde la Plaza de los \u00c1rboles y la llegada est\u00e1 prevista a las 12.00h. del mediod\u00eda. Durante el circuito se podr\u00e1n&#8230;<\/p>\n","protected":false},"author":3,"featured_media":1506,"parent":0,"menu_order":0,"comment_status":"closed","ping_status":"closed","template":"","meta":{"_monsterinsights_skip_tracking":false,"_monsterinsights_sitenote_active":false,"_monsterinsights_sitenote_note":"","_monsterinsights_sitenote_category":0,"footnotes":""},"class_list":["post-2070","page","type-page","status-publish","has-post-thumbnail","hentry"],"_links":{"self":[{"href":"https:\/\/lafloracio.cat\/es\/wp-json\/wp\/v2\/pages\/2070","targetHints":{"allow":["GET"]}}],"collection":[{"href":"https:\/\/lafloracio.cat\/es\/wp-json\/wp\/v2\/pages"}],"about":[{"href":"https:\/\/lafloracio.cat\/es\/wp-json\/wp\/v2\/types\/page"}],"author":[{"embeddable":true,"href":"https:\/\/lafloracio.cat\/es\/wp-json\/wp\/v2\/users\/3"}],"replies":[{"embeddable":true,"href":"https:\/\/lafloracio.cat\/es\/wp-json\/wp\/v2\/comments?post=2070"}],"version-history":[{"count":2,"href":"https:\/\/lafloracio.cat\/es\/wp-json\/wp\/v2\/pages\/2070\/revisions"}],"predecessor-version":[{"id":2086,"href":"https:\/\/lafloracio.cat\/es\/wp-json\/wp\/v2\/pages\/2070\/revisions\/2086"}],"wp:featuredmedia":[{"embeddable":true,"href":"https:\/\/lafloracio.cat\/es\/wp-json\/wp\/v2\/media\/1506"}],"wp:attachment":[{"href":"https:\/\/lafloracio.cat\/es\/wp-json\/wp\/v2\/media?parent=2070"}],"curies":[{"name":"wp","href":"https:\/\/api.w.org\/{rel}","templated":true}]}}