{"id":1900,"date":"2023-02-24T17:55:20","date_gmt":"2023-02-24T16:55:20","guid":{"rendered":"https:\/\/www.lafloracio.cat\/?page_id=1900"},"modified":"2023-03-02T14:22:19","modified_gmt":"2023-03-02T13:22:19","slug":"puigverd-de-lleida","status":"publish","type":"page","link":"https:\/\/lafloracio.cat\/es\/puigverd-de-lleida\/","title":{"rendered":"Puigverd de Lleida"},"content":{"rendered":"<section class=\"wpb-content-wrapper\"><p>[vc_row css_animation=\u00bb\u00bb row_type=\u00bbrow\u00bb use_row_as_full_screen_section=\u00bbno\u00bb type=\u00bbfull_width\u00bb angled_section=\u00bbno\u00bb text_align=\u00bbleft\u00bb background_image_as_pattern=\u00bbwithout_pattern\u00bb][vc_column width=\u00bb1\/6&#8243;][\/vc_column][vc_column width=\u00bb2\/3&#8243;][vc_column_text]<\/p>\n<h1 style=\"text-align: center;\"><strong>Floraci\u00f3n de nuestra Banqueta.<\/strong><\/h1>\n<p>[\/vc_column_text][vc_empty_space height=\u00bb46px\u00bb][vc_column_text]<strong>1er d\u00eda ma\u00f1ana: <\/strong><\/p>\n<p>Salida de Puigverd de Lleida y recorrido por La Banqueta del Canal de Urgell en direcci\u00f3n a Artesa de Lleida. La visita contempla conocer el territorio y los valores que se relacionan, as\u00ed como difundir la vigilancia y custodia del territorio, la vida de campesino y los elementos hist\u00f3ricos m\u00e1s relevantes. Paradas con gu\u00eda tur\u00edstico y explicaci\u00f3n de los principales elementos patrimoniales de la ruta (puentes de piedra, casillas, historia del Canal de Urgell, saltos de agua y flora y fauna de la zona). Parada para almorzar-punto de avituallamiento con productos locales (a medio circuito). Parada final en un campo florido. Las explicaciones se llevar\u00e1n a cabo a cargo de gu\u00edas locales (Felip Niub\u00f3), regidor de Cultura y miembro de la asociaci\u00f3n l&#8217;Afany, entidad cultural Puigverd de Lleida y un campesino del municipio. Parada final con vermut y cata de canciones, a cargo de Maria Altadill y David Prades.<\/p>\n<p>&nbsp;<\/p>\n<p>&nbsp;<\/p>\n<p>&nbsp;<\/p>\n<p><strong>\u00bfD\u00f3nde estamos?<\/strong><\/p>\n<p><strong>1r d\u00eda<\/strong> (domingo ma\u00f1ana): De Puigverd de Lleida a Artesa de Lleida.<\/p>\n<p>&nbsp;<\/p>\n<p><strong>\u00bfQu\u00e9 veremos?<\/strong><\/p>\n<p><strong>1r d\u00eda ma\u00f1ana:<\/strong> El Canal de Urgell, su Banqueta arbolada y la floraci\u00f3n del municipio.<\/p>\n<p>Ruta en\u00a0BTT\u00a0por la Sierra de Puigverd de Lleida y Artesa de Lleida con vistas panor\u00e1micas.<\/p>\n<p>&nbsp;<\/p>\n<p><strong>\u00bfQu\u00e9 se puede aprender?<\/strong><\/p>\n<ul>\n<li>Cuidado y custodia por el territorio (Recoger basura del trayecto, etc.).<\/li>\n<li>Sensibilizar sobre el cambio clim\u00e1tico y el mundo del campo.<\/li>\n<li>Fomentar el patrimonio cultural y natural.<\/li>\n<li>Potenciar las relaciones intergeneracionales, actividad familiar.<\/li>\n<li>Dinamizar y crear sinergias entre municipios.<\/li>\n<li>Dinamizar y ayudar a los establecimientos y comercio local (promoci\u00f3n econ\u00f3mia y tur\u00edstica).<\/li>\n<li>Fomentar el deporte y h\u00e1bitos saludables.<\/li>\n<\/ul>\n<p>&nbsp;<\/p>\n<p><strong>Elementos singulares de nuestro patrimonio<\/strong><\/p>\n<p><strong>1r d\u00eda ma\u00f1ana: <\/strong><\/p>\n<ul>\n<li>Canal de Urgell y Banqueta.<\/li>\n<li>M\u00f3dulos.<\/li>\n<li>Saltos de agua.<\/li>\n<li>Puentes.<\/li>\n<li>Industria entorno al canal.<\/li>\n<li>Flora y fauna.<\/li>\n<\/ul>\n<p>&nbsp;<\/p>\n<p><strong>Paradas imprescindibles<\/strong><\/p>\n<p><strong>1r d\u00eda ma\u00f1ana: <\/strong><\/p>\n<ul>\n<li>Canal de Urgell y Banqueta.<\/li>\n<li>M\u00f3dulos.<\/li>\n<li>Saltos de agua.<\/li>\n<li>Puentes.<\/li>\n<li>Industria entorno al canal.<\/li>\n<li>Flora y fauna.<\/li>\n<\/ul>\n<p>&nbsp;<\/p>\n<p><strong>Duraci\u00f3n de la ruta:<\/strong> 3h.<\/p>\n<p><strong>Tama\u00f1o del grupo por ruta:<\/strong> 100 personas por ruta.<\/p>\n<p><strong>D\u00edas disponibles: <\/strong>S\u00e1bado 11 de marzo.<\/p>\n<p><strong>Horarios:<\/strong><\/p>\n<p><strong>1r d\u00eda ma\u00f1ana:<\/strong> de 10.00h. a 13.00h.<\/p>\n<p><strong>Precios<\/strong><\/p>\n<p><strong>5\u20ac<\/strong> por persona.<\/p>\n<p>Ni\u00f1os hasta 10 a\u00f1os gratuito.[\/vc_column_text][vc_empty_space height=\u00bb23px\u00bb]<a  itemprop=\"url\" href=\"https:\/\/ca.wikiloc.com\/rutes-senderisme\/ruta-de-la-floracio-diumenge-124028488\" target=\"_blank\"  class=\"qbutton  center enlarge\" style=\"\">RUTA DOMINGO MA\u00d1ANA WIKILOC<\/a>[vc_empty_space height=\u00bb46px\u00bb][vc_separator type=\u00bbnormal\u00bb color=\u00bb#000000&#8243;][\/vc_column][vc_column width=\u00bb1\/6&#8243;][vc_empty_space height=\u00bb120px\u00bb][vc_column_text]<\/p>\n<h6 style=\"text-align: right;\">AYUNTAMIENTO<\/h6>\n<h6 style=\"text-align: right;\">PUIGVERD DE LLEIDA<\/h6>\n<p style=\"text-align: right;\">Plaza Mayor, 7<\/p>\n<p style=\"text-align: right;\">25153 Puigverd de Lleida<\/p>\n<p style=\"text-align: right;\">Lleida<\/p>\n<p>[\/vc_column_text][vc_empty_space height=\u00bb46px\u00bb]<a  itemprop=\"url\" href=\"https:\/\/www.puigverdlleida.cat\/\" target=\"_blank\"  class=\"qbutton  center enlarge\" style=\"\">WEB MUNICIPAL<\/a>[vc_empty_space height=\u00bb46px\u00bb][vc_separator type=\u00bbnormal\u00bb color=\u00bb#000000&#8243;][vc_column_text]<\/p>\n<h5 style=\"text-align: right;\">Tel. 973 167 011<\/h5>\n<p>[\/vc_column_text][vc_empty_space height=\u00bb46px\u00bb][\/vc_column][\/vc_row][vc_row css_animation=\u00bb\u00bb row_type=\u00bbrow\u00bb use_row_as_full_screen_section=\u00bbno\u00bb type=\u00bbfull_width\u00bb angled_section=\u00bbno\u00bb text_align=\u00bbcenter\u00bb background_image_as_pattern=\u00bbwithout_pattern\u00bb z_index=\u00bb\u00bb][vc_column width=\u00bb1\/6&#8243;][\/vc_column][vc_column width=\u00bb2\/3&#8243;][vc_empty_space height=\u00bb46px\u00bb][vc_column_text]<\/p>\n<h3 class=\"p1\" style=\"text-align: center;\"><span class=\"s1\">Haz tu reserva en el tel\u00e9fono<\/span><\/h3>\n<p>&nbsp;<\/p>\n<h2 style=\"text-align: center;\">973 16\u00a0 73 44<\/h2>\n<p>[\/vc_column_text][vc_empty_space height=\u00bb23px\u00bb][vc_column_text]<\/p>\n<h3 class=\"p1\" style=\"text-align: center;\"><span class=\"s1\">Tambi\u00e9n puedes hacer la reserva presencialmente en la<\/span><\/h3>\n<p>&nbsp;<\/p>\n<h2 style=\"text-align: center;\">Biblioteca Renaixen\u00e7a<\/h2>\n<h4 style=\"text-align: center;\">Pla\u00e7a Major, 7<\/h4>\n<h4 style=\"text-align: center;\">25153 Puigverd de Lleida<\/h4>\n<h4 style=\"text-align: center;\">Horario: de lunes a viernes de 16.30h. \u2013 20.00h.<\/h4>\n<p>[\/vc_column_text][vc_empty_space height=\u00bb46px\u00bb][vc_separator type=\u00bbnormal\u00bb color=\u00bb#000000&#8243;][vc_empty_space height=\u00bb46px\u00bb][vc_column_text]<\/p>\n<h3 class=\"p1\" style=\"text-align: center;\"><span class=\"s1\">Si tienes cualquier consulta contacta con nosotros.<\/span><\/h3>\n<p>[\/vc_column_text][vc_empty_space height=\u00bb46px\u00bb]<a  itemprop=\"url\" href=\"https:\/\/lafloracio.cat\/es\/contacta-artesa-de-lleida\/\" target=\"_self\"  class=\"qbutton  center enlarge\" style=\"\">CONTACTA<\/a>[vc_empty_space height=\u00bb46px\u00bb][vc_separator type=\u00bbnormal\u00bb color=\u00bb#000000&#8243;][vc_empty_space height=\u00bb46px\u00bb][vc_gallery type=\u00bbimage_grid\u00bb images=\u00bb1987,1985,1983&#8243; img_size=\u00bb200&#215;200&#8243; css_animation=\u00bbfadeIn\u00bb column_number=\u00bb3&#8243; grayscale=\u00bbno\u00bb images_space=\u00bbgallery_without_space\u00bb][vc_empty_space height=\u00bb60px\u00bb][\/vc_column][vc_column width=\u00bb1\/6&#8243;][\/vc_column][\/vc_row]<\/p>\n<\/section>","protected":false},"excerpt":{"rendered":"<p>[vc_row css_animation=\u00bb\u00bb row_type=\u00bbrow\u00bb use_row_as_full_screen_section=\u00bbno\u00bb type=\u00bbfull_width\u00bb angled_section=\u00bbno\u00bb text_align=\u00bbleft\u00bb background_image_as_pattern=\u00bbwithout_pattern\u00bb][vc_column width=\u00bb1\/6&#8243;][\/vc_column][vc_column width=\u00bb2\/3&#8243;][vc_column_text] Floraci\u00f3n de nuestra Banqueta. [\/vc_column_text][vc_empty_space height=\u00bb46px\u00bb][vc_column_text]1er d\u00eda ma\u00f1ana: Salida de Puigverd de Lleida y recorrido por La Banqueta del Canal de Urgell en direcci\u00f3n a Artesa de Lleida. La visita contempla conocer el territorio y&#8230;<\/p>\n","protected":false},"author":3,"featured_media":0,"parent":0,"menu_order":0,"comment_status":"closed","ping_status":"closed","template":"","meta":{"_monsterinsights_skip_tracking":false,"_monsterinsights_sitenote_active":false,"_monsterinsights_sitenote_note":"","_monsterinsights_sitenote_category":0,"footnotes":""},"class_list":["post-1900","page","type-page","status-publish","hentry"],"_links":{"self":[{"href":"https:\/\/lafloracio.cat\/es\/wp-json\/wp\/v2\/pages\/1900","targetHints":{"allow":["GET"]}}],"collection":[{"href":"https:\/\/lafloracio.cat\/es\/wp-json\/wp\/v2\/pages"}],"about":[{"href":"https:\/\/lafloracio.cat\/es\/wp-json\/wp\/v2\/types\/page"}],"author":[{"embeddable":true,"href":"https:\/\/lafloracio.cat\/es\/wp-json\/wp\/v2\/users\/3"}],"replies":[{"embeddable":true,"href":"https:\/\/lafloracio.cat\/es\/wp-json\/wp\/v2\/comments?post=1900"}],"version-history":[{"count":8,"href":"https:\/\/lafloracio.cat\/es\/wp-json\/wp\/v2\/pages\/1900\/revisions"}],"predecessor-version":[{"id":2135,"href":"https:\/\/lafloracio.cat\/es\/wp-json\/wp\/v2\/pages\/1900\/revisions\/2135"}],"wp:attachment":[{"href":"https:\/\/lafloracio.cat\/es\/wp-json\/wp\/v2\/media?parent=1900"}],"curies":[{"name":"wp","href":"https:\/\/api.w.org\/{rel}","templated":true}]}}