{"id":1881,"date":"2023-02-24T17:13:25","date_gmt":"2023-02-24T16:13:25","guid":{"rendered":"https:\/\/www.lafloracio.cat\/?page_id=1881"},"modified":"2023-03-02T13:34:39","modified_gmt":"2023-03-02T12:34:39","slug":"artesa-de-lleida","status":"publish","type":"page","link":"https:\/\/lafloracio.cat\/es\/artesa-de-lleida\/","title":{"rendered":"Artesa de Lleida"},"content":{"rendered":"<section class=\"wpb-content-wrapper\"><p>[vc_row css_animation=\u00bb\u00bb row_type=\u00bbrow\u00bb use_row_as_full_screen_section=\u00bbno\u00bb type=\u00bbfull_width\u00bb angled_section=\u00bbno\u00bb text_align=\u00bbleft\u00bb background_image_as_pattern=\u00bbwithout_pattern\u00bb][vc_column width=\u00bb1\/6&#8243;][\/vc_column][vc_column width=\u00bb2\/3&#8243;][vc_column_text]<\/p>\n<h1 style=\"text-align: center;\"><strong>Floraci\u00f3n de nuestra Banqueta.<\/strong><\/h1>\n<p>[\/vc_column_text][vc_empty_space height=\u00bb46px\u00bb][vc_column_text]<strong>1er d\u00eda ma\u00f1ana: <\/strong><\/p>\n<p>Salida de Artesa de Lleida y recorrido por la Banqueta del Canal de Urgell en direcci\u00f3n a Puigverd de Lleida. La visita contempla conocer el territorio y los valores que se relacionan, as\u00ed como difundir la vigilancia y custodia del territorio, la vida de campesino y los elementos hist\u00f3ricos m\u00e1s relevantes. Paradas con gu\u00eda tur\u00edstico y explicaci\u00f3n de los principales elementos patrimoniales de la ruta (puentes de piedra, casillas, historia del Canal de Urgell, saltos de agua y flora y fauna de la zona). Parada para almorzar-punto de avituallamiento con productos locales (a medio circuito). Las explicaciones se llevar\u00e1n a cabo a cargo de gu\u00edas locales (Felip Niub\u00f3), regidor de Cultura y miembro de la asociaci\u00f3n l&#8217;Afany, entidad cultural de Puigverd de Lleida y un campesino del municipio. Parada final con vermut y taller de manualidades con flores, a cargo de Lo Artis Tic Group, dirigido a todos los p\u00fablicos.<\/p>\n<p>&nbsp;<\/p>\n<p><strong>1er d\u00eda tarde:<\/strong><\/p>\n<p>Salida desde el Pabell\u00f3n Municipal de Artesa de Lleida en direcci\u00f3n al cerro de la Pena. La visita contempla conocer el territorio y los valores que se relacionan, as\u00ed como difundir la vigilancia y custodia del territorio, la vida de campesino y los elementos hist\u00f3ricos m\u00e1s relevantes. Paradas con gu\u00eda tur\u00edstico y explicaci\u00f3n de los principales elementos patrimoniales de la ruta (historia del ferrocarril y estaci\u00f3n Puigverd-Artesa, visita al dep\u00f3sito de agua de hormig\u00f3n armado y campamento militar de la Pena de Puigverd). Las explicaciones se llevar\u00e1n a cabo a cargo de gu\u00edas locales (Felip Niub\u00f3), regidor de Cultura y miembro de la asociaci\u00f3n l&#8217;Afany, entidad cultural de Puigverd de Lleida.<\/p>\n<p>&nbsp;<\/p>\n<p><strong>\u00bfD\u00f3nde estamos?<\/strong><\/p>\n<p><strong>1r d\u00eda<\/strong> (s\u00e1bado ma\u00f1ana): De Artesa de Lleida a Puigverd de Lleida.<\/p>\n<p>&nbsp;<\/p>\n<p><strong>1r d\u00eda<\/strong> (s\u00e1bado tarde): De Artesa de Lleida a Puigverd de Lleida.<\/p>\n<p>&nbsp;<\/p>\n<p><strong>\u00bfQu\u00e9 veremos?<\/strong><\/p>\n<p><strong>1r d\u00eda ma\u00f1ana:<\/strong> El Canal de Urgell, su Banqueta arbolada y la floraci\u00f3n del municipio.<\/p>\n<p><strong>1r d\u00eda tarde: <\/strong>la v\u00eda del ferrocarril, el cerro de la Pena, dep\u00f3sito hecho por el Presidente de la Generalitat Francesc Maci\u00e0 (considerada la primera obra p\u00fablica de hormig\u00f3n armado de todo el Estado) y la floraci\u00f3n del municipio.<\/p>\n<p>&nbsp;<\/p>\n<p><strong>\u00bfQu\u00e9 se puede aprender?<\/strong><\/p>\n<ul>\n<li>Cuidado y custodia por el territorio (Recoger basura del trayecto, etc.).<\/li>\n<li>Sensibilizar sobre el cambio clim\u00e1tico y el mundo del campo.<\/li>\n<li>Fomentar el patrimonio cultural y natural.<\/li>\n<li>Potenciar las relaciones intergeneracionales, actividad familiar.<\/li>\n<li>Dinamizar y crear sinergias entre municipios.<\/li>\n<li>Dinamizar y ayudar a los establecimientos y comercio local (promoci\u00f3n econ\u00f3mia y tur\u00edstica).<\/li>\n<li>Fomentar el deporte y h\u00e1bitos saludables.<\/li>\n<\/ul>\n<p>&nbsp;<\/p>\n<p><strong>Elementos singulares de nuestro patrimonio<\/strong><\/p>\n<p><strong>1r d\u00eda ma\u00f1ana: <\/strong><\/p>\n<ul>\n<li>Canal de Urgell y Banqueta.<\/li>\n<li>M\u00f3dulos.<\/li>\n<li>Saltos de agua.<\/li>\n<li>Puentes.<\/li>\n<li>Industria entorno al canal.<\/li>\n<li>Flora y fauna.<\/li>\n<\/ul>\n<p><strong>1r d\u00eda tarde:<\/strong><\/p>\n<ul>\n<li>V\u00eda del ferrocarril.<\/li>\n<li>Estaci\u00f3n de trenes Puigverd-Artesa.<\/li>\n<li>Dep\u00f3sito de agua de hormig\u00f3n armado, hecho por Francesc Maci\u00e0 (primera obra de hormig\u00f3n armado de Catalu\u00f1a y del Estado espa\u00f1ol).<\/li>\n<li>Campamento militar de la Pena y nido de ametralladoras.<\/li>\n<\/ul>\n<p>&nbsp;<\/p>\n<p><strong>Paradas imprescindibles<\/strong><\/p>\n<p><strong>1r d\u00eda ma\u00f1ana: <\/strong><\/p>\n<ul>\n<li>Canal de Urgell y Banqueta.<\/li>\n<li>M\u00f3dulos.<\/li>\n<li>Saltos de agua.<\/li>\n<li>Puentes.<\/li>\n<li>Industria entorno al canal.<\/li>\n<li>Flora y fauna.<\/li>\n<\/ul>\n<p><strong>1r d\u00eda tarde:<\/strong><\/p>\n<ul>\n<li>V\u00eda del ferrocarril.<\/li>\n<li>Estaci\u00f3n de trenes Puigverd-Artesa.<\/li>\n<li>Dep\u00f3sito de agua de hormig\u00f3n armado, hecho por Francesc Maci\u00e0 (primera obra de hormig\u00f3n armado de Catalu\u00f1a y del Estado espa\u00f1ol).<\/li>\n<li>Campamento militar de la Pena y nido de ametralladoras.<\/li>\n<\/ul>\n<p>&nbsp;<\/p>\n<p><strong>Duraci\u00f3n de la ruta:<\/strong> 3h.<\/p>\n<p><strong>Tama\u00f1o del grupo por ruta:<\/strong> 100 personas por ruta.<\/p>\n<p><strong>D\u00edas disponibles: <\/strong>S\u00e1bado 11 de marzo.<\/p>\n<p><strong>Horarios:<\/strong><\/p>\n<p><strong>1r d\u00eda ma\u00f1ana:<\/strong> de 10.00h. a 13.00h.<\/p>\n<p><strong>Precios<\/strong><\/p>\n<p><strong>5\u20ac<\/strong> por persona.<\/p>\n<p>Ni\u00f1os hasta 10 a\u00f1os gratuito.[\/vc_column_text][vc_empty_space height=\u00bb23px\u00bb]<a  itemprop=\"url\" href=\"https:\/\/ca.wikiloc.com\/rutes-senderisme\/ruta-de-la-floracio-dissabte-124028372\" target=\"_blank\"  class=\"qbutton  center enlarge\" style=\"\">RUTA S\u00c1BADO MA\u00d1ANA WIKILOC<\/a>[vc_empty_space height=\u00bb15px\u00bb]<a  itemprop=\"url\" href=\"https:\/\/ca.wikiloc.com\/rutes-senderisme\/ruta-de-la-floracio-posta-de-sol-124028519\" target=\"_blank\"  class=\"qbutton  center enlarge\" style=\"\">RUTA S\u00c1BADO TARDE WIKILOC<\/a>[vc_empty_space height=\u00bb46px\u00bb][vc_separator type=\u00bbnormal\u00bb color=\u00bb#000000&#8243;][\/vc_column][vc_column width=\u00bb1\/6&#8243;][vc_empty_space height=\u00bb120px\u00bb][vc_column_text]<\/p>\n<h6 style=\"text-align: right;\">AYUNTAMIENTO<\/h6>\n<h6 style=\"text-align: right;\">ARTESA DE LLEIDA<\/h6>\n<p style=\"text-align: right;\">Calle Castell, 3<\/p>\n<p style=\"text-align: right;\">25150 Artesa de Lleida<\/p>\n<p style=\"text-align: right;\">Lleida<\/p>\n<p>[\/vc_column_text][vc_empty_space height=\u00bb46px\u00bb]<a  itemprop=\"url\" href=\"https:\/\/artesalleida.ddl.net\/\" target=\"_blank\"  class=\"qbutton  center enlarge\" style=\"\">WEB MUNICIPAL<\/a>[vc_empty_space height=\u00bb46px\u00bb][vc_separator type=\u00bbnormal\u00bb color=\u00bb#000000&#8243;][vc_column_text]<\/p>\n<h5 style=\"text-align: right;\">Tel. 973 167 162<\/h5>\n<p>[\/vc_column_text][vc_empty_space height=\u00bb46px\u00bb][\/vc_column][\/vc_row][vc_row css_animation=\u00bb\u00bb row_type=\u00bbrow\u00bb use_row_as_full_screen_section=\u00bbno\u00bb type=\u00bbfull_width\u00bb angled_section=\u00bbno\u00bb text_align=\u00bbcenter\u00bb background_image_as_pattern=\u00bbwithout_pattern\u00bb z_index=\u00bb\u00bb][vc_column width=\u00bb1\/6&#8243;][\/vc_column][vc_column width=\u00bb2\/3&#8243;][vc_empty_space height=\u00bb46px\u00bb][vc_column_text]<\/p>\n<h3 class=\"p1\" style=\"text-align: center;\"><span class=\"s1\">Haz tu reserva<\/span><\/h3>\n<p>[\/vc_column_text][vc_empty_space height=\u00bb46px\u00bb]<a  itemprop=\"url\" href=\"https:\/\/artesalleida.ddl.net\/entrades\/cultura\" target=\"_blank\"  class=\"qbutton  center enlarge\" style=\"\">REVERVA<\/a>[vc_empty_space height=\u00bb46px\u00bb][vc_separator type=\u00bbnormal\u00bb color=\u00bb#000000&#8243;][vc_empty_space height=\u00bb46px\u00bb][vc_column_text]<\/p>\n<h3 class=\"p1\" style=\"text-align: center;\"><span class=\"s1\">Si tienes cualquier consulta contacta con nosotros.<\/span><\/h3>\n<p>[\/vc_column_text][vc_empty_space height=\u00bb46px\u00bb]<a  itemprop=\"url\" href=\"https:\/\/lafloracio.cat\/es\/contacta-artesa-de-lleida\/\" target=\"_self\"  class=\"qbutton  center enlarge\" style=\"\">CONTACTA<\/a>[vc_empty_space height=\u00bb46px\u00bb][vc_separator type=\u00bbnormal\u00bb color=\u00bb#000000&#8243;][vc_empty_space height=\u00bb46px\u00bb][vc_gallery type=\u00bbimage_grid\u00bb images=\u00bb1987,1985,1983&#8243; img_size=\u00bb200&#215;200&#8243; css_animation=\u00bbfadeIn\u00bb column_number=\u00bb3&#8243; grayscale=\u00bbno\u00bb images_space=\u00bbgallery_without_space\u00bb][vc_empty_space height=\u00bb60px\u00bb][\/vc_column][vc_column width=\u00bb1\/6&#8243;][\/vc_column][\/vc_row]<\/p>\n<\/section>","protected":false},"excerpt":{"rendered":"<p>[vc_row css_animation=\u00bb\u00bb row_type=\u00bbrow\u00bb use_row_as_full_screen_section=\u00bbno\u00bb type=\u00bbfull_width\u00bb angled_section=\u00bbno\u00bb text_align=\u00bbleft\u00bb background_image_as_pattern=\u00bbwithout_pattern\u00bb][vc_column width=\u00bb1\/6&#8243;][\/vc_column][vc_column width=\u00bb2\/3&#8243;][vc_column_text] Floraci\u00f3n de nuestra Banqueta. [\/vc_column_text][vc_empty_space height=\u00bb46px\u00bb][vc_column_text]1er d\u00eda ma\u00f1ana: Salida de Artesa de Lleida y recorrido por la Banqueta del Canal de Urgell en direcci\u00f3n a Puigverd de Lleida. La visita contempla conocer el territorio y&#8230;<\/p>\n","protected":false},"author":3,"featured_media":0,"parent":0,"menu_order":0,"comment_status":"closed","ping_status":"closed","template":"","meta":{"_monsterinsights_skip_tracking":false,"_monsterinsights_sitenote_active":false,"_monsterinsights_sitenote_note":"","_monsterinsights_sitenote_category":0,"footnotes":""},"class_list":["post-1881","page","type-page","status-publish","hentry"],"_links":{"self":[{"href":"https:\/\/lafloracio.cat\/es\/wp-json\/wp\/v2\/pages\/1881","targetHints":{"allow":["GET"]}}],"collection":[{"href":"https:\/\/lafloracio.cat\/es\/wp-json\/wp\/v2\/pages"}],"about":[{"href":"https:\/\/lafloracio.cat\/es\/wp-json\/wp\/v2\/types\/page"}],"author":[{"embeddable":true,"href":"https:\/\/lafloracio.cat\/es\/wp-json\/wp\/v2\/users\/3"}],"replies":[{"embeddable":true,"href":"https:\/\/lafloracio.cat\/es\/wp-json\/wp\/v2\/comments?post=1881"}],"version-history":[{"count":11,"href":"https:\/\/lafloracio.cat\/es\/wp-json\/wp\/v2\/pages\/1881\/revisions"}],"predecessor-version":[{"id":2131,"href":"https:\/\/lafloracio.cat\/es\/wp-json\/wp\/v2\/pages\/1881\/revisions\/2131"}],"wp:attachment":[{"href":"https:\/\/lafloracio.cat\/es\/wp-json\/wp\/v2\/media?parent=1881"}],"curies":[{"name":"wp","href":"https:\/\/api.w.org\/{rel}","templated":true}]}}