{"id":1853,"date":"2023-02-24T16:25:10","date_gmt":"2023-02-24T15:25:10","guid":{"rendered":"https:\/\/www.lafloracio.cat\/?page_id=1853"},"modified":"2023-03-16T12:03:37","modified_gmt":"2023-03-16T11:03:37","slug":"almacelles","status":"publish","type":"page","link":"https:\/\/lafloracio.cat\/es\/almacelles\/","title":{"rendered":"Almacelles"},"content":{"rendered":"<section class=\"wpb-content-wrapper\"><p>[vc_row css_animation=\u00bb\u00bb row_type=\u00bbrow\u00bb use_row_as_full_screen_section=\u00bbno\u00bb type=\u00bbfull_width\u00bb angled_section=\u00bbno\u00bb text_align=\u00bbleft\u00bb background_image_as_pattern=\u00bbwithout_pattern\u00bb][vc_column width=\u00bb1\/6&#8243;][\/vc_column][vc_column width=\u00bb2\/3&#8243;][vc_column_text]<\/p>\n<h1 style=\"text-align: center;\"><strong>Prunus \u201cVermuth entre flores\u201d.<\/strong><\/h1>\n<p>[\/vc_column_text][vc_empty_space height=\u00bb46px\u00bb][vc_column_text]En <a href=\"https:\/\/es.prunus.cat\/\">Prunus<\/a>, aparte de producir y comercializar la fruta, queremos tanto nuestra tierra y el precioso mar de flores y fruta que se dibuja seg\u00fan la \u00e9poca, que nos gusta que veng\u00e1is a disfrutar de ellos, organizando diferentes acontecimientos y actividades.<\/p>\n<p>&nbsp;<\/p>\n<p>Este a\u00f1o 2023 en Prunus podr\u00e1s volver a disfrutar del \u201c3.\u00ba Vermut entre flores\u201d disfrutant de la natura y gastronom\u00eda de proximidad entre \u00e1rboles floridos.<\/p>\n<p>&nbsp;<\/p>\n<p><strong>\u00bfD\u00f3ne estamos?<\/strong><\/p>\n<p>Estamos situados en <a href=\"https:\/\/es.prunus.cat\/\"><strong>Prunus<\/strong><\/a> &#8211; Camino de La Saira s\/n, 25100, Alamcelles (Lleida)<\/p>\n<div class=\"page\" title=\"Page 2\">\n<div class=\"section\">\n<div class=\"layoutArea\">\n<div class=\"column\">\n<p>&nbsp;<\/p>\n<\/div>\n<\/div>\n<\/div>\n<\/div>\n<p><strong>\u00bfQu\u00e9 se puede ver?<\/strong><\/p>\n<p>La \u00e9poca de floraci\u00f3n es una de nuestras preferidas, junto con la de la cosecha.<\/p>\n<p>Como somos amantes de la tierra y los productos de proximidad, varios productores de la zona nos reunimos con nuestros productos, y los ofrecemos en forma de cata, poniendo en valor el trabajo que hacemos los productores artesanales de las tierras de Lleida, mientras paseamos entre \u00e1rboles frutales floridos.<\/p>\n<p>&nbsp;<\/p>\n<p><strong>Duraci\u00f3n de la ruta:<\/strong> 2h. 30 minutos.<\/p>\n<p><strong>Tama\u00f1o del grupo por ruta:<\/strong> entre 2 &#8211; 20 personas.<\/p>\n<p><strong>D\u00edas disponibles: <\/strong>1 y 2 de Abril.<\/p>\n<p><strong>Horarios:<\/strong>\u00a0 de 11.00h. a 15.00h.<\/p>\n<p><strong>Precios<\/strong><\/p>\n<p>Entrada gratuita con inscripci\u00f3n pr\u00e9via.[\/vc_column_text][vc_empty_space height=\u00bb46px\u00bb][\/vc_column][vc_column width=\u00bb1\/6&#8243;][vc_empty_space height=\u00bb120px\u00bb][vc_column_text]<\/p>\n<h6 style=\"text-align: right;\">AYUNTAMIENTO<\/h6>\n<h6 style=\"text-align: right;\">ALMACELLES<\/h6>\n<p style=\"text-align: right;\">Pla\u00e7a de la Vila, 1 &#8211; Bajos<\/p>\n<p style=\"text-align: right;\">Almacelles \u2013 25120<\/p>\n<p style=\"text-align: right;\">Lleida<\/p>\n<p>[\/vc_column_text][vc_empty_space height=\u00bb23px\u00bb]<a  itemprop=\"url\" href=\"https:\/\/www.almacelles.cat\/\" target=\"_blank\"  class=\"qbutton  right default\" style=\"\">WEB MUNICIPAL<\/a>[vc_empty_space height=\u00bb15px\u00bb]<a  itemprop=\"url\" href=\"https:\/\/es.prunus.cat\/\" target=\"_blank\"  class=\"qbutton  right default\" style=\"\">WEB PRUNUS<\/a>[vc_empty_space height=\u00bb23px\u00bb][vc_separator type=\u00bbnormal\u00bb color=\u00bb#000000&#8243;][vc_column_text]<\/p>\n<h5 style=\"text-align: right;\">Tel. 973 741 212<\/h5>\n<p>[\/vc_column_text][vc_empty_space height=\u00bb46px\u00bb][\/vc_column][\/vc_row][vc_row css_animation=\u00bb\u00bb row_type=\u00bbrow\u00bb use_row_as_full_screen_section=\u00bbno\u00bb type=\u00bbfull_width\u00bb angled_section=\u00bbno\u00bb text_align=\u00bbcenter\u00bb background_image_as_pattern=\u00bbwithout_pattern\u00bb z_index=\u00bb\u00bb][vc_column width=\u00bb1\/6&#8243;][\/vc_column][vc_column width=\u00bb2\/3&#8243;][vc_separator type=\u00bbnormal\u00bb color=\u00bb#000000&#8243;][vc_empty_space height=\u00bb46px\u00bb][vc_column_text]<\/p>\n<h3 style=\"text-align: center;\">Haz tu reserva<\/h3>\n<p>[\/vc_column_text][vc_empty_space height=\u00bb46px\u00bb]<a  itemprop=\"url\" href=\"https:\/\/forms.gle\/S8TW4kGye2V3XDN67\" target=\"_blank\"  class=\"qbutton  center enlarge\" style=\"\">RESERVA<\/a>[vc_empty_space height=\u00bb46px\u00bb][vc_separator type=\u00bbnormal\u00bb color=\u00bb#000000&#8243;][vc_empty_space height=\u00bb46px\u00bb][vc_column_text]<\/p>\n<h3 class=\"p1\" style=\"text-align: center;\"><span class=\"s1\">Si tienes cualquier consulta contacta con nosotros.<\/span><\/h3>\n<p>[\/vc_column_text][vc_empty_space height=\u00bb46px\u00bb]<a  itemprop=\"url\" href=\"https:\/\/lafloracio.cat\/es\/contacta-almacelles\/\" target=\"_self\"  class=\"qbutton  center enlarge\" style=\"\">CONTACTA<\/a>[vc_empty_space height=\u00bb46px\u00bb][vc_separator type=\u00bbnormal\u00bb color=\u00bb#000000&#8243;][vc_empty_space height=\u00bb46px\u00bb][vc_gallery type=\u00bbimage_grid\u00bb images=\u00bb2012,2010,2014,2008,2006,2004,2002,2000,1998,1994,1992,1990&#8243; img_size=\u00bb200&#215;200&#8243; css_animation=\u00bbfadeIn\u00bb column_number=\u00bb3&#8243; grayscale=\u00bbno\u00bb images_space=\u00bbgallery_without_space\u00bb][vc_empty_space height=\u00bb60px\u00bb][\/vc_column][vc_column width=\u00bb1\/6&#8243;][\/vc_column][\/vc_row]<\/p>\n<\/section>","protected":false},"excerpt":{"rendered":"<p>[vc_row css_animation=\u00bb\u00bb row_type=\u00bbrow\u00bb use_row_as_full_screen_section=\u00bbno\u00bb type=\u00bbfull_width\u00bb angled_section=\u00bbno\u00bb text_align=\u00bbleft\u00bb background_image_as_pattern=\u00bbwithout_pattern\u00bb][vc_column width=\u00bb1\/6&#8243;][\/vc_column][vc_column width=\u00bb2\/3&#8243;][vc_column_text] Prunus \u201cVermuth entre flores\u201d. [\/vc_column_text][vc_empty_space height=\u00bb46px\u00bb][vc_column_text]En Prunus, aparte de producir y comercializar la fruta, queremos tanto nuestra tierra y el precioso mar de flores y fruta que se dibuja seg\u00fan la \u00e9poca, que nos gusta&#8230;<\/p>\n","protected":false},"author":3,"featured_media":0,"parent":0,"menu_order":0,"comment_status":"closed","ping_status":"closed","template":"","meta":{"_monsterinsights_skip_tracking":false,"_monsterinsights_sitenote_active":false,"_monsterinsights_sitenote_note":"","_monsterinsights_sitenote_category":0,"footnotes":""},"class_list":["post-1853","page","type-page","status-publish","hentry"],"_links":{"self":[{"href":"https:\/\/lafloracio.cat\/es\/wp-json\/wp\/v2\/pages\/1853","targetHints":{"allow":["GET"]}}],"collection":[{"href":"https:\/\/lafloracio.cat\/es\/wp-json\/wp\/v2\/pages"}],"about":[{"href":"https:\/\/lafloracio.cat\/es\/wp-json\/wp\/v2\/types\/page"}],"author":[{"embeddable":true,"href":"https:\/\/lafloracio.cat\/es\/wp-json\/wp\/v2\/users\/3"}],"replies":[{"embeddable":true,"href":"https:\/\/lafloracio.cat\/es\/wp-json\/wp\/v2\/comments?post=1853"}],"version-history":[{"count":5,"href":"https:\/\/lafloracio.cat\/es\/wp-json\/wp\/v2\/pages\/1853\/revisions"}],"predecessor-version":[{"id":2176,"href":"https:\/\/lafloracio.cat\/es\/wp-json\/wp\/v2\/pages\/1853\/revisions\/2176"}],"wp:attachment":[{"href":"https:\/\/lafloracio.cat\/es\/wp-json\/wp\/v2\/media?parent=1853"}],"curies":[{"name":"wp","href":"https:\/\/api.w.org\/{rel}","templated":true}]}}