{"id":1508,"date":"2022-02-28T16:55:32","date_gmt":"2022-02-28T15:55:32","guid":{"rendered":"https:\/\/www.lafloracio.cat\/massalcoreig\/"},"modified":"2023-02-23T16:31:13","modified_gmt":"2023-02-23T15:31:13","slug":"massalcoreig","status":"publish","type":"page","link":"https:\/\/lafloracio.cat\/es\/massalcoreig\/","title":{"rendered":"Massalcoreig"},"content":{"rendered":"<section class=\"wpb-content-wrapper\"><p>[vc_row css_animation=\u00bb\u00bb row_type=\u00bbrow\u00bb use_row_as_full_screen_section=\u00bbno\u00bb type=\u00bbfull_width\u00bb angled_section=\u00bbno\u00bb text_align=\u00bbleft\u00bb background_image_as_pattern=\u00bbwithout_pattern\u00bb][vc_column width=\u00bb1\/6&#8243;][\/vc_column][vc_column width=\u00bb2\/3&#8243;][vc_column_text]<\/p>\n<h1 style=\"text-align: center;\"><strong>Massalcoreig en flor<\/strong>.<\/h1>\n<h3 style=\"text-align: center;\">Ruta de la floraci\u00f3n Massalcoreig \u2013 la Granja d\u2019Escarp<\/h3>\n<p>[\/vc_column_text][vc_empty_space height=\u00bb46px\u00bb][vc_column_text]Despu\u00e9s de un buen almuerzo a la brasa saldremos con el bus hacia la zona del r\u00edo y visitaremos la\u00a0Badina\u00a0de Massalcoreig.<\/p>\n<p>Continuaremos por el camino hacia la Granja d&#8217;Escarp donde encontraremos floraci\u00f3n en ambos lados. Haremos una parada para ver los exteriores de la mas\u00eda escenario de la pel\u00edcula Alcarr\u00e0s.<\/p>\n<p>Las explicaciones de la floraci\u00f3n y los cultivos se ir\u00e1n dando durante toda la ruta.<\/p>\n<p>Haremos una parada para conocer el Monasterio de Santa Mar\u00eda d&#8217;Escarp, y siguiendo por el puente viejo, haremos otra parada y con una peque\u00f1a caminata, nos adentraremos en el Aiguabarreig Segre-Cinca en la Granja d&#8217;Escarp.\u00a0 Las visitas y la crom\u00e1tica de la floraci\u00f3n son especialmente bonitas desde la perspectiva del puente viejo de La Granja d&#8217;Escarp.<\/p>\n<p>Volviendo atr\u00e1s por el camino volveremos al punto de inicio y fin de la ruta.<\/p>\n<p>&nbsp;<\/p>\n<p><strong>\u00bfD\u00f3nde estamos?<\/strong><\/p>\n<p>Somos en el Bajo Segre, en Massalcoreig y La Granja d&#8217;Escarp, es decir en el Aiguabarreig de los r\u00edos Segre y Cinca, rodeados de campos frutales y las sierras \u00e1ridas de secano.<\/p>\n<p>&nbsp;<\/p>\n<p><strong>\u00bfQu\u00e9 se puede ver?<\/strong><\/p>\n<p>La floraci\u00f3n de los \u00e1rboles de fruta de hueso y de frutos secos. El patrimonio natural de la ribera y del Secano. Y patrimonio arquitect\u00f3nico e hist\u00f3rico de los pueblos de La Granja d&#8217;Escarp y Massalcoreig.<\/p>\n<p>&nbsp;<\/p>\n<p><strong>\u00bfQu\u00e9 se puede aprender?<\/strong><\/p>\n<p>Descubriremos este rinc\u00f3n del Segri\u00e0. Sabremos qu\u00e9 nos rodea, a qu\u00e9 nos dedicamos y qui\u00e9nes somos.<\/p>\n<ul>\n<li>El ciclo del \u00e1rbol frutal y la producci\u00f3n.<\/li>\n<li>Los sistemas de riego y las t\u00e9cnicas de cultivo.<\/li>\n<\/ul>\n<p>&nbsp;<\/p>\n<p><strong>Elementos singulares de nuestro patrimonio<\/strong><\/p>\n<p>La\u00a0Badina\u00a0de Massalcoreig.<\/p>\n<p>Exteriores de la mas\u00eda de la pel\u00edcula Alcarr\u00e0s.<\/p>\n<p>El Real Monasterio de Santa Mar\u00eda d&#8217;Escarp.<\/p>\n<p>El Puente viejo y el antiguo paso de barca de La Granja d&#8217;Escarp.<\/p>\n<p>El Aiguabarreig de los r\u00edos Segre y Cinca.<\/p>\n<p>&nbsp;<\/p>\n<p>&nbsp;<\/p>\n<p><strong>Paradas imprescindibles<\/strong><\/p>\n<ul>\n<li>Plaza del casal Massalcoreig (Almuerzo a la Brasa).<\/li>\n<li>La Badina y la floraci\u00f3n en Massalcoreig.<\/li>\n<li>Mas de Pantal\u00f3 \u2013 Escenario pel\u00edcula Alcarr\u00e0s.<\/li>\n<li>Almendros en flor.<\/li>\n<li>Real Monasterio de Santa Mar\u00eda d&#8217;Escarp.<\/li>\n<li>Aiguabarreig Segre &#8211; Cinca y vistas desde el Puente viejo a la floraci\u00f3n del meandro de La Granja d&#8217;Escarp.<\/li>\n<\/ul>\n<p>&nbsp;<\/p>\n<p>&nbsp;<\/p>\n<p><strong>Distancia: <\/strong>11 Km.<\/p>\n<p><strong>Duraci\u00f3n de la ruta:<\/strong> 2 &#8211; 3h.<\/p>\n<p><strong>Tama\u00f1o del grupo por ruta:<\/strong> m\u00e1ximo 25 personas.<\/p>\n<p><strong>D\u00edas disponibles: <\/strong>Domingo 5 de marzo.<\/p>\n<p><strong>Horarios:<\/strong> de 10.00h &#8211; 13.00h. aprox.<\/p>\n<p><strong>Precios<\/strong><\/p>\n<p>20,00\u20ac por persona<\/p>\n<p>(Incluye visita guiada, autob\u00fas, almorzar a la brasa y visitas exclusivas).<\/p>\n<p>Posibilidad de comer en un restaurante local (Precio men\u00fa no incluido, consultar).<\/p>\n<p>En Massalcoreig:<\/p>\n<p>&#8211;\u00a0 Bar Montse 650.914.382<\/p>\n<p>&#8211;\u00a0 Bar Esteve 973.79.36.20<\/p>\n<p>En La Granja d\u2019Escarp:<\/p>\n<p>&#8211;\u00a0 Bar restaurante La Terrassa 973.04.93.14[\/vc_column_text][vc_empty_space height=\u00bb23px\u00bb][\/vc_column][vc_column width=\u00bb1\/6&#8243;][vc_empty_space height=\u00bb120px\u00bb][vc_column_text]<\/p>\n<h6 style=\"text-align: right;\">AYUNTAMIENTO<\/h6>\n<h6 style=\"text-align: right;\">MASSALCOREIG<\/h6>\n<p style=\"text-align: right;\">Plaza de l&#8217;Esgl\u00e9sia, 0<\/p>\n<p style=\"text-align: right;\">Massalcoreig \u2013 25184<\/p>\n<p style=\"text-align: right;\">Lleida<\/p>\n<p>[\/vc_column_text][vc_empty_space height=\u00bb23px\u00bb]<a  itemprop=\"url\" href=\"http:\/\/www.massalcoreig.cat\/\" target=\"_blank\"  class=\"qbutton  right default\" style=\"\">WEB MUNICIPAL<\/a>[vc_empty_space height=\u00bb23px\u00bb][vc_separator type=\u00bbnormal\u00bb color=\u00bb#000000&#8243;][vc_column_text]<\/p>\n<h5 style=\"text-align: right;\">Tel. 973 793 601<\/h5>\n<p>[\/vc_column_text][vc_empty_space height=\u00bb46px\u00bb][\/vc_column][\/vc_row][vc_row css_animation=\u00bb\u00bb row_type=\u00bbrow\u00bb use_row_as_full_screen_section=\u00bbno\u00bb type=\u00bbfull_width\u00bb angled_section=\u00bbno\u00bb text_align=\u00bbcenter\u00bb background_image_as_pattern=\u00bbwithout_pattern\u00bb z_index=\u00bb\u00bb][vc_column width=\u00bb1\/6&#8243;][\/vc_column][vc_column width=\u00bb2\/3&#8243;][vc_separator type=\u00bbnormal\u00bb color=\u00bb#000000&#8243;][vc_empty_space height=\u00bb46px\u00bb][vc_column_text]<\/p>\n<h3 class=\"p1\" style=\"text-align: center;\"><span class=\"s1\">Haz tu reserva<\/span><\/h3>\n<p>[\/vc_column_text][vc_empty_space height=\u00bb46px\u00bb]<a  itemprop=\"url\" href=\"https:\/\/inscripcions.cat\/floraciomassalcoreig2023\/?lang=es&amp;\" target=\"_blank\"  class=\"qbutton  center enlarge\" style=\"\">RESERVA<\/a>[vc_empty_space height=\u00bb46px\u00bb][vc_separator type=\u00bbnormal\u00bb color=\u00bb#000000&#8243;][vc_empty_space height=\u00bb46px\u00bb][vc_column_text]<\/p>\n<h3 class=\"p1\" style=\"text-align: center;\"><span class=\"s1\">Si tienes cualquier consulta contacta con nosotros.<\/span><\/h3>\n<p>[\/vc_column_text][vc_empty_space height=\u00bb46px\u00bb]<a  itemprop=\"url\" href=\"https:\/\/lafloracio.cat\/es\/contacta-massalcoreig\" target=\"_self\"  class=\"qbutton  center enlarge\" style=\"\">CONTACTA<\/a>[vc_empty_space height=\u00bb46px\u00bb][vc_separator type=\u00bbnormal\u00bb color=\u00bb#000000&#8243;][vc_empty_space height=\u00bb46px\u00bb][vc_gallery type=\u00bbimage_grid\u00bb images=\u00bb1562,1564,1566,1568,1570,1572,1574,1576,1578,1580,1582,1584&#8243; img_size=\u00bb200&#215;200&#8243; css_animation=\u00bbfadeIn\u00bb column_number=\u00bb3&#8243; grayscale=\u00bbno\u00bb images_space=\u00bbgallery_without_space\u00bb][vc_empty_space height=\u00bb60px\u00bb][\/vc_column][vc_column width=\u00bb1\/6&#8243;][\/vc_column][\/vc_row]<\/p>\n<\/section>","protected":false},"excerpt":{"rendered":"<p>[vc_row css_animation=\u00bb\u00bb row_type=\u00bbrow\u00bb use_row_as_full_screen_section=\u00bbno\u00bb type=\u00bbfull_width\u00bb angled_section=\u00bbno\u00bb text_align=\u00bbleft\u00bb background_image_as_pattern=\u00bbwithout_pattern\u00bb][vc_column width=\u00bb1\/6&#8243;][\/vc_column][vc_column width=\u00bb2\/3&#8243;][vc_column_text] Massalcoreig en flor. Ruta de la floraci\u00f3n Massalcoreig \u2013 la Granja d\u2019Escarp [\/vc_column_text][vc_empty_space height=\u00bb46px\u00bb][vc_column_text]Despu\u00e9s de un buen almuerzo a la brasa saldremos con el bus hacia la zona del r\u00edo y visitaremos la\u00a0Badina\u00a0de Massalcoreig. Continuaremos&#8230;<\/p>\n","protected":false},"author":1,"featured_media":1506,"parent":0,"menu_order":0,"comment_status":"closed","ping_status":"closed","template":"","meta":{"_monsterinsights_skip_tracking":false,"_monsterinsights_sitenote_active":false,"_monsterinsights_sitenote_note":"","_monsterinsights_sitenote_category":0,"footnotes":""},"class_list":["post-1508","page","type-page","status-publish","has-post-thumbnail","hentry"],"_links":{"self":[{"href":"https:\/\/lafloracio.cat\/es\/wp-json\/wp\/v2\/pages\/1508","targetHints":{"allow":["GET"]}}],"collection":[{"href":"https:\/\/lafloracio.cat\/es\/wp-json\/wp\/v2\/pages"}],"about":[{"href":"https:\/\/lafloracio.cat\/es\/wp-json\/wp\/v2\/types\/page"}],"author":[{"embeddable":true,"href":"https:\/\/lafloracio.cat\/es\/wp-json\/wp\/v2\/users\/1"}],"replies":[{"embeddable":true,"href":"https:\/\/lafloracio.cat\/es\/wp-json\/wp\/v2\/comments?post=1508"}],"version-history":[{"count":11,"href":"https:\/\/lafloracio.cat\/es\/wp-json\/wp\/v2\/pages\/1508\/revisions"}],"predecessor-version":[{"id":1748,"href":"https:\/\/lafloracio.cat\/es\/wp-json\/wp\/v2\/pages\/1508\/revisions\/1748"}],"wp:featuredmedia":[{"embeddable":true,"href":"https:\/\/lafloracio.cat\/es\/wp-json\/wp\/v2\/media\/1506"}],"wp:attachment":[{"href":"https:\/\/lafloracio.cat\/es\/wp-json\/wp\/v2\/media?parent=1508"}],"curies":[{"name":"wp","href":"https:\/\/api.w.org\/{rel}","templated":true}]}}