{"id":1369,"date":"2022-02-28T09:48:20","date_gmt":"2022-02-28T08:48:20","guid":{"rendered":"https:\/\/www.lafloracio.cat\/lleida\/"},"modified":"2023-03-01T18:35:02","modified_gmt":"2023-03-01T17:35:02","slug":"lleida","status":"publish","type":"page","link":"https:\/\/lafloracio.cat\/es\/lleida\/","title":{"rendered":"Lleida"},"content":{"rendered":"<section class=\"wpb-content-wrapper\"><p>[vc_row css_animation=\u00bb\u00bb row_type=\u00bbrow\u00bb use_row_as_full_screen_section=\u00bbno\u00bb type=\u00bbfull_width\u00bb angled_section=\u00bbno\u00bb text_align=\u00bbleft\u00bb background_image_as_pattern=\u00bbwithout_pattern\u00bb][vc_column width=\u00bb1\/6&#8243;][\/vc_column][vc_column width=\u00bb2\/3&#8243;][vc_column_text]<\/p>\n<h1 style=\"text-align: center;\">Floraci\u00f3n por la huerta de Lleida.<\/h1>\n<h3 style=\"text-align: center;\"><em>Lleida es floraci\u00f3n, colores, texturas y matices.<\/em><\/h3>\n<p>[\/vc_column_text][vc_empty_space height=\u00bb46px\u00bb][vc_column_text]<strong>\u00bfD\u00f3nde estamos?<\/strong><\/p>\n<p>La ciudad de Lleida, capital del Segri\u00e0, se abre a los visitantes con toda el esplendor de la Huerta de Lleida. Centenares de hect\u00e1reas que rodean la ciudad y que, en tiempo de floraci\u00f3n, acontecen una aut\u00e9ntica experiencia interactiva entre las personas y el entorno, entre las percepciones y los colores, entre el viento de poniente y los aromas. Lleida es el punto de uni\u00f3n y conexi\u00f3n de todos estos elementos que definen la exuberancia de la floraci\u00f3n, ligada a la ciudad m\u00e1s grande de las comarcas de Poniente.<\/p>\n<p>&nbsp;<\/p>\n<p><strong>\u00bfQu\u00e9 podemos ver?<\/strong><\/p>\n<p>Esperar el mes de marzo para descubrir la floraci\u00f3n en Lleida, supone disfrutar del privilegio de un espect\u00e1culo \u00fanico, fugaz e inmersivo que se concreta en generosas rutas de \u00e1rboles frutales que se desplieguen a lo largo de los centenares de hect\u00e1reas de la Huerta de Lleida. Desde los mares de\u00a0 flores rosadas y rojizas de la fruta de hueso hasta las aut\u00e9nticas s\u00e1banas naturales de flor blanca que regalan los manzanos y los perales. Colores y olores que se conjugan con el entorno, que se alternan en el tiempo y que hacen las delicias de quienes lo visitan.<\/p>\n<p>&nbsp;<\/p>\n<p><strong>\u00bfQu\u00e9 podemos aprender?<\/strong><\/p>\n<p>La principal ense\u00f1anza de la floraci\u00f3n en la Huerta de la ciudad de Lleida es la capacidad de generar im\u00e1genes y sensaciones de impacto a partir de un fen\u00f3meno natural colosal. Se trata del resultado de la relaci\u00f3n entre personas y naturaleza que, a su vez, combina a la perfecci\u00f3n con una ciudad marcada por su vasto patrimonio y una marca gastron\u00f3mica sellada desde la calidad del producto aut\u00f3ctono de proximidad. La experiencia de la floraci\u00f3n en la Huerta de Lleida se puede sumar a las rutas tur\u00edsticas por la huella de los siglos en la ciudad y con una parada enogastron\u00f2mica que rubricar\u00e1 la experiencia como un todo.<\/p>\n<p>&nbsp;<\/p>\n<p><strong>Elementos singulares de nuestro patrimonio<\/strong><\/p>\n<ul>\n<li>La Sede Vieja y el Castillo del Rey.<\/li>\n<li>Castillo Templario de Gardeny.<\/li>\n<li>Centro Hist\u00f3rico de la ciudad con edificios emblem\u00e1ticos (Catedral Nueva, Antiguo Hospital de Santa Mar\u00eda, La\u00a0Paer\u00eda, edificios modernistas, Iglesia de Sant Lloren\u00e7, Dep\u00f3sito del agua, Las curtidur\u00edas\u2026).<\/li>\n<li>Museo de Lleida.<\/li>\n<\/ul>\n<p>&nbsp;<\/p>\n<p><strong>Paradas imprescindibles<\/strong><\/p>\n<ul>\n<li>Canalizaci\u00f3n R\u00edo Segre.<\/li>\n<li>Pasarela del\u00a0T\u00f2fol.<\/li>\n<li>Puente del Boc de Biterna.<\/li>\n<li>Castillo de Albat\u00e0rrec.<\/li>\n<li>Marismas de Rufea.<\/li>\n<\/ul>\n<p>&nbsp;<\/p>\n<p><strong>Distancia: <\/strong>16 Km.<\/p>\n<p><strong>Duraci\u00f3n de la ruta:<\/strong> Entre\u00a02h.30 minutos-\u00a03h\u00a0a pie.<\/p>\n<p><strong>D\u00edas disponibles: <\/strong>Ruta libre.<\/p>\n<p><strong>Horarios:<\/strong> Ruta libre.<\/p>\n<p><strong>Precios<\/strong><\/p>\n<p>GRATUITO[\/vc_column_text][vc_empty_space height=\u00bb23px\u00bb][vc_separator type=\u00bbnormal\u00bb color=\u00bb#000000&#8243;][vc_empty_space height=\u00bb23px\u00bb][vc_column_text]<\/p>\n<h1 style=\"text-align: center;\"><strong>Hanami Huerta-La floraci\u00f3n de perales en la Huerta de Lleida<\/strong>.<\/h1>\n<p>[\/vc_column_text][vc_empty_space height=\u00bb23px\u00bb][vc_column_text]Esta iniciativa quiere profundizar en las visitas de la floraci\u00f3n explicando el origen de la fruticultura, visitando un campo de perales floridos y haciendo una degustaci\u00f3n de peras de Lleida de la misma finca visitada, la Torre del Fug\u00f3.<\/p>\n<p>&nbsp;<\/p>\n<p>La actividad empezar\u00e1 a lo agromuseo de Granja Pifarr\u00e9 que ha reservado un espacio especial para detallar los or\u00edgenes de la fruta en la Huerta y Poniente. En este espacio se podr\u00e1n ver enseres antiguos (bancos de madera, medidores de recolecci\u00f3n, antiguos cestos de carrizo para cosechar fruta&#8230;) as\u00ed como una revista antigua del 1955 donde l&#8217;Horta de Lleida es presentada como \u00abLa Meca de la fruta\u00bb. A continuaci\u00f3n se visitar\u00e1 el campo de perales conference de la Torre Fug\u00f3 y se descubrir\u00e1 qu\u00e9 peras forman parte de la <a href=\"https:\/\/peradelleida.es\/\">DO Pera de Lleida<\/a> y otras curiosidades del cultivo, su producci\u00f3n, mantenimiento y recolecci\u00f3n. Para acabar se har\u00e1 una cata degustaci\u00f3n de pera\u00a0conference, una de las variedades de pera m\u00e1s dulces.<\/p>\n<p>&nbsp;<\/p>\n<p><strong>Duraci\u00f3n de la ruta:<\/strong> 1h.30 minutos.<\/p>\n<p><strong>Tama\u00f1o del grupo:<\/strong> 30 personas por d\u00eda.<\/p>\n<p><strong>D\u00edas disponibles: <\/strong>S\u00e1bado 01 abril \u2013 Domingo 02 abril.<\/p>\n<p><strong>Horarios:<\/strong> 11.00h-12.30h.<\/p>\n<p><strong>Precios<\/strong><\/p>\n<p><strong>4\u20ac <\/strong>por persona ( IVA inclu\u00eddo)[\/vc_column_text][vc_empty_space height=\u00bb23px\u00bb]<a  itemprop=\"url\" href=\"https:\/\/www.entrapolis.com\/entradas\/hanami-horta-floracio-de-perers-a-lhorta-de-lleida\" target=\"_blank\"  class=\"qbutton  center enlarge\" style=\"\">RESERVA<\/a>[vc_empty_space height=\u00bb23px\u00bb][vc_separator type=\u00bbnormal\u00bb color=\u00bb#000000&#8243;][vc_empty_space height=\u00bb23px\u00bb][vc_column_text]<\/p>\n<h1 style=\"text-align: center;\"><strong>Raimat Naturaleza<\/strong><\/h1>\n<p>[\/vc_column_text][vc_empty_space height=\u00bb23px\u00bb][vc_column_text]Visita a la finca de <a href=\"https:\/\/raimat.com\/ca\/\">RAIMAT<\/a> donde podremos ver un mar de vi\u00f1as y fauna aut\u00f3ctona de la zona. Adem\u00e1s, aprenderemos las diferentes variedades de uva que trabaja la bodega.<\/p>\n<p>&nbsp;<\/p>\n<p><strong>Duraci\u00f3n de la ruta:<\/strong> 1h.30 minutos.<\/p>\n<p><strong>D\u00edas disponibles: <\/strong>S\u00e1bados\u00a0 y Domingos a partir de abril.<\/p>\n<p><strong>Tama\u00f1o del grupo por ruta: <\/strong>20 personas.<\/p>\n<p><strong>Horarios:<\/strong> 9.00h. &#8211; 16.00h.<\/p>\n<p><strong>Precios<\/strong><\/p>\n<p><strong>18\u20ac<\/strong> por persona (IVA inclu\u00eddo)[\/vc_column_text][vc_empty_space height=\u00bb23px\u00bb]<a  itemprop=\"url\" href=\"https:\/\/ticketsraimat.15bodegas.com\/ca\/649-web-individual\/3945-visita-raimat\" target=\"_blank\"  class=\"qbutton  center enlarge\" style=\"\">RESERVA<\/a>[vc_empty_space height=\u00bb23px\u00bb][vc_separator type=\u00bbnormal\u00bb color=\u00bb#000000&#8243;][vc_empty_space height=\u00bb23px\u00bb][vc_column_text]<\/p>\n<h1 style=\"text-align: center;\"><strong>Cata de vinos en la bodega RAIMAT<\/strong><\/h1>\n<p>[\/vc_column_text][vc_empty_space height=\u00bb23px\u00bb][vc_column_text]Cata de vinos en la bodega <a href=\"https:\/\/raimat.com\/ca\/\">RAIMAT<\/a> donde podremos conocer las diferentes variedades de uva que trabaja la bodega.<\/p>\n<p>&nbsp;<\/p>\n<p><strong>Duraci\u00f3n de la ruta:<\/strong> 1h.30 minutos.<\/p>\n<p><strong>D\u00edas disponibles: <\/strong>S\u00e1bados y Domingos a partir de abril.<\/p>\n<p><strong>Tama\u00f1o del grupo por ruta: <\/strong>20 personas.<\/p>\n<p><strong>Horarios:<\/strong> 11.00h.<\/p>\n<p><strong>Precios<\/strong><\/p>\n<p><strong>22\u20ac<\/strong> por persona (IVA inclu\u00eddo)[\/vc_column_text][vc_empty_space height=\u00bb23px\u00bb]<a  itemprop=\"url\" href=\"https:\/\/ticketsraimat.15bodegas.com\/ca\/649-web-individual\/3945-visita-raimat\" target=\"_blank\"  class=\"qbutton  center enlarge\" style=\"\">RESERVA<\/a>[vc_empty_space height=\u00bb23px\u00bb][vc_separator type=\u00bbnormal\u00bb color=\u00bb#000000&#8243;][vc_empty_space height=\u00bb23px\u00bb][vc_column_text]<\/p>\n<h1 style=\"text-align: center;\"><strong>Bodega de SANUI<\/strong><\/h1>\n<h3 style=\"text-align: center;\"><strong>La Vi\u00f1a en la HUERTA de Lleida<\/strong><\/h3>\n<p>[\/vc_column_text][vc_empty_space height=\u00bb23px\u00bb][vc_column_text]Visita a la Finca e instalaciones de la Bodega de <a href=\"https:\/\/cellerdelleida.com\/\">SANUI<\/a> recorriendo sus vi\u00f1as para conocer las diferentes variedades de cepas que se cultivan, la Bodega y el proceso de producci\u00f3n del vino acabando con una degustaci\u00f3n de sus productos maridados con productos de la Tierra.<\/p>\n<p>&nbsp;<\/p>\n<p>La Bodega de SANUI se la \u00fanica bodega de a Denominaci\u00f3n de Origen Costers del Segre, localizada en el t\u00e9rmino municipal de Lleida.<\/p>\n<p>Situada en un altiplano en el noroeste de la ciudad, dentro de la partida Torres de Sanui en direcci\u00f3n a la Cerdera y a una altitud de 240 m., est\u00e1 delante del cerro de \u201cLas Torres\u201d que se un paraje de gran belleza natural y con una buena riqueza de su ecosistema.<\/p>\n<p>Su geolocalizaci\u00f3n se:41\u00ba 38\u2019 13\u201d N\u00a0 i\u00a0 0\u00ba 31\u2019 50\u201d E<\/p>\n<p>&nbsp;<\/p>\n<p><strong>\u00bfQu\u00e9 veremos?<\/strong><\/p>\n<p>La propiedad, que se de una sola pieza, t\u00e9 una superficie de cerca de 40 Has., donde encontraremos la vi\u00f1a que bordea la Bodega, toda ella cultivada en espaldera y de 8 variedades diferentes de uva blanca y negro y que se el cultivo mas importando de esta explotaci\u00f3n vitivin\u00edcola.<\/p>\n<p>&nbsp;<\/p>\n<p>Tambi\u00e9n podremos ver, adem\u00e1s, olivos, \u00e1rboles frutales y terrenos, ahora bald\u00edos, dedicados a otros cultivos b\u00e1sicos como forrajes y cereales.<\/p>\n<p>&nbsp;<\/p>\n<p><strong>\u00bfQu\u00e9 aprenderemos? <\/strong><\/p>\n<p>Podremos ver el ciclo vegetativo del cepas y, dependiendo de la \u00e9poca del a\u00f1o, llegar a distinguir, por los p\u00e1mpanos de la vi\u00f1a y el color de los sarmientos, las diferentes variedades que cultivamos.<\/p>\n<p>Y en la visita a la Bodega podremos aprender como se hace el vino y como degustarlo, en un mini-cursillo de Cata de Vinos, dirigido por nuestro En\u00f3logo y de este modo conocer un poco mas los vinos de nuestra Bodega, las caracter\u00edsticas que t\u00e9 la Denominaci\u00f3n de Origen\u00a0Costers\u00a0del Segre y todo el que rodea esta nueva cultura de lo\u00a0enogastronomia\u00a0tan de moda hoy en d\u00eda.<\/p>\n<p>&nbsp;<\/p>\n<p><strong>Elementos singulares del patrimonio<\/strong><\/p>\n<p>Desde su ubicaci\u00f3n privilegiada, la Bodega de\u00a0SANUI\u00a0os dar\u00e1 una vista espectacular de l&#8217;Horta de Lleida, con sus diferentes cultivos y colores, una visi\u00f3n de la ciudad de Lleida inmejorable y la observaci\u00f3n de la Sede Vieja desde el mismo nivel en la que se encuentra, puesto que esta, se sit\u00faa en la misma altitud que la Bodega.<\/p>\n<p>&nbsp;<\/p>\n<p><strong>Paradas<\/strong><\/p>\n<ul>\n<li>Recorrido por las vi\u00f1as<\/li>\n<li>Visita a la Bodega<\/li>\n<li>Degustaci\u00f3n de 3 vinos\u00a0maridats\u00a0en productos de la Tierra.<\/li>\n<\/ul>\n<p>&nbsp;<\/p>\n<p><strong>Distancia:<\/strong> 10Km de Lleida ciudad.<\/p>\n<p><strong>Duraci\u00f3n de la ruta:<\/strong> 1h.30 minutos. (aproximadamente)<\/p>\n<p><strong>D\u00edas disponibles: <\/strong>De lunes a domingos por las ma\u00f1anas<\/p>\n<p><strong>Tama\u00f1o del grupo por ruta: <\/strong>20 personas.<\/p>\n<p><strong>Horarios:<\/strong> de 10.00h. a 13.00h.<\/p>\n<p><strong>Precios<\/strong><\/p>\n<p><strong>20\u20ac<\/strong> por persona (IVA inclu\u00eddo)[\/vc_column_text][vc_empty_space height=\u00bb23px\u00bb][vc_column_text]<\/p>\n<h3 class=\"p1\" style=\"text-align: center;\"><span class=\"s1\">Puedes hacer tu reserva en los tel\u00e9fonos<\/span><\/h3>\n<p>&nbsp;<\/p>\n<h2 style=\"text-align: center;\">973 428 163 &#8211; 633 472 875<\/h2>\n<p>[\/vc_column_text][vc_empty_space height=\u00bb46px\u00bb][\/vc_column][vc_column width=\u00bb1\/6&#8243;][vc_empty_space height=\u00bb120px\u00bb][vc_column_text]<\/p>\n<h6 style=\"text-align: right;\">AYUNTAMIENTO<\/h6>\n<h6 style=\"text-align: right;\">DE LLEIDA<\/h6>\n<h6 style=\"text-align: right;\">TURISMO DE LLEIDA<\/h6>\n<p style=\"text-align: right;\">C\/ Major, 31<\/p>\n<p style=\"text-align: right;\">Lleida \u2013 25007<\/p>\n<p style=\"text-align: right;\">Lleida<\/p>\n<p>[\/vc_column_text][vc_empty_space height=\u00bb23px\u00bb]<a  itemprop=\"url\" href=\"https:\/\/www.turismedelleida.cat\/\" target=\"_blank\"  class=\"qbutton  center default\" style=\"\">WEB MUNICIPAL<\/a>[vc_empty_space height=\u00bb23px\u00bb][vc_separator type=\u00bbnormal\u00bb color=\u00bb#000000&#8243;][vc_column_text]<\/p>\n<h5 style=\"text-align: right;\">Tel. 973 700 319<\/h5>\n<p>[\/vc_column_text][vc_empty_space height=\u00bb46px\u00bb][\/vc_column][\/vc_row][vc_row css_animation=\u00bb\u00bb row_type=\u00bbrow\u00bb use_row_as_full_screen_section=\u00bbno\u00bb type=\u00bbfull_width\u00bb angled_section=\u00bbno\u00bb text_align=\u00bbcenter\u00bb background_image_as_pattern=\u00bbwithout_pattern\u00bb z_index=\u00bb\u00bb][vc_column width=\u00bb1\/6&#8243;][\/vc_column][vc_column width=\u00bb2\/3&#8243;][vc_separator type=\u00bbnormal\u00bb color=\u00bb#000000&#8243;][vc_empty_space height=\u00bb46px\u00bb][vc_column_text]<\/p>\n<h3 class=\"p1\" style=\"text-align: center;\"><span class=\"s1\">Si tienes cualquier consulta contacta con nosotros.<\/span><\/h3>\n<p>[\/vc_column_text][vc_empty_space height=\u00bb46px\u00bb]<a  itemprop=\"url\" href=\"https:\/\/lafloracio.cat\/es\/contacta-lleida\/\" target=\"_self\"  class=\"qbutton  center enlarge\" style=\"\">CONTACTA<\/a>[vc_empty_space height=\u00bb46px\u00bb][vc_separator type=\u00bbnormal\u00bb color=\u00bb#000000&#8243;][vc_empty_space height=\u00bb46px\u00bb][vc_gallery type=\u00bbimage_grid\u00bb images=\u00bb1419,1417,1411&#8243; img_size=\u00bb200&#215;200&#8243; css_animation=\u00bbfadeIn\u00bb column_number=\u00bb3&#8243; grayscale=\u00bbno\u00bb images_space=\u00bbgallery_without_space\u00bb][vc_empty_space height=\u00bb60px\u00bb][\/vc_column][vc_column width=\u00bb1\/6&#8243;][\/vc_column][\/vc_row]<\/p>\n<\/section>","protected":false},"excerpt":{"rendered":"<p>[vc_row css_animation=\u00bb\u00bb row_type=\u00bbrow\u00bb use_row_as_full_screen_section=\u00bbno\u00bb type=\u00bbfull_width\u00bb angled_section=\u00bbno\u00bb text_align=\u00bbleft\u00bb background_image_as_pattern=\u00bbwithout_pattern\u00bb][vc_column width=\u00bb1\/6&#8243;][\/vc_column][vc_column width=\u00bb2\/3&#8243;][vc_column_text] Floraci\u00f3n por la huerta de Lleida. Lleida es floraci\u00f3n, colores, texturas y matices. [\/vc_column_text][vc_empty_space height=\u00bb46px\u00bb][vc_column_text]\u00bfD\u00f3nde estamos? La ciudad de Lleida, capital del Segri\u00e0, se abre a los visitantes con toda el esplendor de la Huerta&#8230;<\/p>\n","protected":false},"author":1,"featured_media":1639,"parent":0,"menu_order":0,"comment_status":"closed","ping_status":"closed","template":"","meta":{"_monsterinsights_skip_tracking":false,"_monsterinsights_sitenote_active":false,"_monsterinsights_sitenote_note":"","_monsterinsights_sitenote_category":0,"footnotes":""},"class_list":["post-1369","page","type-page","status-publish","has-post-thumbnail","hentry"],"_links":{"self":[{"href":"https:\/\/lafloracio.cat\/es\/wp-json\/wp\/v2\/pages\/1369","targetHints":{"allow":["GET"]}}],"collection":[{"href":"https:\/\/lafloracio.cat\/es\/wp-json\/wp\/v2\/pages"}],"about":[{"href":"https:\/\/lafloracio.cat\/es\/wp-json\/wp\/v2\/types\/page"}],"author":[{"embeddable":true,"href":"https:\/\/lafloracio.cat\/es\/wp-json\/wp\/v2\/users\/1"}],"replies":[{"embeddable":true,"href":"https:\/\/lafloracio.cat\/es\/wp-json\/wp\/v2\/comments?post=1369"}],"version-history":[{"count":16,"href":"https:\/\/lafloracio.cat\/es\/wp-json\/wp\/v2\/pages\/1369\/revisions"}],"predecessor-version":[{"id":2094,"href":"https:\/\/lafloracio.cat\/es\/wp-json\/wp\/v2\/pages\/1369\/revisions\/2094"}],"wp:featuredmedia":[{"embeddable":true,"href":"https:\/\/lafloracio.cat\/es\/wp-json\/wp\/v2\/media\/1639"}],"wp:attachment":[{"href":"https:\/\/lafloracio.cat\/es\/wp-json\/wp\/v2\/media?parent=1369"}],"curies":[{"name":"wp","href":"https:\/\/api.w.org\/{rel}","templated":true}]}}