{"id":2820,"date":"2022-02-28T09:48:20","date_gmt":"2022-02-28T08:48:20","guid":{"rendered":"https:\/\/lafloracio.cat\/lleida\/"},"modified":"2026-02-17T10:22:25","modified_gmt":"2026-02-17T09:22:25","slug":"lleida","status":"publish","type":"page","link":"https:\/\/lafloracio.cat\/en\/lleida\/","title":{"rendered":"Lleida"},"content":{"rendered":"<section class=\"wpb-content-wrapper\"><p>[vc_row css_animation=&#8221;&#8221; row_type=&#8221;row&#8221; use_row_as_full_screen_section=&#8221;no&#8221; type=&#8221;full_width&#8221; angled_section=&#8221;no&#8221; text_align=&#8221;left&#8221; background_image_as_pattern=&#8221;without_pattern&#8221;][vc_column width=&#8221;1\/6&#8243;][\/vc_column][vc_column width=&#8221;2\/3&#8243;][vc_column_text]<\/p>\n<h1 style=\"text-align: center;\">Floraci\u00f3 per l&#8217;horta de Lleida.<\/h1>\n<h3 style=\"text-align: center;\"><em>Lleida \u00e9s floraci\u00f3, colors, textures i matisos.<\/em><\/h3>\n<p>[\/vc_column_text][vc_empty_space height=&#8221;46px&#8221;][vc_column_text]Lleida \u00e9s floraci\u00f3, colors, textures, matisos&#8230; La ciutat i les centenes d\u2019hect\u00e0rees del seu singular entorn natural esdevenen una descoberta sorprenent, tamb\u00e9 per la seva dimensi\u00f3. L\u2019Horta de Lleida \u00e9s un espai cosit a la mateixa ciutat, que marca la identitat de generacions de lleidatans i lleidatanes forjats a partir dels marges del riu, la multiplicitat d\u2019arbres fruiters, les plantes arom\u00e0tiques i espais naturals agraris. La floraci\u00f3 esdev\u00e9 una eclosi\u00f3 natural que viscuda a peu, amb bicicleta, en solitari, en companyia o en fam\u00edlia, brinda un espectacle irrepetible i ef\u00edmer que roman a la mem\u00f2ria i es multiplica mar\u00e7 rere mar\u00e7.<\/p>\n<p>&nbsp;<\/p>\n<p>La ruta, que inicia el recorregut seguint els marges del riu Segre, proposa punts d\u2019aturada com s\u00f3n la passarel\u00b7la del T\u00f2fol, el pont del Boc, l\u2019antiga s\u00e8quia de Torres, el pas de la palanca de Montoliu o els aiguamolls de Rufea, entre altres.<\/p>\n<p>&nbsp;<\/p>\n<p><strong>On som?<\/strong><\/p>\n<p>La ciutat de Lleida, capital del Segri\u00e0, s\u2019obre als visitants amb tota l\u2019esplendorositat de l\u2019Horta de Lleida. Centenes d\u2019hect\u00e0rees que encerclen la ciutat i que, en temps de floraci\u00f3, esdevenen una aut\u00e8ntica experi\u00e8ncia interactiva entre les persones i l\u2019entorn, entre les percepcions i els colors, entre el vent de ponent i les aromes. Lleida \u00e9s el punt d\u2019uni\u00f3 i connexi\u00f3 de tots aquests elements que defineixen l\u2019exuber\u00e0ncia de la floraci\u00f3 lligada a la ciutat m\u00e9s gran de les comarques de Ponent.<\/p>\n<p>&nbsp;<\/p>\n<p><strong>Qu\u00e8 es pot veure?<\/strong><\/p>\n<p>Esperar el mes de mar\u00e7 per descobrir la floraci\u00f3 a \u00a0Lleida suposa gaudir del privilegi d\u2019un espectacle \u00fanic, fugisser i immersiu que es concreta en generoses rutes d\u2019arbres fruiters que es despleguen al llarg dels centenars d\u2019hect\u00e0rees de l\u2019Horta de Lleida. Des dels mars de\u00a0 flors rosades i vermelloses de la fruita de pinyol fins als aut\u00e8ntics llen\u00e7ols naturals de flor blanca que regalen les pomeres i les pereres. Colors i olors que es conjuguen amb l\u2019entorn, que s\u2019alternen en el temps i que fan les del\u00edcies de qui ho visita.<\/p>\n<p>&nbsp;<\/p>\n<p><strong>Qu\u00e8 es pot aprendre?<\/strong><\/p>\n<p>La principal ensenyan\u00e7a de la floraci\u00f3 a l\u2019Horta de la ciutat de Lleida \u00e9s la capacitat de generar imatges i sensacions d\u2019impacte a partir d\u2019un fenomen natural colossal. Es tracta de la resultant de la relaci\u00f3 entre persones i natura que, al seu torn, combina a la perfecci\u00f3 amb una ciutat marcada pel seu vast patrimoni i una marca gastron\u00f2mica segellada des de la qualitat del producte aut\u00f2cton de proximitat. L\u2019experi\u00e8ncia de la floraci\u00f3 a l\u2019Horta de Lleida es pot sumar a les rutes tur\u00edstiques per la petja dels segles a la ciutat i amb una parada enogastron\u00f2mica que rubricar\u00e0 l\u2019experi\u00e8ncia com un tot.<\/p>\n<p>&nbsp;<\/p>\n<p><strong>Elements singulars del nostre patrimoni<\/strong><\/p>\n<ul>\n<li>La Seu Vella i el Castell del Rei.<\/li>\n<li>Castell Templer de Gardeny.<\/li>\n<li>Centre Hist\u00f2ric de la ciutat amb edificis emblem\u00e0tics (Catedral Nova, Antic Hospital de Santa Maria, La Paeria, edificis modernistes, Esgl\u00e9sia de Sant Lloren\u00e7, Dip\u00f2sit de l\u2019Aigua, Les adoberies&#8230;).<\/li>\n<li>Museu de Lleida.<\/li>\n<\/ul>\n<p>&nbsp;<\/p>\n<p><strong>Parades imprescindibles<\/strong><\/p>\n<ul>\n<li>Canalitzaci\u00f3 Riu Segre.<\/li>\n<li>Passarel\u00b7la del T\u00f2fol.<\/li>\n<li>Pont del Boc de Biterna.<\/li>\n<li>Castell d\u2019Albat\u00e0rrec.<\/li>\n<li>Aiguamolls de Rufea.<\/li>\n<\/ul>\n<p>&nbsp;<\/p>\n<p><strong>Dist\u00e0ncia:\u00a0<\/strong>16 Km.<\/p>\n<p><strong>Durada de la ruta:<\/strong> Entre 2h.30 minuts- 3h a peu.<\/p>\n<p><strong>D\u00edes disponibles: <\/strong>Ruta lliure.<\/p>\n<p><strong>Horaris:<\/strong> Ruta lliure.<\/p>\n<p><strong>Preus<\/strong><\/p>\n<p>GRATU\u00cfT[\/vc_column_text][vc_empty_space height=&#8221;23px&#8221;][vc_separator type=&#8221;normal&#8221; color=&#8221;#000000&#8243;][vc_empty_space height=&#8221;23px&#8221;][vc_column_text]<\/p>\n<h1 style=\"text-align: center;\"><strong>Hanami Horta-La floraci\u00f3 de perers a l&#8217;Horta de Lleida<\/strong>.<\/h1>\n<p>[\/vc_column_text][vc_empty_space height=&#8221;23px&#8221;][vc_column_text]Aquesta iniciativa vol aprofundir en les visites de la floraci\u00f3 explicant l&#8217;origen de la fructicultura, visitant un camp de perers florits i fent una degustaci\u00f3 de peres de Lleida de la mateixa finca visitada, la Torre del Fug\u00f3.<\/p>\n<p>&nbsp;<\/p>\n<p>L&#8217;activitat comen\u00e7ar\u00e0 a l&#8217; agromuseu de Granja Pifarr\u00e9 que ha reservat un espai especial per detallar els or\u00edgens de la fruita a l&#8217;Horta i Ponent. En aquest espai es podran veure estris antics (bancs de fusta, medidors de recol\u00b7lecci\u00f3, antics cistells de cany\u00eds per collir fruita&#8230;) aix\u00ed com una revista antiga del 1955 on l&#8217;Horta de Lleida \u00e9s presentada com &#8220;La Meca de la fruita&#8221;. Tot seguit es visitar\u00e0 el camp de perers conference de la Torre Fug\u00f3 i es descobrir\u00e0 quines peres formen part de la\u00a0<a href=\"https:\/\/peradelleida.es\/\">DO Pera de Lleida<\/a>\u00a0i altres curiositats del cultiu, la seva producci\u00f3, manteniment i recol\u00b7lecci\u00f3. Per acabar es far\u00e0 un tast degustaci\u00f3 de pera conference, una de les varietats de pera m\u00e9s dolces.<\/p>\n<p>&nbsp;<\/p>\n<p><strong>Durada de la ruta:<\/strong> 1h.30 minuts.<\/p>\n<p><strong>Tamany del grup:<\/strong> 30 persones per dia.<\/p>\n<p><strong>D\u00edes disponibles:<\/strong>Dissabte 01 abril \u2013 Diumenge 02 abril.<\/p>\n<p><strong>Horaris:<\/strong> 11.00h-12.30h.<\/p>\n<p><strong>Preus<\/strong><\/p>\n<p><strong>4\u20ac <\/strong>( IVA incl\u00f2s)[\/vc_column_text][vc_empty_space height=&#8221;23px&#8221;]<a  itemprop=\"url\" href=\"https:\/\/www.entrapolis.com\/entradas\/hanami-horta-floracio-de-perers-a-lhorta-de-lleida\" target=\"_blank\"  class=\"qbutton  center enlarge\" style=\"\">RESERVA<\/a>[vc_empty_space height=&#8221;23px&#8221;][vc_separator type=&#8221;normal&#8221; color=&#8221;#000000&#8243;][vc_empty_space height=&#8221;23px&#8221;][vc_column_text]<\/p>\n<h1 style=\"text-align: center;\">Raimat Natura<\/h1>\n<p>[\/vc_column_text][vc_empty_space height=&#8221;23px&#8221;][vc_column_text]Visita a la finca de <a href=\"https:\/\/raimat.com\/ca\/\">RAIMAT<\/a> on podrem veure un mar de vinyes i fauna aut\u00f2ctona de la zona. A m\u00e9s a m\u00e9s, aprendrem les diferents varietats de ra\u00efm que treballa la bodega.<\/p>\n<p>&nbsp;<\/p>\n<p><strong>Durada de la ruta:<\/strong> 1h.30 minuts.<\/p>\n<p><strong>D\u00edes disponibles: <\/strong>Dissabtes\u00a0 i Diumenges a partir d&#8217;abril.<\/p>\n<p><strong>Tamany del grup per ruta: <\/strong>20 persones.<\/p>\n<p><strong>Horaris:<\/strong> 9.00h. &#8211; 16.00h.<\/p>\n<p><strong>Preus<\/strong><\/p>\n<p><strong>18\u20ac<\/strong> per persona (IVA incl\u00f2s)[\/vc_column_text][vc_empty_space height=&#8221;23px&#8221;]<a  itemprop=\"url\" href=\"https:\/\/ticketsraimat.15bodegas.com\/ca\/699-raimat-natura\/5163-visita-guiada-per-la-vinya\" target=\"_blank\"  class=\"qbutton  center enlarge\" style=\"\">RESERVA<\/a>[vc_empty_space height=&#8221;23px&#8221;][vc_separator type=&#8221;normal&#8221; color=&#8221;#000000&#8243;][vc_empty_space height=&#8221;23px&#8221;][vc_column_text]<\/p>\n<h1 style=\"text-align: center;\"><strong>Tast de vins al celler RAIMAT<\/strong><\/h1>\n<p>[\/vc_column_text][vc_empty_space height=&#8221;23px&#8221;][vc_column_text]Tast de vins al celler <a href=\"https:\/\/raimat.com\/ca\/\">RAIMAT<\/a> on podrem con\u00e8ixer les diferents varietats de ra\u00efm que treballa la bodega.<\/p>\n<p>&nbsp;<\/p>\n<p><strong>Durada de la ruta:<\/strong> 1h.30 minuts.<\/p>\n<p><strong>D\u00edes disponibles: <\/strong>Dissabtes\u00a0 i Diumenges a partir d&#8217;abril.<\/p>\n<p><strong>Tamany del grup per ruta: <\/strong>20 persones.<\/p>\n<p><strong>Horaris:<\/strong> 11.00h.<\/p>\n<p><strong>Preus<\/strong><\/p>\n<p><strong>22\u20ac<\/strong> per persona (IVA incl\u00f2s)[\/vc_column_text][vc_empty_space height=&#8221;23px&#8221;]<a  itemprop=\"url\" href=\"https:\/\/ticketsraimat.15bodegas.com\/ca\/699-raimat-natura\/5163-visita-guiada-per-la-vinya\" target=\"_blank\"  class=\"qbutton  center enlarge\" style=\"\">RESERVA<\/a>[vc_empty_space height=&#8221;23px&#8221;][vc_separator type=&#8221;normal&#8221; color=&#8221;#000000&#8243;][vc_empty_space height=&#8221;23px&#8221;][vc_column_text]<\/p>\n<h1 style=\"text-align: center;\"><strong>Celler de SANUI<\/strong><\/h1>\n<h3 style=\"text-align: center;\"><strong>La Vinya a l\u2019HORTA de Lleida <\/strong><\/h3>\n<p>[\/vc_column_text][vc_empty_space height=&#8221;23px&#8221;][vc_column_text]Visita a la Finca i instal\u00b7lacions del Celler de <a href=\"https:\/\/cellerdelleida.com\/\">SANUI<\/a> recorrent les seves vinyes per con\u00e8ixer les diferents varietats de ceps que s\u2019hi conreen, la Bodega i el proc\u00e9s de producci\u00f3 del vi acabant amb una degustaci\u00f3 dels seus productes maridats amb productes de la Terra.<\/p>\n<p>&nbsp;<\/p>\n<p>El Celler de SANUI es la \u00fanica bodega de a Denominaci\u00f3 d\u2019Origen Costers del Segre, localitzada al terme municipal de Lleida.<\/p>\n<p>Situada en un alt i pla al nord-oest de la ciutat, dins de la partida Torres de Sanui en direcci\u00f3 a la Cerdera i a una altitud de 240 m., est\u00e0 al davant del tur\u00f3 de \u201cLes Torres\u201d que es un paratge de gran bellesa natural i amb una bona riquesa del seu ecosistema.<\/p>\n<p>La seva geolocalitzaci\u00f3 es:\u00a0 41\u00ba 38\u2019 13\u201d N\u00a0 i\u00a0 0\u00ba 31\u2019 50\u201d E<\/p>\n<p>&nbsp;<\/p>\n<p><strong>Qu\u00e8 hi veurem?<\/strong><\/p>\n<p>La propietat, que es de una sola pe\u00e7a, te una superf\u00edcie de prop de 40 Has., on hi trobarem la vinya que voreja la Bodega, tota ella cultivada en espatllera i de 8 varietats diferents de ra\u00efm blanc i negre i que es el conreu mes important d\u2019aquesta explotaci\u00f3 vitivin\u00edcola.<\/p>\n<p>&nbsp;<\/p>\n<p>Tamb\u00e9 hi podrem veure, a m\u00e9s a m\u00e9s, oliveres, arbres fruiters i terrenys, ara erms, dedicats a altres cultius b\u00e0sics com farratges i cereals.<\/p>\n<p>&nbsp;<\/p>\n<p><strong>Qu\u00e8 hi aprendrem? <\/strong><\/p>\n<p>Hi podrem veure el cicle vegetatiu del ceps i, depenent de l\u2019\u00e8poca de l\u2019any, arribar a distingir, per els p\u00e0mpols de la vinya i el color dels sarments, les diferents varietats que hi cultivem.<\/p>\n<p>I en la visita a la Bodega podrem aprendre com es fa el vi i com degustar-lo, en un mini-curset de Tast de Vins, dirigit per el nostre En\u00f2leg i d\u2019aquesta manera con\u00e8ixer una mica mes els vins del nostre Celler, les caracter\u00edstiques que te la Denominaci\u00f3 d\u2019Origen Costers del Segre i tot el que envolta aquesta nova cultura de l\u2019enogastronomia tan de moda avui en dia.<\/p>\n<p>&nbsp;<\/p>\n<p><strong>Elements singulars del patrimoni<\/strong><\/p>\n<p>Des de la seva ubicaci\u00f3 privilegiada, el Celler de SANUI us donar\u00e0 una vista espectacular de l\u2019Horta de Lleida, amb els seus diferents cultius i colors, una visi\u00f3 de la ciutat de Lleida immillorable i l\u2019observaci\u00f3 de la Seu Vella des de el mateix nivell en la que es troba, ja que aquesta, se situa a la mateixa altitud que la Bodega.<\/p>\n<p>&nbsp;<\/p>\n<p><strong>Parades<\/strong><\/p>\n<ul>\n<li>Recorregut per les vinyes<\/li>\n<li>Visita al Celler<\/li>\n<li>Degustaci\u00f3 de 3 vins maridats en productes de la Terra.<\/li>\n<\/ul>\n<p>&nbsp;<\/p>\n<p><strong>Dist\u00e0ncia:<\/strong> 10Km de Lleida ciutat.<\/p>\n<p><strong>Durada de la ruta:<\/strong> 1h.30 minuts. (aproximadament)<\/p>\n<p><strong>D\u00edes disponibles: <\/strong>De dilluns a diumenges pels matins<\/p>\n<p><strong>Tamany del grup per ruta: <\/strong>20 persones.<\/p>\n<p><strong>Horaris:<\/strong> de 10.00h. a 13.00h.<\/p>\n<p><strong>Preus<\/strong><\/p>\n<p><strong>20\u20ac<\/strong> per persona (IVA incl\u00f2s)[\/vc_column_text][vc_empty_space height=&#8221;23px&#8221;][vc_column_text]<\/p>\n<h3 style=\"text-align: center;\">Pots fer la teva reserva als tel\u00e8fons<\/h3>\n<p>&nbsp;<\/p>\n<h2 style=\"text-align: center;\">973 428 163 &#8211; 633 472 875<\/h2>\n<p>[\/vc_column_text][vc_empty_space height=&#8221;46px&#8221;][\/vc_column][vc_column width=&#8221;1\/6&#8243;][vc_empty_space height=&#8221;120px&#8221;][vc_column_text]<\/p>\n<h6 style=\"text-align: right;\">AJUNTAMENT<\/h6>\n<h6 style=\"text-align: right;\">DE LLEIDA<\/h6>\n<h6 style=\"text-align: right;\">TURISME DE LLEIDA<\/h6>\n<p style=\"text-align: right;\">C\/ Major, 31<\/p>\n<p style=\"text-align: right;\">Lleida \u2013 25007<\/p>\n<p style=\"text-align: right;\">Lleida<\/p>\n<p>[\/vc_column_text][vc_empty_space height=&#8221;23px&#8221;]<a  itemprop=\"url\" href=\"https:\/\/www.turismedelleida.cat\/\" target=\"_blank\"  class=\"qbutton  center default\" style=\"\">WEB MUNICIPAL<\/a>[vc_empty_space height=&#8221;23px&#8221;][vc_separator type=&#8221;normal&#8221; color=&#8221;#000000&#8243;][vc_column_text]<\/p>\n<h5 style=\"text-align: right;\">Tel. 973 700 319<\/h5>\n<p>[\/vc_column_text][vc_empty_space height=&#8221;46px&#8221;][\/vc_column][\/vc_row][vc_row css_animation=&#8221;&#8221; row_type=&#8221;row&#8221; use_row_as_full_screen_section=&#8221;no&#8221; type=&#8221;full_width&#8221; angled_section=&#8221;no&#8221; text_align=&#8221;center&#8221; background_image_as_pattern=&#8221;without_pattern&#8221; z_index=&#8221;&#8221;][vc_column width=&#8221;1\/6&#8243;][\/vc_column][vc_column width=&#8221;2\/3&#8243;][vc_separator type=&#8221;normal&#8221; color=&#8221;#000000&#8243;][vc_empty_space height=&#8221;46px&#8221;][vc_column_text]<\/p>\n<h3 style=\"text-align: center;\">Si tens qualsevol consulta contacta amb nosaltres.<\/h3>\n<p>[\/vc_column_text][vc_empty_space height=&#8221;46px&#8221;]<a  itemprop=\"url\" href=\"https:\/\/lafloracio.cat\/contacta-lleida\/\" target=\"_self\"  class=\"qbutton  center enlarge\" style=\"\">CONTACTA<\/a>[vc_empty_space height=&#8221;46px&#8221;][vc_separator type=&#8221;normal&#8221; color=&#8221;#000000&#8243;][vc_empty_space height=&#8221;46px&#8221;][vc_gallery type=&#8221;image_grid&#8221; images=&#8221;1420,1418,1412&#8243; img_size=&#8221;200&#215;200&#8243; css_animation=&#8221;fadeIn&#8221; column_number=&#8221;3&#8243; grayscale=&#8221;no&#8221; images_space=&#8221;gallery_without_space&#8221;][vc_empty_space height=&#8221;60px&#8221;][\/vc_column][vc_column width=&#8221;1\/6&#8243;][\/vc_column][\/vc_row]<\/p>\n<\/section>","protected":false},"excerpt":{"rendered":"<p>[vc_row css_animation=&#8221;&#8221; row_type=&#8221;row&#8221; use_row_as_full_screen_section=&#8221;no&#8221; type=&#8221;full_width&#8221; angled_section=&#8221;no&#8221; text_align=&#8221;left&#8221; background_image_as_pattern=&#8221;without_pattern&#8221;][vc_column width=&#8221;1\/6&#8243;][\/vc_column][vc_column width=&#8221;2\/3&#8243;][vc_column_text] Floraci\u00f3 per l&#8217;horta de Lleida. Lleida \u00e9s floraci\u00f3, colors, textures i matisos. [\/vc_column_text][vc_empty_space height=&#8221;46px&#8221;][vc_column_text]Lleida \u00e9s floraci\u00f3, colors, textures, matisos&#8230; La ciutat i les centenes d\u2019hect\u00e0rees del seu singular entorn natural esdevenen una descoberta sorprenent, tamb\u00e9&#8230;<\/p>\n","protected":false},"author":1,"featured_media":2822,"parent":0,"menu_order":0,"comment_status":"closed","ping_status":"closed","template":"","meta":{"_monsterinsights_skip_tracking":false,"_monsterinsights_sitenote_active":false,"_monsterinsights_sitenote_note":"","_monsterinsights_sitenote_category":0,"footnotes":""},"class_list":["post-2820","page","type-page","status-publish","has-post-thumbnail","hentry"],"_links":{"self":[{"href":"https:\/\/lafloracio.cat\/en\/wp-json\/wp\/v2\/pages\/2820","targetHints":{"allow":["GET"]}}],"collection":[{"href":"https:\/\/lafloracio.cat\/en\/wp-json\/wp\/v2\/pages"}],"about":[{"href":"https:\/\/lafloracio.cat\/en\/wp-json\/wp\/v2\/types\/page"}],"author":[{"embeddable":true,"href":"https:\/\/lafloracio.cat\/en\/wp-json\/wp\/v2\/users\/1"}],"replies":[{"embeddable":true,"href":"https:\/\/lafloracio.cat\/en\/wp-json\/wp\/v2\/comments?post=2820"}],"version-history":[{"count":1,"href":"https:\/\/lafloracio.cat\/en\/wp-json\/wp\/v2\/pages\/2820\/revisions"}],"predecessor-version":[{"id":2838,"href":"https:\/\/lafloracio.cat\/en\/wp-json\/wp\/v2\/pages\/2820\/revisions\/2838"}],"wp:featuredmedia":[{"embeddable":true,"href":"https:\/\/lafloracio.cat\/en\/wp-json\/wp\/v2\/media\/2822"}],"wp:attachment":[{"href":"https:\/\/lafloracio.cat\/en\/wp-json\/wp\/v2\/media?parent=2820"}],"curies":[{"name":"wp","href":"https:\/\/api.w.org\/{rel}","templated":true}]}}